{"id":4025,"date":"2020-09-27T17:25:44","date_gmt":"2020-09-27T15:25:44","guid":{"rendered":"https:\/\/www.ocf.fr\/realisation\/celine-atelier-gourmand-boulogne-billancourt-92\/"},"modified":"2020-10-05T17:28:12","modified_gmt":"2020-10-05T15:28:12","slug":"celine-atelier-gourmand-boulogne-billancourt-92","status":"publish","type":"dt_portfolio","link":"https:\/\/www.ocf.fr\/en\/realisation\/celine-atelier-gourmand-boulogne-billancourt-92\/","title":{"rendered":"C\u00c9LINE ATELIER GOURMAND &#8211; BOULOGNE BILLANCOURT (92)"},"content":{"rendered":"\t\t<div data-elementor-type=\"wp-post\" data-elementor-id=\"4025\" class=\"elementor elementor-4025 elementor-2835\" data-elementor-post-type=\"dt_portfolio\">\n\t\t\t\t\t\t<section class=\"elementor-section elementor-top-section elementor-element elementor-element-5b22894c elementor-section-boxed elementor-section-height-default elementor-section-height-default\" data-id=\"5b22894c\" data-element_type=\"section\" data-e-type=\"section\">\n\t\t\t\t\t\t<div class=\"elementor-container elementor-column-gap-default\">\n\t\t\t\t\t<div class=\"elementor-column elementor-col-100 elementor-top-column elementor-element elementor-element-4b7def36\" data-id=\"4b7def36\" data-element_type=\"column\" data-e-type=\"column\">\n\t\t\t<div class=\"elementor-widget-wrap elementor-element-populated\">\n\t\t\t\t\t\t<div class=\"elementor-element elementor-element-570310c9 elementor-widget elementor-widget-spacer\" data-id=\"570310c9\" data-element_type=\"widget\" data-e-type=\"widget\" data-widget_type=\"spacer.default\">\n\t\t\t\t<div class=\"elementor-widget-container\">\n\t\t\t\t\t\t\t<div class=\"elementor-spacer\">\n\t\t\t<div class=\"elementor-spacer-inner\"><\/div>\n\t\t<\/div>\n\t\t\t\t\t\t<\/div>\n\t\t\t\t<\/div>\n\t\t\t\t\t<\/div>\n\t\t<\/div>\n\t\t\t\t\t<\/div>\n\t\t<\/section>\n\t\t\t\t<section class=\"elementor-section elementor-top-section elementor-element elementor-element-25d774cf elementor-section-boxed elementor-section-height-default elementor-section-height-default\" data-id=\"25d774cf\" data-element_type=\"section\" data-e-type=\"section\">\n\t\t\t\t\t\t<div class=\"elementor-container elementor-column-gap-default\">\n\t\t\t\t\t<div class=\"elementor-column elementor-col-50 elementor-top-column elementor-element elementor-element-4fd990a1\" data-id=\"4fd990a1\" data-element_type=\"column\" data-e-type=\"column\">\n\t\t\t<div class=\"elementor-widget-wrap elementor-element-populated\">\n\t\t\t\t\t\t<div class=\"elementor-element elementor-element-46a556e0 elementor-widget elementor-widget-image\" data-id=\"46a556e0\" data-element_type=\"widget\" data-e-type=\"widget\" data-widget_type=\"image.default\">\n\t\t\t\t<div class=\"elementor-widget-container\">\n\t\t\t\t\t\t\t\t\t\t\t\t\t\t\t<img fetchpriority=\"high\" decoding=\"async\" width=\"1512\" height=\"1216\" src=\"https:\/\/www.ocf.fr\/wp-content\/uploads\/2020\/06\/celine-atelier-gourmand-92100-boulogne-billancourt-vitrine-refrigeree-ocf-1-1.jpg\" class=\"attachment-full size-full wp-image-2838\" alt=\"C\u00e9line Atelier Gourmand - Boulogne Billancourt (92) - Vitrine r\u00e9frig\u00e9r\u00e9e OCF\" srcset=\"https:\/\/www.ocf.fr\/wp-content\/uploads\/2020\/06\/celine-atelier-gourmand-92100-boulogne-billancourt-vitrine-refrigeree-ocf-1-1.jpg 1512w, https:\/\/www.ocf.fr\/wp-content\/uploads\/2020\/06\/celine-atelier-gourmand-92100-boulogne-billancourt-vitrine-refrigeree-ocf-1-1-600x483.jpg 600w, https:\/\/www.ocf.fr\/wp-content\/uploads\/2020\/06\/celine-atelier-gourmand-92100-boulogne-billancourt-vitrine-refrigeree-ocf-1-1-1200x965.jpg 1200w, https:\/\/www.ocf.fr\/wp-content\/uploads\/2020\/06\/celine-atelier-gourmand-92100-boulogne-billancourt-vitrine-refrigeree-ocf-1-1-768x618.jpg 768w\" sizes=\"(max-width: 1512px) 100vw, 1512px\" \/>\t\t\t\t\t\t\t\t\t\t\t\t\t\t\t<\/div>\n\t\t\t\t<\/div>\n\t\t\t\t\t<\/div>\n\t\t<\/div>\n\t\t\t\t<div class=\"elementor-column elementor-col-50 elementor-top-column elementor-element elementor-element-48bcf95\" data-id=\"48bcf95\" data-element_type=\"column\" data-e-type=\"column\">\n\t\t\t<div class=\"elementor-widget-wrap elementor-element-populated\">\n\t\t\t\t\t\t<div class=\"elementor-element elementor-element-159bd862 elementor-widget elementor-widget-heading\" data-id=\"159bd862\" data-element_type=\"widget\" data-e-type=\"widget\" data-widget_type=\"heading.default\">\n\t\t\t\t<div class=\"elementor-widget-container\">\n\t\t\t\t\t<h2 class=\"elementor-heading-title elementor-size-default\">Chez C\u00e9line: pastry-making as a family history<\/h2>\t\t\t\t<\/div>\n\t\t\t\t<\/div>\n\t\t\t\t<div class=\"elementor-element elementor-element-3d810123 elementor-widget elementor-widget-text-editor\" data-id=\"3d810123\" data-element_type=\"widget\" data-e-type=\"widget\" data-widget_type=\"text-editor.default\">\n\t\t\t\t<div class=\"elementor-widget-container\">\n\t\t\t\t\t\t\t\t\t<p>A selection of both regular pastries and ephemeral ones made from seasonal products by Maxence Coupel, as impassioned by his work as the four previous generations in his family.<\/p>\t\t\t\t\t\t\t\t<\/div>\n\t\t\t\t<\/div>\n\t\t\t\t<div class=\"elementor-element elementor-element-66a2548e elementor-widget elementor-widget-text-editor\" data-id=\"66a2548e\" data-element_type=\"widget\" data-e-type=\"widget\" data-widget_type=\"text-editor.default\">\n\t\t\t\t<div class=\"elementor-widget-container\">\n\t\t\t\t\t\t\t\t\t<h6><strong>More info<\/strong>\u00a0<\/h6>\t\t\t\t\t\t\t\t<\/div>\n\t\t\t\t<\/div>\n\t\t\t\t<div class=\"elementor-element elementor-element-766c7876 elementor-widget-divider--view-line elementor-widget elementor-widget-divider\" data-id=\"766c7876\" data-element_type=\"widget\" data-e-type=\"widget\" data-widget_type=\"divider.default\">\n\t\t\t\t<div class=\"elementor-widget-container\">\n\t\t\t\t\t\t\t<div class=\"elementor-divider\">\n\t\t\t<span class=\"elementor-divider-separator\">\n\t\t\t\t\t\t<\/span>\n\t\t<\/div>\n\t\t\t\t\t\t<\/div>\n\t\t\t\t<\/div>\n\t\t\t\t<div class=\"elementor-element elementor-element-16bb049c e-grid-align-left elementor-shape-rounded elementor-grid-0 elementor-widget elementor-widget-social-icons\" data-id=\"16bb049c\" data-element_type=\"widget\" data-e-type=\"widget\" data-widget_type=\"social-icons.default\">\n\t\t\t\t<div class=\"elementor-widget-container\">\n\t\t\t\t\t\t\t<div class=\"elementor-social-icons-wrapper elementor-grid\" role=\"list\">\n\t\t\t\t\t\t\t<span class=\"elementor-grid-item\" role=\"listitem\">\n\t\t\t\t\t<a class=\"elementor-icon elementor-social-icon elementor-social-icon-icomoon-the7-font-the7-plus-06 elementor-repeater-item-c7c6def\" href=\"https:\/\/www.celineateliergourmand.fr\/\" target=\"_blank\">\n\t\t\t\t\t\t<span class=\"elementor-screen-only\">Icomoon-the7-font-the7-plus-06<\/span>\n\t\t\t\t\t\t<i aria-hidden=\"true\" class=\" icomoon-the7-font-the7-plus-06\"><\/i>\t\t\t\t\t<\/a>\n\t\t\t\t<\/span>\n\t\t\t\t\t\t\t<span class=\"elementor-grid-item\" role=\"listitem\">\n\t\t\t\t\t<a class=\"elementor-icon elementor-social-icon elementor-social-icon-facebook elementor-repeater-item-124968f\" href=\"https:\/\/www.facebook.com\/celineateliergourmand\/\" target=\"_blank\">\n\t\t\t\t\t\t<span class=\"elementor-screen-only\">Facebook<\/span>\n\t\t\t\t\t\t<i aria-hidden=\"true\" class=\"fab fa-facebook\"><\/i>\t\t\t\t\t<\/a>\n\t\t\t\t<\/span>\n\t\t\t\t\t<\/div>\n\t\t\t\t\t\t<\/div>\n\t\t\t\t<\/div>\n\t\t\t\t\t<\/div>\n\t\t<\/div>\n\t\t\t\t\t<\/div>\n\t\t<\/section>\n\t\t\t\t<section class=\"elementor-section elementor-top-section elementor-element elementor-element-7608e2b7 elementor-section-boxed elementor-section-height-default elementor-section-height-default\" data-id=\"7608e2b7\" data-element_type=\"section\" data-e-type=\"section\">\n\t\t\t\t\t\t<div class=\"elementor-container elementor-column-gap-default\">\n\t\t\t\t\t<div class=\"elementor-column elementor-col-100 elementor-top-column elementor-element elementor-element-116c7422\" data-id=\"116c7422\" data-element_type=\"column\" data-e-type=\"column\">\n\t\t\t<div class=\"elementor-widget-wrap elementor-element-populated\">\n\t\t\t\t\t\t<div class=\"elementor-element elementor-element-793724cc elementor-widget elementor-widget-spacer\" data-id=\"793724cc\" data-element_type=\"widget\" data-e-type=\"widget\" data-widget_type=\"spacer.default\">\n\t\t\t\t<div class=\"elementor-widget-container\">\n\t\t\t\t\t\t\t<div class=\"elementor-spacer\">\n\t\t\t<div class=\"elementor-spacer-inner\"><\/div>\n\t\t<\/div>\n\t\t\t\t\t\t<\/div>\n\t\t\t\t<\/div>\n\t\t\t\t\t<\/div>\n\t\t<\/div>\n\t\t\t\t\t<\/div>\n\t\t<\/section>\n\t\t\t\t<section class=\"elementor-section elementor-top-section elementor-element elementor-element-40b738c3 elementor-section-stretched elementor-section-boxed elementor-section-height-default elementor-section-height-default\" data-id=\"40b738c3\" data-element_type=\"section\" data-e-type=\"section\" data-settings=\"{&quot;stretch_section&quot;:&quot;section-stretched&quot;,&quot;background_background&quot;:&quot;classic&quot;}\">\n\t\t\t\t\t\t<div class=\"elementor-container elementor-column-gap-default\">\n\t\t\t\t\t<div class=\"elementor-column elementor-col-66 elementor-top-column elementor-element elementor-element-12f04a3a\" data-id=\"12f04a3a\" data-element_type=\"column\" data-e-type=\"column\">\n\t\t\t<div class=\"elementor-widget-wrap elementor-element-populated\">\n\t\t\t\t\t\t<div class=\"elementor-element elementor-element-4f6e343a text-white uppercase centersm elementor-widget elementor-widget-heading\" data-id=\"4f6e343a\" data-element_type=\"widget\" data-e-type=\"widget\" data-widget_type=\"heading.default\">\n\t\t\t\t<div class=\"elementor-widget-container\">\n\t\t\t\t\t<h2 class=\"elementor-heading-title elementor-size-default\">Tell us about your project<\/h2>\t\t\t\t<\/div>\n\t\t\t\t<\/div>\n\t\t\t\t\t<\/div>\n\t\t<\/div>\n\t\t\t\t<div class=\"elementor-column elementor-col-33 elementor-top-column elementor-element elementor-element-3a697f89\" data-id=\"3a697f89\" data-element_type=\"column\" data-e-type=\"column\">\n\t\t\t<div class=\"elementor-widget-wrap elementor-element-populated\">\n\t\t\t\t\t\t<div class=\"elementor-element elementor-element-694b47b2 btn-yellow elementor-widget elementor-widget-button\" data-id=\"694b47b2\" data-element_type=\"widget\" data-e-type=\"widget\" data-widget_type=\"button.default\">\n\t\t\t\t<div class=\"elementor-widget-container\">\n\t\t\t\t\t\t\t\t\t<div class=\"elementor-button-wrapper\">\n\t\t\t\t\t<a class=\"elementor-button elementor-button-link elementor-size-lg\" href=\"https:\/\/www.ocf.fr\/en\/contact\/\">\n\t\t\t\t\t\t<span class=\"elementor-button-content-wrapper\">\n\t\t\t\t\t\t\t\t\t<span class=\"elementor-button-text\">CONTACT US<\/span>\n\t\t\t\t\t<\/span>\n\t\t\t\t\t<\/a>\n\t\t\t\t<\/div>\n\t\t\t\t\t\t\t\t<\/div>\n\t\t\t\t<\/div>\n\t\t\t\t\t<\/div>\n\t\t<\/div>\n\t\t\t\t\t<\/div>\n\t\t<\/section>\n\t\t\t\t<section class=\"elementor-section elementor-top-section elementor-element elementor-element-6a482370 elementor-section-stretched elementor-section-full_width elementor-section-height-default elementor-section-height-default\" data-id=\"6a482370\" data-element_type=\"section\" data-e-type=\"section\" data-settings=\"{&quot;background_background&quot;:&quot;classic&quot;,&quot;stretch_section&quot;:&quot;section-stretched&quot;}\">\n\t\t\t\t\t\t<div class=\"elementor-container elementor-column-gap-default\">\n\t\t\t\t\t<div class=\"elementor-column elementor-col-100 elementor-top-column elementor-element elementor-element-6eb3da49\" data-id=\"6eb3da49\" data-element_type=\"column\" data-e-type=\"column\">\n\t\t\t<div class=\"elementor-widget-wrap elementor-element-populated\">\n\t\t\t\t\t\t<div class=\"elementor-element elementor-element-1468648 elementor-widget elementor-widget-spacer\" data-id=\"1468648\" data-element_type=\"widget\" data-e-type=\"widget\" data-widget_type=\"spacer.default\">\n\t\t\t\t<div class=\"elementor-widget-container\">\n\t\t\t\t\t\t\t<div class=\"elementor-spacer\">\n\t\t\t<div class=\"elementor-spacer-inner\"><\/div>\n\t\t<\/div>\n\t\t\t\t\t\t<\/div>\n\t\t\t\t<\/div>\n\t\t\t\t<div class=\"elementor-element elementor-element-5399d39d elementor-widget elementor-widget-heading\" data-id=\"5399d39d\" data-element_type=\"widget\" data-e-type=\"widget\" data-widget_type=\"heading.default\">\n\t\t\t\t<div class=\"elementor-widget-container\">\n\t\t\t\t\t<h2 class=\"elementor-heading-title elementor-size-default\">Discover other projects<\/h2>\t\t\t\t<\/div>\n\t\t\t\t<\/div>\n\t\t\t\t\t<\/div>\n\t\t<\/div>\n\t\t\t\t\t<\/div>\n\t\t<\/section>\n\t\t\t\t<section class=\"elementor-section elementor-top-section elementor-element elementor-element-3ad177cb elementor-section-stretched elementor-section-boxed elementor-section-height-default elementor-section-height-default\" data-id=\"3ad177cb\" data-element_type=\"section\" data-e-type=\"section\" data-settings=\"{&quot;stretch_section&quot;:&quot;section-stretched&quot;,&quot;background_background&quot;:&quot;classic&quot;}\">\n\t\t\t\t\t\t<div class=\"elementor-container elementor-column-gap-narrow\">\n\t\t\t\t\t<div class=\"elementor-column elementor-col-100 elementor-top-column elementor-element elementor-element-35c612a6\" data-id=\"35c612a6\" data-element_type=\"column\" data-e-type=\"column\">\n\t\t\t<div class=\"elementor-widget-wrap elementor-element-populated\">\n\t\t\t\t\t\t<div class=\"elementor-element elementor-element-5faeee7f elementor-widget-divider--view-line elementor-widget elementor-widget-divider\" data-id=\"5faeee7f\" data-element_type=\"widget\" data-e-type=\"widget\" data-widget_type=\"divider.default\">\n\t\t\t\t<div class=\"elementor-widget-container\">\n\t\t\t\t\t\t\t<div class=\"elementor-divider\">\n\t\t\t<span class=\"elementor-divider-separator\">\n\t\t\t\t\t\t<\/span>\n\t\t<\/div>\n\t\t\t\t\t\t<\/div>\n\t\t\t\t<\/div>\n\t\t\t\t\t<\/div>\n\t\t<\/div>\n\t\t\t\t\t<\/div>\n\t\t<\/section>\n\t\t\t\t<section class=\"elementor-section elementor-top-section elementor-element elementor-element-49dd4316 elementor-section-stretched elementor-section-full_width elementor-section-height-default elementor-section-height-default\" data-id=\"49dd4316\" data-element_type=\"section\" data-e-type=\"section\" data-settings=\"{&quot;background_background&quot;:&quot;classic&quot;,&quot;stretch_section&quot;:&quot;section-stretched&quot;}\">\n\t\t\t\t\t\t<div class=\"elementor-container elementor-column-gap-default\">\n\t\t\t\t\t<div class=\"elementor-column elementor-col-100 elementor-top-column elementor-element elementor-element-506d502d\" data-id=\"506d502d\" data-element_type=\"column\" data-e-type=\"column\">\n\t\t\t<div class=\"elementor-widget-wrap elementor-element-populated\">\n\t\t\t\t\t\t<div class=\"elementor-element elementor-element-c5c41f3 btn-yellow elementor-align-center elementor-widget elementor-widget-button\" data-id=\"c5c41f3\" data-element_type=\"widget\" data-e-type=\"widget\" data-widget_type=\"button.default\">\n\t\t\t\t<div class=\"elementor-widget-container\">\n\t\t\t\t\t\t\t\t\t<div class=\"elementor-button-wrapper\">\n\t\t\t\t\t<a class=\"elementor-button elementor-button-link elementor-size-xs\" href=\"\/en\/more-projects\/\">\n\t\t\t\t\t\t<span class=\"elementor-button-content-wrapper\">\n\t\t\t\t\t\t\t\t\t<span class=\"elementor-button-text\">SEE MORE PROJECTS<\/span>\n\t\t\t\t\t<\/span>\n\t\t\t\t\t<\/a>\n\t\t\t\t<\/div>\n\t\t\t\t\t\t\t\t<\/div>\n\t\t\t\t<\/div>\n\t\t\t\t<div class=\"elementor-element elementor-element-59fa347 elementor-widget elementor-widget-spacer\" data-id=\"59fa347\" data-element_type=\"widget\" data-e-type=\"widget\" data-widget_type=\"spacer.default\">\n\t\t\t\t<div class=\"elementor-widget-container\">\n\t\t\t\t\t\t\t<div class=\"elementor-spacer\">\n\t\t\t<div class=\"elementor-spacer-inner\"><\/div>\n\t\t<\/div>\n\t\t\t\t\t\t<\/div>\n\t\t\t\t<\/div>\n\t\t\t\t\t<\/div>\n\t\t<\/div>\n\t\t\t\t\t<\/div>\n\t\t<\/section>\n\t\t\t\t<\/div>\n\t\t","protected":false},"excerpt":{"rendered":"<p>Chez C\u00e9line: pastry-making as a family history A selection of both regular pastries and ephemeral ones made from seasonal products by Maxence Coupel, as impassioned by his work as the four previous generations in his family. More info\u00a0 Icomoon-the7-font-the7-plus-06 Facebook Tell us about your project CONTACT US Discover other projects SEE MORE PROJECTS<\/p>\n","protected":false},"author":4,"featured_media":2838,"comment_status":"closed","ping_status":"closed","template":"","dt_portfolio_category":[53],"dt_portfolio_tags":[],"class_list":["post-4025","dt_portfolio","type-dt_portfolio","status-publish","has-post-thumbnail","hentry","dt_portfolio_category-chocolaterie-patisserie-fine-en"],"yoast_head":"<!-- This site is optimized with the Yoast SEO plugin v27.5 - https:\/\/yoast.com\/product\/yoast-seo-wordpress\/ -->\n<title>C\u00c9LINE ATELIER GOURMAND - BOULOGNE BILLANCOURT (92) - OCF<\/title>\n<meta name=\"robots\" content=\"index, follow, max-snippet:-1, max-image-preview:large, max-video-preview:-1\" \/>\n<link rel=\"canonical\" href=\"https:\/\/www.ocf.fr\/en\/realisation\/celine-atelier-gourmand-boulogne-billancourt-92\/\" \/>\n<meta property=\"og:locale\" content=\"en_US\" \/>\n<meta property=\"og:type\" content=\"article\" \/>\n<meta property=\"og:title\" content=\"C\u00c9LINE ATELIER GOURMAND - BOULOGNE BILLANCOURT (92) - OCF\" \/>\n<meta property=\"og:description\" content=\"Chez C\u00e9line: pastry-making as a family history A selection of both regular pastries and ephemeral ones made from seasonal products by Maxence Coupel, as impassioned by his work as the four previous generations in his family. More info\u00a0 Icomoon-the7-font-the7-plus-06 Facebook Tell us about your project CONTACT US Discover other projects SEE MORE PROJECTS\" \/>\n<meta property=\"og:url\" content=\"https:\/\/www.ocf.fr\/en\/realisation\/celine-atelier-gourmand-boulogne-billancourt-92\/\" \/>\n<meta property=\"og:site_name\" content=\"OCF\" \/>\n<meta property=\"article:modified_time\" content=\"2020-10-05T15:28:12+00:00\" \/>\n<meta property=\"og:image\" content=\"https:\/\/www.ocf.fr\/wp-content\/uploads\/2020\/06\/celine-atelier-gourmand-92100-boulogne-billancourt-vitrine-refrigeree-ocf-1-1.jpg\" \/>\n\t<meta property=\"og:image:width\" content=\"1512\" \/>\n\t<meta property=\"og:image:height\" content=\"1216\" \/>\n\t<meta property=\"og:image:type\" content=\"image\/jpeg\" \/>\n<meta name=\"twitter:card\" content=\"summary_large_image\" \/>\n<script type=\"application\/ld+json\" class=\"yoast-schema-graph\">{\"@context\":\"https:\\\/\\\/schema.org\",\"@graph\":[{\"@type\":\"WebPage\",\"@id\":\"https:\\\/\\\/www.ocf.fr\\\/en\\\/realisation\\\/celine-atelier-gourmand-boulogne-billancourt-92\\\/\",\"url\":\"https:\\\/\\\/www.ocf.fr\\\/en\\\/realisation\\\/celine-atelier-gourmand-boulogne-billancourt-92\\\/\",\"name\":\"C\u00c9LINE ATELIER GOURMAND - BOULOGNE BILLANCOURT (92) - OCF\",\"isPartOf\":{\"@id\":\"https:\\\/\\\/www.ocf.fr\\\/en\\\/#website\"},\"primaryImageOfPage\":{\"@id\":\"https:\\\/\\\/www.ocf.fr\\\/en\\\/realisation\\\/celine-atelier-gourmand-boulogne-billancourt-92\\\/#primaryimage\"},\"image\":{\"@id\":\"https:\\\/\\\/www.ocf.fr\\\/en\\\/realisation\\\/celine-atelier-gourmand-boulogne-billancourt-92\\\/#primaryimage\"},\"thumbnailUrl\":\"https:\\\/\\\/www.ocf.fr\\\/wp-content\\\/uploads\\\/2020\\\/06\\\/celine-atelier-gourmand-92100-boulogne-billancourt-vitrine-refrigeree-ocf-1-1.jpg\",\"datePublished\":\"2020-09-27T15:25:44+00:00\",\"dateModified\":\"2020-10-05T15:28:12+00:00\",\"breadcrumb\":{\"@id\":\"https:\\\/\\\/www.ocf.fr\\\/en\\\/realisation\\\/celine-atelier-gourmand-boulogne-billancourt-92\\\/#breadcrumb\"},\"inLanguage\":\"en-US\",\"potentialAction\":[{\"@type\":\"ReadAction\",\"target\":[\"https:\\\/\\\/www.ocf.fr\\\/en\\\/realisation\\\/celine-atelier-gourmand-boulogne-billancourt-92\\\/\"]}]},{\"@type\":\"ImageObject\",\"inLanguage\":\"en-US\",\"@id\":\"https:\\\/\\\/www.ocf.fr\\\/en\\\/realisation\\\/celine-atelier-gourmand-boulogne-billancourt-92\\\/#primaryimage\",\"url\":\"https:\\\/\\\/www.ocf.fr\\\/wp-content\\\/uploads\\\/2020\\\/06\\\/celine-atelier-gourmand-92100-boulogne-billancourt-vitrine-refrigeree-ocf-1-1.jpg\",\"contentUrl\":\"https:\\\/\\\/www.ocf.fr\\\/wp-content\\\/uploads\\\/2020\\\/06\\\/celine-atelier-gourmand-92100-boulogne-billancourt-vitrine-refrigeree-ocf-1-1.jpg\",\"width\":1512,\"height\":1216,\"caption\":\"C\u00e9line Atelier Gourmand - Boulogne Billancourt (92) - Vitrine r\u00e9frig\u00e9r\u00e9e OCF\"},{\"@type\":\"BreadcrumbList\",\"@id\":\"https:\\\/\\\/www.ocf.fr\\\/en\\\/realisation\\\/celine-atelier-gourmand-boulogne-billancourt-92\\\/#breadcrumb\",\"itemListElement\":[{\"@type\":\"ListItem\",\"position\":1,\"name\":\"Accueil\",\"item\":\"https:\\\/\\\/www.ocf.fr\\\/en\\\/\"},{\"@type\":\"ListItem\",\"position\":2,\"name\":\"Portfolio\",\"item\":\"https:\\\/\\\/www.ocf.fr\\\/en\\\/realisation\\\/\"},{\"@type\":\"ListItem\",\"position\":3,\"name\":\"C\u00c9LINE ATELIER GOURMAND &#8211; BOULOGNE BILLANCOURT (92)\"}]},{\"@type\":\"WebSite\",\"@id\":\"https:\\\/\\\/www.ocf.fr\\\/en\\\/#website\",\"url\":\"https:\\\/\\\/www.ocf.fr\\\/en\\\/\",\"name\":\"OCF\",\"description\":\"\",\"publisher\":{\"@id\":\"https:\\\/\\\/www.ocf.fr\\\/en\\\/#organization\"},\"potentialAction\":[{\"@type\":\"SearchAction\",\"target\":{\"@type\":\"EntryPoint\",\"urlTemplate\":\"https:\\\/\\\/www.ocf.fr\\\/en\\\/?s={search_term_string}\"},\"query-input\":{\"@type\":\"PropertyValueSpecification\",\"valueRequired\":true,\"valueName\":\"search_term_string\"}}],\"inLanguage\":\"en-US\"},{\"@type\":\"Organization\",\"@id\":\"https:\\\/\\\/www.ocf.fr\\\/en\\\/#organization\",\"name\":\"OCF\",\"url\":\"https:\\\/\\\/www.ocf.fr\\\/en\\\/\",\"logo\":{\"@type\":\"ImageObject\",\"inLanguage\":\"en-US\",\"@id\":\"https:\\\/\\\/www.ocf.fr\\\/en\\\/#\\\/schema\\\/logo\\\/image\\\/\",\"url\":\"https:\\\/\\\/www.ocf.fr\\\/wp-content\\\/uploads\\\/2020\\\/03\\\/logo_header_footer.png\",\"contentUrl\":\"https:\\\/\\\/www.ocf.fr\\\/wp-content\\\/uploads\\\/2020\\\/03\\\/logo_header_footer.png\",\"width\":247,\"height\":74,\"caption\":\"OCF\"},\"image\":{\"@id\":\"https:\\\/\\\/www.ocf.fr\\\/en\\\/#\\\/schema\\\/logo\\\/image\\\/\"}}]}<\/script>\n<!-- \/ Yoast SEO plugin. -->","yoast_head_json":{"title":"C\u00c9LINE ATELIER GOURMAND - BOULOGNE BILLANCOURT (92) - OCF","robots":{"index":"index","follow":"follow","max-snippet":"max-snippet:-1","max-image-preview":"max-image-preview:large","max-video-preview":"max-video-preview:-1"},"canonical":"https:\/\/www.ocf.fr\/en\/realisation\/celine-atelier-gourmand-boulogne-billancourt-92\/","og_locale":"en_US","og_type":"article","og_title":"C\u00c9LINE ATELIER GOURMAND - BOULOGNE BILLANCOURT (92) - OCF","og_description":"Chez C\u00e9line: pastry-making as a family history A selection of both regular pastries and ephemeral ones made from seasonal products by Maxence Coupel, as impassioned by his work as the four previous generations in his family. More info\u00a0 Icomoon-the7-font-the7-plus-06 Facebook Tell us about your project CONTACT US Discover other projects SEE MORE PROJECTS","og_url":"https:\/\/www.ocf.fr\/en\/realisation\/celine-atelier-gourmand-boulogne-billancourt-92\/","og_site_name":"OCF","article_modified_time":"2020-10-05T15:28:12+00:00","og_image":[{"width":1512,"height":1216,"url":"https:\/\/www.ocf.fr\/wp-content\/uploads\/2020\/06\/celine-atelier-gourmand-92100-boulogne-billancourt-vitrine-refrigeree-ocf-1-1.jpg","type":"image\/jpeg"}],"twitter_card":"summary_large_image","schema":{"@context":"https:\/\/schema.org","@graph":[{"@type":"WebPage","@id":"https:\/\/www.ocf.fr\/en\/realisation\/celine-atelier-gourmand-boulogne-billancourt-92\/","url":"https:\/\/www.ocf.fr\/en\/realisation\/celine-atelier-gourmand-boulogne-billancourt-92\/","name":"C\u00c9LINE ATELIER GOURMAND - BOULOGNE BILLANCOURT (92) - OCF","isPartOf":{"@id":"https:\/\/www.ocf.fr\/en\/#website"},"primaryImageOfPage":{"@id":"https:\/\/www.ocf.fr\/en\/realisation\/celine-atelier-gourmand-boulogne-billancourt-92\/#primaryimage"},"image":{"@id":"https:\/\/www.ocf.fr\/en\/realisation\/celine-atelier-gourmand-boulogne-billancourt-92\/#primaryimage"},"thumbnailUrl":"https:\/\/www.ocf.fr\/wp-content\/uploads\/2020\/06\/celine-atelier-gourmand-92100-boulogne-billancourt-vitrine-refrigeree-ocf-1-1.jpg","datePublished":"2020-09-27T15:25:44+00:00","dateModified":"2020-10-05T15:28:12+00:00","breadcrumb":{"@id":"https:\/\/www.ocf.fr\/en\/realisation\/celine-atelier-gourmand-boulogne-billancourt-92\/#breadcrumb"},"inLanguage":"en-US","potentialAction":[{"@type":"ReadAction","target":["https:\/\/www.ocf.fr\/en\/realisation\/celine-atelier-gourmand-boulogne-billancourt-92\/"]}]},{"@type":"ImageObject","inLanguage":"en-US","@id":"https:\/\/www.ocf.fr\/en\/realisation\/celine-atelier-gourmand-boulogne-billancourt-92\/#primaryimage","url":"https:\/\/www.ocf.fr\/wp-content\/uploads\/2020\/06\/celine-atelier-gourmand-92100-boulogne-billancourt-vitrine-refrigeree-ocf-1-1.jpg","contentUrl":"https:\/\/www.ocf.fr\/wp-content\/uploads\/2020\/06\/celine-atelier-gourmand-92100-boulogne-billancourt-vitrine-refrigeree-ocf-1-1.jpg","width":1512,"height":1216,"caption":"C\u00e9line Atelier Gourmand - Boulogne Billancourt (92) - Vitrine r\u00e9frig\u00e9r\u00e9e OCF"},{"@type":"BreadcrumbList","@id":"https:\/\/www.ocf.fr\/en\/realisation\/celine-atelier-gourmand-boulogne-billancourt-92\/#breadcrumb","itemListElement":[{"@type":"ListItem","position":1,"name":"Accueil","item":"https:\/\/www.ocf.fr\/en\/"},{"@type":"ListItem","position":2,"name":"Portfolio","item":"https:\/\/www.ocf.fr\/en\/realisation\/"},{"@type":"ListItem","position":3,"name":"C\u00c9LINE ATELIER GOURMAND &#8211; BOULOGNE BILLANCOURT (92)"}]},{"@type":"WebSite","@id":"https:\/\/www.ocf.fr\/en\/#website","url":"https:\/\/www.ocf.fr\/en\/","name":"OCF","description":"","publisher":{"@id":"https:\/\/www.ocf.fr\/en\/#organization"},"potentialAction":[{"@type":"SearchAction","target":{"@type":"EntryPoint","urlTemplate":"https:\/\/www.ocf.fr\/en\/?s={search_term_string}"},"query-input":{"@type":"PropertyValueSpecification","valueRequired":true,"valueName":"search_term_string"}}],"inLanguage":"en-US"},{"@type":"Organization","@id":"https:\/\/www.ocf.fr\/en\/#organization","name":"OCF","url":"https:\/\/www.ocf.fr\/en\/","logo":{"@type":"ImageObject","inLanguage":"en-US","@id":"https:\/\/www.ocf.fr\/en\/#\/schema\/logo\/image\/","url":"https:\/\/www.ocf.fr\/wp-content\/uploads\/2020\/03\/logo_header_footer.png","contentUrl":"https:\/\/www.ocf.fr\/wp-content\/uploads\/2020\/03\/logo_header_footer.png","width":247,"height":74,"caption":"OCF"},"image":{"@id":"https:\/\/www.ocf.fr\/en\/#\/schema\/logo\/image\/"}}]}},"_links":{"self":[{"href":"https:\/\/www.ocf.fr\/en\/wp-json\/wp\/v2\/dt_portfolio\/4025","targetHints":{"allow":["GET"]}}],"collection":[{"href":"https:\/\/www.ocf.fr\/en\/wp-json\/wp\/v2\/dt_portfolio"}],"about":[{"href":"https:\/\/www.ocf.fr\/en\/wp-json\/wp\/v2\/types\/dt_portfolio"}],"author":[{"embeddable":true,"href":"https:\/\/www.ocf.fr\/en\/wp-json\/wp\/v2\/users\/4"}],"replies":[{"embeddable":true,"href":"https:\/\/www.ocf.fr\/en\/wp-json\/wp\/v2\/comments?post=4025"}],"version-history":[{"count":2,"href":"https:\/\/www.ocf.fr\/en\/wp-json\/wp\/v2\/dt_portfolio\/4025\/revisions"}],"predecessor-version":[{"id":4027,"href":"https:\/\/www.ocf.fr\/en\/wp-json\/wp\/v2\/dt_portfolio\/4025\/revisions\/4027"}],"wp:featuredmedia":[{"embeddable":true,"href":"https:\/\/www.ocf.fr\/en\/wp-json\/wp\/v2\/media\/2838"}],"wp:attachment":[{"href":"https:\/\/www.ocf.fr\/en\/wp-json\/wp\/v2\/media?parent=4025"}],"wp:term":[{"taxonomy":"dt_portfolio_category","embeddable":true,"href":"https:\/\/www.ocf.fr\/en\/wp-json\/wp\/v2\/dt_portfolio_category?post=4025"},{"taxonomy":"dt_portfolio_tags","embeddable":true,"href":"https:\/\/www.ocf.fr\/en\/wp-json\/wp\/v2\/dt_portfolio_tags?post=4025"}],"curies":[{"name":"wp","href":"https:\/\/api.w.org\/{rel}","templated":true}]}}