{"id":4446,"date":"2020-11-10T15:30:58","date_gmt":"2020-11-10T14:30:58","guid":{"rendered":"https:\/\/www.ocf.fr\/toutes-nos-realisations\/"},"modified":"2025-01-10T14:31:43","modified_gmt":"2025-01-10T13:31:43","slug":"more-projects","status":"publish","type":"page","link":"https:\/\/www.ocf.fr\/en\/more-projects\/","title":{"rendered":"More projects"},"content":{"rendered":"\t\t<div data-elementor-type=\"wp-page\" data-elementor-id=\"4446\" class=\"elementor elementor-4446 elementor-664\" data-elementor-post-type=\"page\">\n\t\t\t\t\t\t<section class=\"elementor-section elementor-top-section elementor-element elementor-element-1c2671b elementor-section-boxed elementor-section-height-default elementor-section-height-default\" data-id=\"1c2671b\" data-element_type=\"section\" data-e-type=\"section\">\n\t\t\t\t\t\t<div class=\"elementor-container elementor-column-gap-default\">\n\t\t\t\t\t<div class=\"elementor-column elementor-col-100 elementor-top-column elementor-element elementor-element-403c960\" data-id=\"403c960\" data-element_type=\"column\" data-e-type=\"column\">\n\t\t\t<div class=\"elementor-widget-wrap elementor-element-populated\">\n\t\t\t\t\t\t<div class=\"elementor-element elementor-element-021abd6 elementor-widget elementor-widget-spacer\" data-id=\"021abd6\" data-element_type=\"widget\" data-e-type=\"widget\" data-widget_type=\"spacer.default\">\n\t\t\t\t<div class=\"elementor-widget-container\">\n\t\t\t\t\t\t\t<div class=\"elementor-spacer\">\n\t\t\t<div class=\"elementor-spacer-inner\"><\/div>\n\t\t<\/div>\n\t\t\t\t\t\t<\/div>\n\t\t\t\t<\/div>\n\t\t\t\t<div class=\"elementor-element elementor-element-57480a1 elementor-grid-3 elementor-grid-tablet-2 elementor-grid-mobile-1 elementor-widget elementor-widget-portfolio\" data-id=\"57480a1\" data-element_type=\"widget\" data-e-type=\"widget\" data-settings=\"{&quot;row_gap&quot;:{&quot;unit&quot;:&quot;px&quot;,&quot;size&quot;:6,&quot;sizes&quot;:[]},&quot;columns&quot;:&quot;3&quot;,&quot;columns_tablet&quot;:&quot;2&quot;,&quot;columns_mobile&quot;:&quot;1&quot;,&quot;item_ratio&quot;:{&quot;unit&quot;:&quot;px&quot;,&quot;size&quot;:0.66,&quot;sizes&quot;:[]},&quot;item_gap&quot;:{&quot;unit&quot;:&quot;px&quot;,&quot;size&quot;:&quot;&quot;,&quot;sizes&quot;:[]}}\" data-widget_type=\"portfolio.default\">\n\t\t\t\t<div class=\"elementor-widget-container\">\n\t\t\t\t\t\t\t<ul class=\"elementor-portfolio__filters\">\n\t\t\t<li class=\"elementor-portfolio__filter elementor-active\" tabindex=\"0\" data-filter=\"__all\">All<\/li>\n\t\t\t\t\t\t\t<li class=\"elementor-portfolio__filter\" tabindex=\"0\" data-filter=\"52\">Bakery<\/li>\n\t\t\t\t\t\t\t<li class=\"elementor-portfolio__filter\" tabindex=\"0\" data-filter=\"54\">Butcher&#039;s meats, charcuterie, delicatessen<\/li>\n\t\t\t\t\t\t\t<li class=\"elementor-portfolio__filter\" tabindex=\"0\" data-filter=\"53\">Chocolate &amp; Fine patisserie<\/li>\n\t\t\t\t\t\t\t<li class=\"elementor-portfolio__filter\" tabindex=\"0\" data-filter=\"51\">Oustanding venues<\/li>\n\t\t\t\t\t<\/ul>\n\t\t\t\t<div class=\"elementor-portfolio elementor-grid elementor-posts-container\" role=\"list\">\n\t\t\t\t<article class=\"elementor-portfolio-item elementor-post elementor-filter-53 post-5622 dt_portfolio type-dt_portfolio status-publish has-post-thumbnail hentry dt_portfolio_category-chocolaterie-patisserie-fine-en\" role=\"listitem\">\n\t\t\t<a class=\"elementor-post__thumbnail__link\" href=\"https:\/\/www.ocf.fr\/en\/realisation\/aici-par-mathieu-clot\/\">\n\t\t\t\t<div class=\"elementor-portfolio-item__img elementor-post__thumbnail\">\n\t\t\t<img fetchpriority=\"high\" decoding=\"async\" width=\"600\" height=\"450\" src=\"https:\/\/www.ocf.fr\/wp-content\/uploads\/2021\/10\/aici-laguiole-12-mathieu-clot-vitrine-refrigeree-ocf-2-600x450.jpg\" class=\"attachment-medium size-medium wp-image-5257\" alt=\"\" srcset=\"https:\/\/www.ocf.fr\/wp-content\/uploads\/2021\/10\/aici-laguiole-12-mathieu-clot-vitrine-refrigeree-ocf-2-600x450.jpg 600w, https:\/\/www.ocf.fr\/wp-content\/uploads\/2021\/10\/aici-laguiole-12-mathieu-clot-vitrine-refrigeree-ocf-2-768x576.jpg 768w, https:\/\/www.ocf.fr\/wp-content\/uploads\/2021\/10\/aici-laguiole-12-mathieu-clot-vitrine-refrigeree-ocf-2.jpg 1000w\" sizes=\"(max-width: 600px) 100vw, 600px\" \/>\t\t<\/div>\n\t\t\t\t<div class=\"elementor-portfolio-item__overlay\">\n\t\t\t\t<h3 class=\"elementor-portfolio-item__title\">\n\t\tAICI PAR MATHIEU CLOT\t\t<\/h3>\n\t\t\t\t<\/div>\n\t\t\t\t<\/a>\n\t\t<\/article>\n\t\t\t\t<article class=\"elementor-portfolio-item elementor-post elementor-filter-52 post-5640 dt_portfolio type-dt_portfolio status-publish has-post-thumbnail hentry dt_portfolio_category-bakery\" role=\"listitem\">\n\t\t\t<a class=\"elementor-post__thumbnail__link\" href=\"https:\/\/www.ocf.fr\/en\/realisation\/le-pain-de-mon-moulin\/\">\n\t\t\t\t<div class=\"elementor-portfolio-item__img elementor-post__thumbnail\">\n\t\t\t<img decoding=\"async\" width=\"600\" height=\"450\" src=\"https:\/\/www.ocf.fr\/wp-content\/uploads\/2021\/09\/015-1-600x450.jpg\" class=\"attachment-medium size-medium wp-image-5099\" alt=\"\" srcset=\"https:\/\/www.ocf.fr\/wp-content\/uploads\/2021\/09\/015-1-600x450.jpg 600w, https:\/\/www.ocf.fr\/wp-content\/uploads\/2021\/09\/015-1-1200x900.jpg 1200w, https:\/\/www.ocf.fr\/wp-content\/uploads\/2021\/09\/015-1-768x576.jpg 768w, https:\/\/www.ocf.fr\/wp-content\/uploads\/2021\/09\/015-1-1536x1152.jpg 1536w, https:\/\/www.ocf.fr\/wp-content\/uploads\/2021\/09\/015-1.jpg 1920w\" sizes=\"(max-width: 600px) 100vw, 600px\" \/>\t\t<\/div>\n\t\t\t\t<div class=\"elementor-portfolio-item__overlay\">\n\t\t\t\t<h3 class=\"elementor-portfolio-item__title\">\n\t\tLE PAIN DE MON MOULIN\t\t<\/h3>\n\t\t\t\t<\/div>\n\t\t\t\t<\/a>\n\t\t<\/article>\n\t\t\t\t<article class=\"elementor-portfolio-item elementor-post elementor-filter-52 post-5645 dt_portfolio type-dt_portfolio status-publish has-post-thumbnail hentry dt_portfolio_category-bakery\" role=\"listitem\">\n\t\t\t<a class=\"elementor-post__thumbnail__link\" href=\"https:\/\/www.ocf.fr\/en\/realisation\/maison-auriat\/\">\n\t\t\t\t<div class=\"elementor-portfolio-item__img elementor-post__thumbnail\">\n\t\t\t<img decoding=\"async\" width=\"600\" height=\"450\" src=\"https:\/\/www.ocf.fr\/wp-content\/uploads\/2021\/05\/vic-service-maison-auriat-laguiole-ocf-vitrine-refrigeree-600x450.jpg\" class=\"attachment-medium size-medium wp-image-5002\" alt=\"vic-service-maison-auriat-laguiole-ocf-vitrine-refrigeree\" srcset=\"https:\/\/www.ocf.fr\/wp-content\/uploads\/2021\/05\/vic-service-maison-auriat-laguiole-ocf-vitrine-refrigeree-600x450.jpg 600w, https:\/\/www.ocf.fr\/wp-content\/uploads\/2021\/05\/vic-service-maison-auriat-laguiole-ocf-vitrine-refrigeree-768x576.jpg 768w, https:\/\/www.ocf.fr\/wp-content\/uploads\/2021\/05\/vic-service-maison-auriat-laguiole-ocf-vitrine-refrigeree.jpg 1000w\" sizes=\"(max-width: 600px) 100vw, 600px\" \/>\t\t<\/div>\n\t\t\t\t<div class=\"elementor-portfolio-item__overlay\">\n\t\t\t\t<h3 class=\"elementor-portfolio-item__title\">\n\t\tMAISON AURIAT\t\t<\/h3>\n\t\t\t\t<\/div>\n\t\t\t\t<\/a>\n\t\t<\/article>\n\t\t\t\t<article class=\"elementor-portfolio-item elementor-post elementor-filter-53 post-5650 dt_portfolio type-dt_portfolio status-publish has-post-thumbnail hentry dt_portfolio_category-chocolaterie-patisserie-fine-en\" role=\"listitem\">\n\t\t\t<a class=\"elementor-post__thumbnail__link\" href=\"https:\/\/www.ocf.fr\/en\/realisation\/chocolaterie-agnes-pieff\/\">\n\t\t\t\t<div class=\"elementor-portfolio-item__img elementor-post__thumbnail\">\n\t\t\t<img loading=\"lazy\" decoding=\"async\" width=\"600\" height=\"450\" src=\"https:\/\/www.ocf.fr\/wp-content\/uploads\/2021\/05\/agnes-pierre-rodez-ocf-vitrine-refrigeree-600x450.jpg\" class=\"attachment-medium size-medium wp-image-5012\" alt=\"\" srcset=\"https:\/\/www.ocf.fr\/wp-content\/uploads\/2021\/05\/agnes-pierre-rodez-ocf-vitrine-refrigeree-600x450.jpg 600w, https:\/\/www.ocf.fr\/wp-content\/uploads\/2021\/05\/agnes-pierre-rodez-ocf-vitrine-refrigeree-768x576.jpg 768w, https:\/\/www.ocf.fr\/wp-content\/uploads\/2021\/05\/agnes-pierre-rodez-ocf-vitrine-refrigeree.jpg 1000w\" sizes=\"(max-width: 600px) 100vw, 600px\" \/>\t\t<\/div>\n\t\t\t\t<div class=\"elementor-portfolio-item__overlay\">\n\t\t\t\t<h3 class=\"elementor-portfolio-item__title\">\n\t\tCHOCOLATERIE AGNES &#038; PIERRE\t\t<\/h3>\n\t\t\t\t<\/div>\n\t\t\t\t<\/a>\n\t\t<\/article>\n\t\t\t\t<article class=\"elementor-portfolio-item elementor-post elementor-filter-53 post-5656 dt_portfolio type-dt_portfolio status-publish has-post-thumbnail hentry dt_portfolio_category-chocolaterie-patisserie-fine-en\" role=\"listitem\">\n\t\t\t<a class=\"elementor-post__thumbnail__link\" href=\"https:\/\/www.ocf.fr\/en\/realisation\/cuyala\/\">\n\t\t\t\t<div class=\"elementor-portfolio-item__img elementor-post__thumbnail\">\n\t\t\t<img loading=\"lazy\" decoding=\"async\" width=\"600\" height=\"450\" src=\"https:\/\/www.ocf.fr\/wp-content\/uploads\/2021\/04\/cuyala-soumoulou-ocf-vitrine-refrigeree-600x450.jpg\" class=\"attachment-medium size-medium wp-image-4941\" alt=\"\" srcset=\"https:\/\/www.ocf.fr\/wp-content\/uploads\/2021\/04\/cuyala-soumoulou-ocf-vitrine-refrigeree-600x450.jpg 600w, https:\/\/www.ocf.fr\/wp-content\/uploads\/2021\/04\/cuyala-soumoulou-ocf-vitrine-refrigeree-768x576.jpg 768w, https:\/\/www.ocf.fr\/wp-content\/uploads\/2021\/04\/cuyala-soumoulou-ocf-vitrine-refrigeree.jpg 1000w\" sizes=\"(max-width: 600px) 100vw, 600px\" \/>\t\t<\/div>\n\t\t\t\t<div class=\"elementor-portfolio-item__overlay\">\n\t\t\t\t<h3 class=\"elementor-portfolio-item__title\">\n\t\tCUYALA\t\t<\/h3>\n\t\t\t\t<\/div>\n\t\t\t\t<\/a>\n\t\t<\/article>\n\t\t\t\t<article class=\"elementor-portfolio-item elementor-post elementor-filter-52 post-5662 dt_portfolio type-dt_portfolio status-publish has-post-thumbnail hentry dt_portfolio_category-bakery\" role=\"listitem\">\n\t\t\t<a class=\"elementor-post__thumbnail__link\" href=\"https:\/\/www.ocf.fr\/en\/realisation\/clara-jung\/\">\n\t\t\t\t<div class=\"elementor-portfolio-item__img elementor-post__thumbnail\">\n\t\t\t<img loading=\"lazy\" decoding=\"async\" width=\"600\" height=\"450\" src=\"https:\/\/www.ocf.fr\/wp-content\/uploads\/2021\/04\/clara-jung-montpellier-ocf-vitrine-refrigeree-600x450.jpg\" class=\"attachment-medium size-medium wp-image-4947\" alt=\"\" srcset=\"https:\/\/www.ocf.fr\/wp-content\/uploads\/2021\/04\/clara-jung-montpellier-ocf-vitrine-refrigeree-600x450.jpg 600w, https:\/\/www.ocf.fr\/wp-content\/uploads\/2021\/04\/clara-jung-montpellier-ocf-vitrine-refrigeree-768x576.jpg 768w, https:\/\/www.ocf.fr\/wp-content\/uploads\/2021\/04\/clara-jung-montpellier-ocf-vitrine-refrigeree.jpg 1000w\" sizes=\"(max-width: 600px) 100vw, 600px\" \/>\t\t<\/div>\n\t\t\t\t<div class=\"elementor-portfolio-item__overlay\">\n\t\t\t\t<h3 class=\"elementor-portfolio-item__title\">\n\t\tCLARA JUNG\t\t<\/h3>\n\t\t\t\t<\/div>\n\t\t\t\t<\/a>\n\t\t<\/article>\n\t\t\t\t<article class=\"elementor-portfolio-item elementor-post elementor-filter-52 post-5667 dt_portfolio type-dt_portfolio status-publish has-post-thumbnail hentry dt_portfolio_category-bakery\" role=\"listitem\">\n\t\t\t<a class=\"elementor-post__thumbnail__link\" href=\"https:\/\/www.ocf.fr\/en\/realisation\/la-bakerie-london\/\">\n\t\t\t\t<div class=\"elementor-portfolio-item__img elementor-post__thumbnail\">\n\t\t\t<img loading=\"lazy\" decoding=\"async\" width=\"600\" height=\"450\" src=\"https:\/\/www.ocf.fr\/wp-content\/uploads\/2021\/04\/la-bakerie-londres-ocf-vitrine-refrigeree-600x450.jpg\" class=\"attachment-medium size-medium wp-image-4939\" alt=\"\" srcset=\"https:\/\/www.ocf.fr\/wp-content\/uploads\/2021\/04\/la-bakerie-londres-ocf-vitrine-refrigeree-600x450.jpg 600w, https:\/\/www.ocf.fr\/wp-content\/uploads\/2021\/04\/la-bakerie-londres-ocf-vitrine-refrigeree-768x576.jpg 768w, https:\/\/www.ocf.fr\/wp-content\/uploads\/2021\/04\/la-bakerie-londres-ocf-vitrine-refrigeree.jpg 1000w\" sizes=\"(max-width: 600px) 100vw, 600px\" \/>\t\t<\/div>\n\t\t\t\t<div class=\"elementor-portfolio-item__overlay\">\n\t\t\t\t<h3 class=\"elementor-portfolio-item__title\">\n\t\tLA BAKERIE &#8211; LONDON\t\t<\/h3>\n\t\t\t\t<\/div>\n\t\t\t\t<\/a>\n\t\t<\/article>\n\t\t\t\t<article class=\"elementor-portfolio-item elementor-post elementor-filter-54 post-5672 dt_portfolio type-dt_portfolio status-publish has-post-thumbnail hentry dt_portfolio_category-boucherie-fromagerie-traiteur-en\" role=\"listitem\">\n\t\t\t<a class=\"elementor-post__thumbnail__link\" href=\"https:\/\/www.ocf.fr\/en\/realisation\/boucherie-montarnal\/\">\n\t\t\t\t<div class=\"elementor-portfolio-item__img elementor-post__thumbnail\">\n\t\t\t<img loading=\"lazy\" decoding=\"async\" width=\"600\" height=\"450\" src=\"https:\/\/www.ocf.fr\/wp-content\/uploads\/2021\/04\/boucherie-montarnal-entraygues-sur-truyere-ocf-vitrine-refrigeree-600x450.jpg\" class=\"attachment-medium size-medium wp-image-4949\" alt=\"\" srcset=\"https:\/\/www.ocf.fr\/wp-content\/uploads\/2021\/04\/boucherie-montarnal-entraygues-sur-truyere-ocf-vitrine-refrigeree-600x450.jpg 600w, https:\/\/www.ocf.fr\/wp-content\/uploads\/2021\/04\/boucherie-montarnal-entraygues-sur-truyere-ocf-vitrine-refrigeree-768x576.jpg 768w, https:\/\/www.ocf.fr\/wp-content\/uploads\/2021\/04\/boucherie-montarnal-entraygues-sur-truyere-ocf-vitrine-refrigeree.jpg 1000w\" sizes=\"(max-width: 600px) 100vw, 600px\" \/>\t\t<\/div>\n\t\t\t\t<div class=\"elementor-portfolio-item__overlay\">\n\t\t\t\t<h3 class=\"elementor-portfolio-item__title\">\n\t\tBOUCHERIE MONTARNAL\t\t<\/h3>\n\t\t\t\t<\/div>\n\t\t\t\t<\/a>\n\t\t<\/article>\n\t\t\t\t<article class=\"elementor-portfolio-item elementor-post elementor-filter-54 post-5677 dt_portfolio type-dt_portfolio status-publish has-post-thumbnail hentry dt_portfolio_category-boucherie-fromagerie-traiteur-en\" role=\"listitem\">\n\t\t\t<a class=\"elementor-post__thumbnail__link\" href=\"https:\/\/www.ocf.fr\/en\/realisation\/ma-poule-nantes-44\/\">\n\t\t\t\t<div class=\"elementor-portfolio-item__img elementor-post__thumbnail\">\n\t\t\t<img loading=\"lazy\" decoding=\"async\" width=\"600\" height=\"450\" src=\"https:\/\/www.ocf.fr\/wp-content\/uploads\/2021\/04\/MA-POULE-NANTES-600x450.png\" class=\"attachment-medium size-medium wp-image-4919\" alt=\"\" srcset=\"https:\/\/www.ocf.fr\/wp-content\/uploads\/2021\/04\/MA-POULE-NANTES-600x450.png 600w, https:\/\/www.ocf.fr\/wp-content\/uploads\/2021\/04\/MA-POULE-NANTES-1200x900.png 1200w, https:\/\/www.ocf.fr\/wp-content\/uploads\/2021\/04\/MA-POULE-NANTES-768x576.png 768w, https:\/\/www.ocf.fr\/wp-content\/uploads\/2021\/04\/MA-POULE-NANTES-1536x1152.png 1536w, https:\/\/www.ocf.fr\/wp-content\/uploads\/2021\/04\/MA-POULE-NANTES-2048x1536.png 2048w\" sizes=\"(max-width: 600px) 100vw, 600px\" \/>\t\t<\/div>\n\t\t\t\t<div class=\"elementor-portfolio-item__overlay\">\n\t\t\t\t<h3 class=\"elementor-portfolio-item__title\">\n\t\tMA POULE &#8211; NANTES (44)\t\t<\/h3>\n\t\t\t\t<\/div>\n\t\t\t\t<\/a>\n\t\t<\/article>\n\t\t\t\t<article class=\"elementor-portfolio-item elementor-post elementor-filter-53 post-5683 dt_portfolio type-dt_portfolio status-publish has-post-thumbnail hentry dt_portfolio_category-chocolaterie-patisserie-fine-en\" role=\"listitem\">\n\t\t\t<a class=\"elementor-post__thumbnail__link\" href=\"https:\/\/www.ocf.fr\/en\/realisation\/the-connaught-londres-grande-bretagne\/\">\n\t\t\t\t<div class=\"elementor-portfolio-item__img elementor-post__thumbnail\">\n\t\t\t<img loading=\"lazy\" decoding=\"async\" width=\"600\" height=\"409\" src=\"https:\/\/www.ocf.fr\/wp-content\/uploads\/2021\/04\/VITRINE-A-TIROIR-The-Connaught-LONDRES-2-ConvertImage.jpeg\" class=\"attachment-medium size-medium wp-image-4826\" alt=\"\" \/>\t\t<\/div>\n\t\t\t\t<div class=\"elementor-portfolio-item__overlay\">\n\t\t\t\t<h3 class=\"elementor-portfolio-item__title\">\n\t\tTHE CONNAUGHT \u2013 LONDRES (GRANDE-BRETAGNE)\t\t<\/h3>\n\t\t\t\t<\/div>\n\t\t\t\t<\/a>\n\t\t<\/article>\n\t\t\t\t<article class=\"elementor-portfolio-item elementor-post elementor-filter-53 post-5698 dt_portfolio type-dt_portfolio status-publish has-post-thumbnail hentry dt_portfolio_category-chocolaterie-patisserie-fine-en\" role=\"listitem\">\n\t\t\t<a class=\"elementor-post__thumbnail__link\" href=\"https:\/\/www.ocf.fr\/en\/realisation\/le-delice-des-papilles\/\">\n\t\t\t\t<div class=\"elementor-portfolio-item__img elementor-post__thumbnail\">\n\t\t\t<img loading=\"lazy\" decoding=\"async\" width=\"600\" height=\"450\" src=\"https:\/\/www.ocf.fr\/wp-content\/uploads\/2021\/02\/le-delice-des-papilles-bruniquel-82-vitrines-re\u0301frigerees-ocf-3-600x450.jpg\" class=\"attachment-medium size-medium wp-image-4712\" alt=\"Le Delice des papilles - Bruniquel 82 - Vitrines re\u0301frig\u00e9r\u00e9es - OCF\" srcset=\"https:\/\/www.ocf.fr\/wp-content\/uploads\/2021\/02\/le-delice-des-papilles-bruniquel-82-vitrines-re\u0301frigerees-ocf-3-600x450.jpg 600w, https:\/\/www.ocf.fr\/wp-content\/uploads\/2021\/02\/le-delice-des-papilles-bruniquel-82-vitrines-re\u0301frigerees-ocf-3-1200x900.jpg 1200w, https:\/\/www.ocf.fr\/wp-content\/uploads\/2021\/02\/le-delice-des-papilles-bruniquel-82-vitrines-re\u0301frigerees-ocf-3-768x576.jpg 768w, https:\/\/www.ocf.fr\/wp-content\/uploads\/2021\/02\/le-delice-des-papilles-bruniquel-82-vitrines-re\u0301frigerees-ocf-3-1536x1152.jpg 1536w, https:\/\/www.ocf.fr\/wp-content\/uploads\/2021\/02\/le-delice-des-papilles-bruniquel-82-vitrines-re\u0301frigerees-ocf-3.jpg 2016w\" sizes=\"(max-width: 600px) 100vw, 600px\" \/>\t\t<\/div>\n\t\t\t\t<div class=\"elementor-portfolio-item__overlay\">\n\t\t\t\t<h3 class=\"elementor-portfolio-item__title\">\n\t\tLE D\u00c9LICE DES PAPILLES\t\t<\/h3>\n\t\t\t\t<\/div>\n\t\t\t\t<\/a>\n\t\t<\/article>\n\t\t\t\t<article class=\"elementor-portfolio-item elementor-post elementor-filter-54 post-5691 dt_portfolio type-dt_portfolio status-publish has-post-thumbnail hentry dt_portfolio_category-boucherie-fromagerie-traiteur-en\" role=\"listitem\">\n\t\t\t<a class=\"elementor-post__thumbnail__link\" href=\"https:\/\/www.ocf.fr\/en\/realisation\/maison-martius-la-rochelle\/\">\n\t\t\t\t<div class=\"elementor-portfolio-item__img elementor-post__thumbnail\">\n\t\t\t<img loading=\"lazy\" decoding=\"async\" width=\"450\" height=\"600\" src=\"https:\/\/www.ocf.fr\/wp-content\/uploads\/2021\/04\/MAISON-MARTIUS-LA-ROCHELLE-1-450x600.jpg\" class=\"attachment-medium size-medium wp-image-4777\" alt=\"\" srcset=\"https:\/\/www.ocf.fr\/wp-content\/uploads\/2021\/04\/MAISON-MARTIUS-LA-ROCHELLE-1-450x600.jpg 450w, https:\/\/www.ocf.fr\/wp-content\/uploads\/2021\/04\/MAISON-MARTIUS-LA-ROCHELLE-1-900x1200.jpg 900w, https:\/\/www.ocf.fr\/wp-content\/uploads\/2021\/04\/MAISON-MARTIUS-LA-ROCHELLE-1-768x1024.jpg 768w, https:\/\/www.ocf.fr\/wp-content\/uploads\/2021\/04\/MAISON-MARTIUS-LA-ROCHELLE-1.jpg 960w\" sizes=\"(max-width: 450px) 100vw, 450px\" \/>\t\t<\/div>\n\t\t\t\t<div class=\"elementor-portfolio-item__overlay\">\n\t\t\t\t<h3 class=\"elementor-portfolio-item__title\">\n\t\tMAISON MARTIUS &#8211; LA ROCHELLE\t\t<\/h3>\n\t\t\t\t<\/div>\n\t\t\t\t<\/a>\n\t\t<\/article>\n\t\t\t\t<article class=\"elementor-portfolio-item elementor-post elementor-filter-54 post-4045 dt_portfolio type-dt_portfolio status-publish has-post-thumbnail hentry dt_portfolio_category-boucherie-fromagerie-traiteur-en\" role=\"listitem\">\n\t\t\t<a class=\"elementor-post__thumbnail__link\" href=\"https:\/\/www.ocf.fr\/en\/realisation\/la-boucherie-giromagny-luxeuil-les-bains-70\/\">\n\t\t\t\t<div class=\"elementor-portfolio-item__img elementor-post__thumbnail\">\n\t\t\t<img loading=\"lazy\" decoding=\"async\" width=\"600\" height=\"400\" src=\"https:\/\/www.ocf.fr\/wp-content\/uploads\/2020\/05\/boucherie-giromagny-70300-luxeuil-les-bains-vitrine-refrigeree-ocf-1-600x400.jpg\" class=\"attachment-medium size-medium wp-image-1920\" alt=\"Boucherie Giromagny - 70300 Luxeuil Les Bains - Vitrine r\u00e9frig\u00e9r\u00e9e OCF\" srcset=\"https:\/\/www.ocf.fr\/wp-content\/uploads\/2020\/05\/boucherie-giromagny-70300-luxeuil-les-bains-vitrine-refrigeree-ocf-1-600x400.jpg 600w, https:\/\/www.ocf.fr\/wp-content\/uploads\/2020\/05\/boucherie-giromagny-70300-luxeuil-les-bains-vitrine-refrigeree-ocf-1-768x512.jpg 768w, https:\/\/www.ocf.fr\/wp-content\/uploads\/2020\/05\/boucherie-giromagny-70300-luxeuil-les-bains-vitrine-refrigeree-ocf-1.jpg 1200w\" sizes=\"(max-width: 600px) 100vw, 600px\" \/>\t\t<\/div>\n\t\t\t\t<div class=\"elementor-portfolio-item__overlay\">\n\t\t\t\t<h3 class=\"elementor-portfolio-item__title\">\n\t\tLA BOUCHERIE GIROMAGNY &#8211; LUXEUIL-LES-BAINS (70)\t\t<\/h3>\n\t\t\t\t<\/div>\n\t\t\t\t<\/a>\n\t\t<\/article>\n\t\t\t\t<article class=\"elementor-portfolio-item elementor-post elementor-filter-53 post-4004 dt_portfolio type-dt_portfolio status-publish has-post-thumbnail hentry dt_portfolio_category-chocolaterie-patisserie-fine-en\" role=\"listitem\">\n\t\t\t<a class=\"elementor-post__thumbnail__link\" href=\"https:\/\/www.ocf.fr\/en\/realisation\/olivier-stehly-paris-75\/\">\n\t\t\t\t<div class=\"elementor-portfolio-item__img elementor-post__thumbnail\">\n\t\t\t<img loading=\"lazy\" decoding=\"async\" width=\"450\" height=\"600\" src=\"https:\/\/www.ocf.fr\/wp-content\/uploads\/2020\/03\/olivier-stehly-paris-450x600.jpg\" class=\"attachment-medium size-medium wp-image-1525\" alt=\"\" srcset=\"https:\/\/www.ocf.fr\/wp-content\/uploads\/2020\/03\/olivier-stehly-paris-450x600.jpg 450w, https:\/\/www.ocf.fr\/wp-content\/uploads\/2020\/03\/olivier-stehly-paris-900x1200.jpg 900w, https:\/\/www.ocf.fr\/wp-content\/uploads\/2020\/03\/olivier-stehly-paris-768x1024.jpg 768w, https:\/\/www.ocf.fr\/wp-content\/uploads\/2020\/03\/olivier-stehly-paris-1152x1536.jpg 1152w, https:\/\/www.ocf.fr\/wp-content\/uploads\/2020\/03\/olivier-stehly-paris.jpg 1200w\" sizes=\"(max-width: 450px) 100vw, 450px\" \/>\t\t<\/div>\n\t\t\t\t<div class=\"elementor-portfolio-item__overlay\">\n\t\t\t\t<h3 class=\"elementor-portfolio-item__title\">\n\t\tOLIVIER STEHLY &#8211; PARIS (75)\t\t<\/h3>\n\t\t\t\t<\/div>\n\t\t\t\t<\/a>\n\t\t<\/article>\n\t\t\t\t<article class=\"elementor-portfolio-item elementor-post elementor-filter-52 post-3993 dt_portfolio type-dt_portfolio status-publish has-post-thumbnail hentry dt_portfolio_category-bakery\" role=\"listitem\">\n\t\t\t<a class=\"elementor-post__thumbnail__link\" href=\"https:\/\/www.ocf.fr\/en\/realisation\/maison-ponnier-bressuire-79\/\">\n\t\t\t\t<div class=\"elementor-portfolio-item__img elementor-post__thumbnail\">\n\t\t\t<img loading=\"lazy\" decoding=\"async\" width=\"600\" height=\"450\" src=\"https:\/\/www.ocf.fr\/wp-content\/uploads\/2020\/06\/maison-ponnier-bressuire-79-vitrine-refrigeree-ocf-5-600x450.jpg\" class=\"attachment-medium size-medium wp-image-3217\" alt=\"Maison Ponnier - Bressuire (79) - Vitrine r\u00e9frig\u00e9r\u00e9e OCF\" srcset=\"https:\/\/www.ocf.fr\/wp-content\/uploads\/2020\/06\/maison-ponnier-bressuire-79-vitrine-refrigeree-ocf-5-600x450.jpg 600w, https:\/\/www.ocf.fr\/wp-content\/uploads\/2020\/06\/maison-ponnier-bressuire-79-vitrine-refrigeree-ocf-5-1200x900.jpg 1200w, https:\/\/www.ocf.fr\/wp-content\/uploads\/2020\/06\/maison-ponnier-bressuire-79-vitrine-refrigeree-ocf-5-768x576.jpg 768w, https:\/\/www.ocf.fr\/wp-content\/uploads\/2020\/06\/maison-ponnier-bressuire-79-vitrine-refrigeree-ocf-5-1536x1152.jpg 1536w, https:\/\/www.ocf.fr\/wp-content\/uploads\/2020\/06\/maison-ponnier-bressuire-79-vitrine-refrigeree-ocf-5-2048x1536.jpg 2048w\" sizes=\"(max-width: 600px) 100vw, 600px\" \/>\t\t<\/div>\n\t\t\t\t<div class=\"elementor-portfolio-item__overlay\">\n\t\t\t\t<h3 class=\"elementor-portfolio-item__title\">\n\t\tMAISON PONNIER &#8211; BRESSUIRE (79)\t\t<\/h3>\n\t\t\t\t<\/div>\n\t\t\t\t<\/a>\n\t\t<\/article>\n\t\t\t\t<article class=\"elementor-portfolio-item elementor-post elementor-filter-51 post-3973 dt_portfolio type-dt_portfolio status-publish has-post-thumbnail hentry dt_portfolio_category-lieu-dexception-en\" role=\"listitem\">\n\t\t\t<a class=\"elementor-post__thumbnail__link\" href=\"https:\/\/www.ocf.fr\/en\/realisation\/cafe-de-paris-monte-carlo-monaco\/\">\n\t\t\t\t<div class=\"elementor-portfolio-item__img elementor-post__thumbnail\">\n\t\t\t<img loading=\"lazy\" decoding=\"async\" width=\"600\" height=\"450\" src=\"https:\/\/www.ocf.fr\/wp-content\/uploads\/2020\/06\/cafe-de-paris-75000-vitrine-refrigeree-ocf-2-600x450.jpg\" class=\"attachment-medium size-medium wp-image-3454\" alt=\"Caf\u00e9 de Paris (75) - Vitrine r\u00e9frig\u00e9r\u00e9e OCF\" srcset=\"https:\/\/www.ocf.fr\/wp-content\/uploads\/2020\/06\/cafe-de-paris-75000-vitrine-refrigeree-ocf-2-600x450.jpg 600w, https:\/\/www.ocf.fr\/wp-content\/uploads\/2020\/06\/cafe-de-paris-75000-vitrine-refrigeree-ocf-2.jpg 640w\" sizes=\"(max-width: 600px) 100vw, 600px\" \/>\t\t<\/div>\n\t\t\t\t<div class=\"elementor-portfolio-item__overlay\">\n\t\t\t\t<h3 class=\"elementor-portfolio-item__title\">\n\t\tCAF\u00c9 DE PARIS &#8211; MONTE CARLO &#8211; MONACO\t\t<\/h3>\n\t\t\t\t<\/div>\n\t\t\t\t<\/a>\n\t\t<\/article>\n\t\t\t\t<article class=\"elementor-portfolio-item elementor-post elementor-filter-53 post-4007 dt_portfolio type-dt_portfolio status-publish has-post-thumbnail hentry dt_portfolio_category-chocolaterie-patisserie-fine-en\" role=\"listitem\">\n\t\t\t<a class=\"elementor-post__thumbnail__link\" href=\"https:\/\/www.ocf.fr\/en\/realisation\/bernachon-paris-75\/\">\n\t\t\t\t<div class=\"elementor-portfolio-item__img elementor-post__thumbnail\">\n\t\t\t<img loading=\"lazy\" decoding=\"async\" width=\"600\" height=\"450\" src=\"https:\/\/www.ocf.fr\/wp-content\/uploads\/2020\/05\/bernachon-75006-paris-vitrine-refrigeree-ocf-2-600x450.jpg\" class=\"attachment-medium size-medium wp-image-2343\" alt=\"Bernachon - Paris (75006) - Vitrine r\u00e9frig\u00e9r\u00e9e OCF\" srcset=\"https:\/\/www.ocf.fr\/wp-content\/uploads\/2020\/05\/bernachon-75006-paris-vitrine-refrigeree-ocf-2-600x450.jpg 600w, https:\/\/www.ocf.fr\/wp-content\/uploads\/2020\/05\/bernachon-75006-paris-vitrine-refrigeree-ocf-2-768x576.jpg 768w, https:\/\/www.ocf.fr\/wp-content\/uploads\/2020\/05\/bernachon-75006-paris-vitrine-refrigeree-ocf-2.jpg 1200w\" sizes=\"(max-width: 600px) 100vw, 600px\" \/>\t\t<\/div>\n\t\t\t\t<div class=\"elementor-portfolio-item__overlay\">\n\t\t\t\t<h3 class=\"elementor-portfolio-item__title\">\n\t\tBERNACHON &#8211; PARIS (75)\t\t<\/h3>\n\t\t\t\t<\/div>\n\t\t\t\t<\/a>\n\t\t<\/article>\n\t\t\t\t<article class=\"elementor-portfolio-item elementor-post elementor-filter-52 post-3996 dt_portfolio type-dt_portfolio status-publish has-post-thumbnail hentry dt_portfolio_category-bakery\" role=\"listitem\">\n\t\t\t<a class=\"elementor-post__thumbnail__link\" href=\"https:\/\/www.ocf.fr\/en\/realisation\/aux-petits-gourmands-st-gervais-74\/\">\n\t\t\t\t<div class=\"elementor-portfolio-item__img elementor-post__thumbnail\">\n\t\t\t<img loading=\"lazy\" decoding=\"async\" width=\"600\" height=\"450\" src=\"https:\/\/www.ocf.fr\/wp-content\/uploads\/2020\/09\/aux-petits-gourmands-saint-gervais-vitrine-refrigeree-ocf-600x450.jpg\" class=\"attachment-medium size-medium wp-image-3893\" alt=\"\" srcset=\"https:\/\/www.ocf.fr\/wp-content\/uploads\/2020\/09\/aux-petits-gourmands-saint-gervais-vitrine-refrigeree-ocf-600x450.jpg 600w, https:\/\/www.ocf.fr\/wp-content\/uploads\/2020\/09\/aux-petits-gourmands-saint-gervais-vitrine-refrigeree-ocf-768x576.jpg 768w, https:\/\/www.ocf.fr\/wp-content\/uploads\/2020\/09\/aux-petits-gourmands-saint-gervais-vitrine-refrigeree-ocf.jpg 960w\" sizes=\"(max-width: 600px) 100vw, 600px\" \/>\t\t<\/div>\n\t\t\t\t<div class=\"elementor-portfolio-item__overlay\">\n\t\t\t\t<h3 class=\"elementor-portfolio-item__title\">\n\t\tAUX PETITS GOURMANDS &#8211; ST GERVAIS (74)\t\t<\/h3>\n\t\t\t\t<\/div>\n\t\t\t\t<\/a>\n\t\t<\/article>\n\t\t\t\t<article class=\"elementor-portfolio-item elementor-post elementor-filter-51 post-3979 dt_portfolio type-dt_portfolio status-publish has-post-thumbnail hentry dt_portfolio_category-lieu-dexception-en\" role=\"listitem\">\n\t\t\t<a class=\"elementor-post__thumbnail__link\" href=\"https:\/\/www.ocf.fr\/en\/realisation\/cap-eden-rock-antibes-06\/\">\n\t\t\t\t<div class=\"elementor-portfolio-item__img elementor-post__thumbnail\">\n\t\t\t<img loading=\"lazy\" decoding=\"async\" width=\"600\" height=\"395\" src=\"https:\/\/www.ocf.fr\/wp-content\/uploads\/2020\/06\/cap-eden-rock-antibes-vitrine-refrigeree-ocf-600x395.jpg\" class=\"attachment-medium size-medium wp-image-3472\" alt=\"Cap Eden Rock - Antibes - Vitrine r\u00e9frig\u00e9r\u00e9e OCF\" srcset=\"https:\/\/www.ocf.fr\/wp-content\/uploads\/2020\/06\/cap-eden-rock-antibes-vitrine-refrigeree-ocf-600x395.jpg 600w, https:\/\/www.ocf.fr\/wp-content\/uploads\/2020\/06\/cap-eden-rock-antibes-vitrine-refrigeree-ocf-768x506.jpg 768w, https:\/\/www.ocf.fr\/wp-content\/uploads\/2020\/06\/cap-eden-rock-antibes-vitrine-refrigeree-ocf.jpg 960w\" sizes=\"(max-width: 600px) 100vw, 600px\" \/>\t\t<\/div>\n\t\t\t\t<div class=\"elementor-portfolio-item__overlay\">\n\t\t\t\t<h3 class=\"elementor-portfolio-item__title\">\n\t\tCAP EDEN ROCK &#8211; ANTIBES (06)\t\t<\/h3>\n\t\t\t\t<\/div>\n\t\t\t\t<\/a>\n\t\t<\/article>\n\t\t\t\t<article class=\"elementor-portfolio-item elementor-post elementor-filter-54 post-4065 dt_portfolio type-dt_portfolio status-publish has-post-thumbnail hentry dt_portfolio_category-boucherie-fromagerie-traiteur-en\" role=\"listitem\">\n\t\t\t<a class=\"elementor-post__thumbnail__link\" href=\"https:\/\/www.ocf.fr\/en\/realisation\/boucherie-fessard-chambray-les-tours-37\/\">\n\t\t\t\t<div class=\"elementor-portfolio-item__img elementor-post__thumbnail\">\n\t\t\t<img loading=\"lazy\" decoding=\"async\" width=\"450\" height=\"600\" src=\"https:\/\/www.ocf.fr\/wp-content\/uploads\/2020\/03\/FESSARD-BOUCHERIE-2-450x600.jpg\" class=\"attachment-medium size-medium wp-image-1456\" alt=\"\" srcset=\"https:\/\/www.ocf.fr\/wp-content\/uploads\/2020\/03\/FESSARD-BOUCHERIE-2-450x600.jpg 450w, https:\/\/www.ocf.fr\/wp-content\/uploads\/2020\/03\/FESSARD-BOUCHERIE-2-900x1200.jpg 900w, https:\/\/www.ocf.fr\/wp-content\/uploads\/2020\/03\/FESSARD-BOUCHERIE-2-768x1024.jpg 768w, https:\/\/www.ocf.fr\/wp-content\/uploads\/2020\/03\/FESSARD-BOUCHERIE-2-1152x1536.jpg 1152w, https:\/\/www.ocf.fr\/wp-content\/uploads\/2020\/03\/FESSARD-BOUCHERIE-2-1536x2048.jpg 1536w, https:\/\/www.ocf.fr\/wp-content\/uploads\/2020\/03\/FESSARD-BOUCHERIE-2-scaled.jpg 1920w\" sizes=\"(max-width: 450px) 100vw, 450px\" \/>\t\t<\/div>\n\t\t\t\t<div class=\"elementor-portfolio-item__overlay\">\n\t\t\t\t<h3 class=\"elementor-portfolio-item__title\">\n\t\tBOUCHERIE FESSARD &#8211; CHAMBRAY LES TOURS (37)\t\t<\/h3>\n\t\t\t\t<\/div>\n\t\t\t\t<\/a>\n\t\t<\/article>\n\t\t\t\t<article class=\"elementor-portfolio-item elementor-post elementor-filter-54 post-4062 dt_portfolio type-dt_portfolio status-publish has-post-thumbnail hentry dt_portfolio_category-boucherie-fromagerie-traiteur-en\" role=\"listitem\">\n\t\t\t<a class=\"elementor-post__thumbnail__link\" href=\"https:\/\/www.ocf.fr\/en\/realisation\/cooperative-jeune-montagne-laguiole-12\/\">\n\t\t\t\t<div class=\"elementor-portfolio-item__img elementor-post__thumbnail\">\n\t\t\t<img loading=\"lazy\" decoding=\"async\" width=\"600\" height=\"450\" src=\"https:\/\/www.ocf.fr\/wp-content\/uploads\/2020\/03\/cooperative-jeune-montagne-12210-laguiole-vitrine-refrigeree-ocf-3-600x450.jpg\" class=\"attachment-medium size-medium wp-image-2108\" alt=\"Coop\u00e9rative Jeune Montagne - 12210 Laguiole - Vitrine r\u00e9frig\u00e9r\u00e9e OCF\" srcset=\"https:\/\/www.ocf.fr\/wp-content\/uploads\/2020\/03\/cooperative-jeune-montagne-12210-laguiole-vitrine-refrigeree-ocf-3-600x450.jpg 600w, https:\/\/www.ocf.fr\/wp-content\/uploads\/2020\/03\/cooperative-jeune-montagne-12210-laguiole-vitrine-refrigeree-ocf-3-768x576.jpg 768w, https:\/\/www.ocf.fr\/wp-content\/uploads\/2020\/03\/cooperative-jeune-montagne-12210-laguiole-vitrine-refrigeree-ocf-3.jpg 1200w\" sizes=\"(max-width: 600px) 100vw, 600px\" \/>\t\t<\/div>\n\t\t\t\t<div class=\"elementor-portfolio-item__overlay\">\n\t\t\t\t<h3 class=\"elementor-portfolio-item__title\">\n\t\tCOOP\u00c9RATIVE JEUNE MONTAGNE &#8211; LAGUIOLE (12)\t\t<\/h3>\n\t\t\t\t<\/div>\n\t\t\t\t<\/a>\n\t\t<\/article>\n\t\t\t\t<article class=\"elementor-portfolio-item elementor-post elementor-filter-53 post-4011 dt_portfolio type-dt_portfolio status-publish has-post-thumbnail hentry dt_portfolio_category-chocolaterie-patisserie-fine-en\" role=\"listitem\">\n\t\t\t<a class=\"elementor-post__thumbnail__link\" href=\"https:\/\/www.ocf.fr\/en\/realisation\/patrick-gelencser-la-roche-sur-yon-85\/\">\n\t\t\t\t<div class=\"elementor-portfolio-item__img elementor-post__thumbnail\">\n\t\t\t<img loading=\"lazy\" decoding=\"async\" width=\"600\" height=\"450\" src=\"https:\/\/www.ocf.fr\/wp-content\/uploads\/2020\/05\/patrick-gelencser-85000-la-roche-sur-yon-vitrine-refrigeree-ocf-3-600x450.jpg\" class=\"attachment-medium size-medium wp-image-2573\" alt=\"Patrick Gelencser - La Roche Sur Yon (85) - Vitrine r\u00e9frig\u00e9r\u00e9e OCF\" srcset=\"https:\/\/www.ocf.fr\/wp-content\/uploads\/2020\/05\/patrick-gelencser-85000-la-roche-sur-yon-vitrine-refrigeree-ocf-3-600x450.jpg 600w, https:\/\/www.ocf.fr\/wp-content\/uploads\/2020\/05\/patrick-gelencser-85000-la-roche-sur-yon-vitrine-refrigeree-ocf-3-768x576.jpg 768w, https:\/\/www.ocf.fr\/wp-content\/uploads\/2020\/05\/patrick-gelencser-85000-la-roche-sur-yon-vitrine-refrigeree-ocf-3.jpg 1200w\" sizes=\"(max-width: 600px) 100vw, 600px\" \/>\t\t<\/div>\n\t\t\t\t<div class=\"elementor-portfolio-item__overlay\">\n\t\t\t\t<h3 class=\"elementor-portfolio-item__title\">\n\t\tPATRICK GELENCSER &#8211; LA ROCHE SUR YON (85)\t\t<\/h3>\n\t\t\t\t<\/div>\n\t\t\t\t<\/a>\n\t\t<\/article>\n\t\t\t\t<article class=\"elementor-portfolio-item elementor-post elementor-filter-52 post-4001 dt_portfolio type-dt_portfolio status-publish has-post-thumbnail hentry dt_portfolio_category-bakery\" role=\"listitem\">\n\t\t\t<a class=\"elementor-post__thumbnail__link\" href=\"https:\/\/www.ocf.fr\/en\/realisation\/maison-montziols-st-maurice-94\/\">\n\t\t\t\t<div class=\"elementor-portfolio-item__img elementor-post__thumbnail\">\n\t\t\t<img loading=\"lazy\" decoding=\"async\" width=\"600\" height=\"400\" src=\"https:\/\/www.ocf.fr\/wp-content\/uploads\/2020\/05\/maison-montziols-94410-saint-maurice-vitrine-refrigeree-ocf-2-600x400.jpg\" class=\"attachment-medium size-medium wp-image-2366\" alt=\"Maison Montziols - 94410 St Maurice - Vitrine r\u00e9frig\u00e9r\u00e9e OCF\" srcset=\"https:\/\/www.ocf.fr\/wp-content\/uploads\/2020\/05\/maison-montziols-94410-saint-maurice-vitrine-refrigeree-ocf-2-600x400.jpg 600w, https:\/\/www.ocf.fr\/wp-content\/uploads\/2020\/05\/maison-montziols-94410-saint-maurice-vitrine-refrigeree-ocf-2-768x512.jpg 768w, https:\/\/www.ocf.fr\/wp-content\/uploads\/2020\/05\/maison-montziols-94410-saint-maurice-vitrine-refrigeree-ocf-2.jpg 1200w\" sizes=\"(max-width: 600px) 100vw, 600px\" \/>\t\t<\/div>\n\t\t\t\t<div class=\"elementor-portfolio-item__overlay\">\n\t\t\t\t<h3 class=\"elementor-portfolio-item__title\">\n\t\tMAISON MONTZIOLS &#8211; ST MAURICE (94)\t\t<\/h3>\n\t\t\t\t<\/div>\n\t\t\t\t<\/a>\n\t\t<\/article>\n\t\t\t\t<article class=\"elementor-portfolio-item elementor-post elementor-filter-51 post-3982 dt_portfolio type-dt_portfolio status-publish has-post-thumbnail hentry dt_portfolio_category-lieu-dexception-en\" role=\"listitem\">\n\t\t\t<a class=\"elementor-post__thumbnail__link\" href=\"https:\/\/www.ocf.fr\/en\/realisation\/dimitris-economides-athenes-grece\/\">\n\t\t\t\t<div class=\"elementor-portfolio-item__img elementor-post__thumbnail\">\n\t\t\t<img loading=\"lazy\" decoding=\"async\" width=\"600\" height=\"450\" src=\"https:\/\/www.ocf.fr\/wp-content\/uploads\/2020\/05\/dimitris-economides-athenes-grece-vitrine-refrigeree-ocf-1-600x450.jpg\" class=\"attachment-medium size-medium wp-image-2390\" alt=\"Dimitris Economides - Ath\u00e8nes (Gr\u00e8ce) - vitrine r\u00e9frig\u00e9r\u00e9e OCF\" srcset=\"https:\/\/www.ocf.fr\/wp-content\/uploads\/2020\/05\/dimitris-economides-athenes-grece-vitrine-refrigeree-ocf-1-600x450.jpg 600w, https:\/\/www.ocf.fr\/wp-content\/uploads\/2020\/05\/dimitris-economides-athenes-grece-vitrine-refrigeree-ocf-1-1200x900.jpg 1200w, https:\/\/www.ocf.fr\/wp-content\/uploads\/2020\/05\/dimitris-economides-athenes-grece-vitrine-refrigeree-ocf-1-768x576.jpg 768w, https:\/\/www.ocf.fr\/wp-content\/uploads\/2020\/05\/dimitris-economides-athenes-grece-vitrine-refrigeree-ocf-1-1536x1152.jpg 1536w, https:\/\/www.ocf.fr\/wp-content\/uploads\/2020\/05\/dimitris-economides-athenes-grece-vitrine-refrigeree-ocf-1.jpg 2000w\" sizes=\"(max-width: 600px) 100vw, 600px\" \/>\t\t<\/div>\n\t\t\t\t<div class=\"elementor-portfolio-item__overlay\">\n\t\t\t\t<h3 class=\"elementor-portfolio-item__title\">\n\t\tDIMITRIS-ECONOMIDES &#8211; ATH\u00c8NES (GR\u00c8CE)\t\t<\/h3>\n\t\t\t\t<\/div>\n\t\t\t\t<\/a>\n\t\t<\/article>\n\t\t\t\t<article class=\"elementor-portfolio-item elementor-post elementor-filter-51 post-3988 dt_portfolio type-dt_portfolio status-publish has-post-thumbnail hentry dt_portfolio_category-lieu-dexception-en\" role=\"listitem\">\n\t\t\t<a class=\"elementor-post__thumbnail__link\" href=\"https:\/\/www.ocf.fr\/en\/realisation\/hotel-le-burgundy-paris-75\/\">\n\t\t\t\t<div class=\"elementor-portfolio-item__img elementor-post__thumbnail\">\n\t\t\t<img loading=\"lazy\" decoding=\"async\" width=\"600\" height=\"400\" src=\"https:\/\/www.ocf.fr\/wp-content\/uploads\/2020\/05\/hotel-le-burgundy-75001-paris-vitrine-refrigeree-ocf-600x400.jpg\" class=\"attachment-medium size-medium wp-image-2383\" alt=\"Hotel Le Burgundy - 75001 Paris - Vitrine r\u00e9frig\u00e9r\u00e9e OCF\" srcset=\"https:\/\/www.ocf.fr\/wp-content\/uploads\/2020\/05\/hotel-le-burgundy-75001-paris-vitrine-refrigeree-ocf-600x400.jpg 600w, https:\/\/www.ocf.fr\/wp-content\/uploads\/2020\/05\/hotel-le-burgundy-75001-paris-vitrine-refrigeree-ocf-768x512.jpg 768w, https:\/\/www.ocf.fr\/wp-content\/uploads\/2020\/05\/hotel-le-burgundy-75001-paris-vitrine-refrigeree-ocf.jpg 1200w\" sizes=\"(max-width: 600px) 100vw, 600px\" \/>\t\t<\/div>\n\t\t\t\t<div class=\"elementor-portfolio-item__overlay\">\n\t\t\t\t<h3 class=\"elementor-portfolio-item__title\">\n\t\tHOTEL LE BURGUNDY &#8211; PARIS (75)\t\t<\/h3>\n\t\t\t\t<\/div>\n\t\t\t\t<\/a>\n\t\t<\/article>\n\t\t\t\t<article class=\"elementor-portfolio-item elementor-post elementor-filter-54 post-4068 dt_portfolio type-dt_portfolio status-publish has-post-thumbnail hentry dt_portfolio_category-boucherie-fromagerie-traiteur-en\" role=\"listitem\">\n\t\t\t<a class=\"elementor-post__thumbnail__link\" href=\"https:\/\/www.ocf.fr\/en\/realisation\/cafe-michalak-paris-75\/\">\n\t\t\t\t<div class=\"elementor-portfolio-item__img elementor-post__thumbnail\">\n\t\t\t<img loading=\"lazy\" decoding=\"async\" width=\"600\" height=\"400\" src=\"https:\/\/www.ocf.fr\/wp-content\/uploads\/2020\/03\/cafe-michalak-75-paris-vitrine-refrigeree-ocf-5-600x400.jpg\" class=\"attachment-medium size-medium wp-image-3286\" alt=\"CAF\u00c9 MICHALAK - PARIS (75) - Vitrine r\u00e9frig\u00e9r\u00e9e OCF\" srcset=\"https:\/\/www.ocf.fr\/wp-content\/uploads\/2020\/03\/cafe-michalak-75-paris-vitrine-refrigeree-ocf-5-600x400.jpg 600w, https:\/\/www.ocf.fr\/wp-content\/uploads\/2020\/03\/cafe-michalak-75-paris-vitrine-refrigeree-ocf-5-1200x800.jpg 1200w, https:\/\/www.ocf.fr\/wp-content\/uploads\/2020\/03\/cafe-michalak-75-paris-vitrine-refrigeree-ocf-5-768x512.jpg 768w, https:\/\/www.ocf.fr\/wp-content\/uploads\/2020\/03\/cafe-michalak-75-paris-vitrine-refrigeree-ocf-5-1536x1024.jpg 1536w, https:\/\/www.ocf.fr\/wp-content\/uploads\/2020\/03\/cafe-michalak-75-paris-vitrine-refrigeree-ocf-5-2048x1365.jpg 2048w\" sizes=\"(max-width: 600px) 100vw, 600px\" \/>\t\t<\/div>\n\t\t\t\t<div class=\"elementor-portfolio-item__overlay\">\n\t\t\t\t<h3 class=\"elementor-portfolio-item__title\">\n\t\tCAF\u00c9 MICHALAK &#8211; PARIS (75)\t\t<\/h3>\n\t\t\t\t<\/div>\n\t\t\t\t<\/a>\n\t\t<\/article>\n\t\t\t\t<article class=\"elementor-portfolio-item elementor-post elementor-filter-53 post-4014 dt_portfolio type-dt_portfolio status-publish has-post-thumbnail hentry dt_portfolio_category-chocolaterie-patisserie-fine-en\" role=\"listitem\">\n\t\t\t<a class=\"elementor-post__thumbnail__link\" href=\"https:\/\/www.ocf.fr\/en\/realisation\/vincent-vallee-les-sables-dolonne-85\/\">\n\t\t\t\t<div class=\"elementor-portfolio-item__img elementor-post__thumbnail\">\n\t\t\t<img loading=\"lazy\" decoding=\"async\" width=\"600\" height=\"450\" src=\"https:\/\/www.ocf.fr\/wp-content\/uploads\/2020\/05\/vincent-vallee-85100-les-sables-d-olonne-vitrine-refrigeree-ocf-2-600x450.jpg\" class=\"attachment-medium size-medium wp-image-2960\" alt=\"Vincent Vall\u00e9e - Les Sables d&#039;Olonne (85100) - Vitrine r\u00e9frig\u00e9r\u00e9e OCF\" srcset=\"https:\/\/www.ocf.fr\/wp-content\/uploads\/2020\/05\/vincent-vallee-85100-les-sables-d-olonne-vitrine-refrigeree-ocf-2-600x450.jpg 600w, https:\/\/www.ocf.fr\/wp-content\/uploads\/2020\/05\/vincent-vallee-85100-les-sables-d-olonne-vitrine-refrigeree-ocf-2-768x576.jpg 768w, https:\/\/www.ocf.fr\/wp-content\/uploads\/2020\/05\/vincent-vallee-85100-les-sables-d-olonne-vitrine-refrigeree-ocf-2.jpg 1200w\" sizes=\"(max-width: 600px) 100vw, 600px\" \/>\t\t<\/div>\n\t\t\t\t<div class=\"elementor-portfolio-item__overlay\">\n\t\t\t\t<h3 class=\"elementor-portfolio-item__title\">\n\t\tVINCENT VALL\u00c9E &#8211; LES SABLES D&#8217;OLONNE (85)\t\t<\/h3>\n\t\t\t\t<\/div>\n\t\t\t\t<\/a>\n\t\t<\/article>\n\t\t\t\t<article class=\"elementor-portfolio-item elementor-post elementor-filter-54 post-4072 dt_portfolio type-dt_portfolio status-publish has-post-thumbnail hentry dt_portfolio_category-boucherie-fromagerie-traiteur-en\" role=\"listitem\">\n\t\t\t<a class=\"elementor-post__thumbnail__link\" href=\"https:\/\/www.ocf.fr\/en\/realisation\/la-ferme-dalexandre-st-placide-75\/\">\n\t\t\t\t<div class=\"elementor-portfolio-item__img elementor-post__thumbnail\">\n\t\t\t<img loading=\"lazy\" decoding=\"async\" width=\"600\" height=\"400\" src=\"https:\/\/www.ocf.fr\/wp-content\/uploads\/2020\/03\/la-ferme-d-alexandre-st-placide-75-vitrine-refrigeree-ocf-11-600x400.jpg\" class=\"attachment-medium size-medium wp-image-3268\" alt=\"LA FERME D&#039;ALEXANDRE - ST PLACIDE - PARIS (75)\" srcset=\"https:\/\/www.ocf.fr\/wp-content\/uploads\/2020\/03\/la-ferme-d-alexandre-st-placide-75-vitrine-refrigeree-ocf-11-600x400.jpg 600w, https:\/\/www.ocf.fr\/wp-content\/uploads\/2020\/03\/la-ferme-d-alexandre-st-placide-75-vitrine-refrigeree-ocf-11-1200x800.jpg 1200w, https:\/\/www.ocf.fr\/wp-content\/uploads\/2020\/03\/la-ferme-d-alexandre-st-placide-75-vitrine-refrigeree-ocf-11-768x512.jpg 768w, https:\/\/www.ocf.fr\/wp-content\/uploads\/2020\/03\/la-ferme-d-alexandre-st-placide-75-vitrine-refrigeree-ocf-11-1536x1024.jpg 1536w, https:\/\/www.ocf.fr\/wp-content\/uploads\/2020\/03\/la-ferme-d-alexandre-st-placide-75-vitrine-refrigeree-ocf-11-2048x1365.jpg 2048w\" sizes=\"(max-width: 600px) 100vw, 600px\" \/>\t\t<\/div>\n\t\t\t\t<div class=\"elementor-portfolio-item__overlay\">\n\t\t\t\t<h3 class=\"elementor-portfolio-item__title\">\n\t\tLA FERME D&#8217;ALEXANDRE &#8211; ST PLACIDE (75)\t\t<\/h3>\n\t\t\t\t<\/div>\n\t\t\t\t<\/a>\n\t\t<\/article>\n\t\t\t\t<article class=\"elementor-portfolio-item elementor-post elementor-filter-53 post-4018 dt_portfolio type-dt_portfolio status-publish has-post-thumbnail hentry dt_portfolio_category-chocolaterie-patisserie-fine-en\" role=\"listitem\">\n\t\t\t<a class=\"elementor-post__thumbnail__link\" href=\"https:\/\/www.ocf.fr\/en\/realisation\/olivier-bajard-perpignan-66\/\">\n\t\t\t\t<div class=\"elementor-portfolio-item__img elementor-post__thumbnail\">\n\t\t\t<img loading=\"lazy\" decoding=\"async\" width=\"600\" height=\"450\" src=\"https:\/\/www.ocf.fr\/wp-content\/uploads\/2020\/06\/olivier-bajard-66-perpignan-vitrine-refrigeree-ocf-600x450.jpg\" class=\"attachment-medium size-medium wp-image-3502\" alt=\"Olivier Bajard - Perpignan 66 - Vitrine r\u00e9frig\u00e9r\u00e9e OCF\" srcset=\"https:\/\/www.ocf.fr\/wp-content\/uploads\/2020\/06\/olivier-bajard-66-perpignan-vitrine-refrigeree-ocf-600x450.jpg 600w, https:\/\/www.ocf.fr\/wp-content\/uploads\/2020\/06\/olivier-bajard-66-perpignan-vitrine-refrigeree-ocf-1200x900.jpg 1200w, https:\/\/www.ocf.fr\/wp-content\/uploads\/2020\/06\/olivier-bajard-66-perpignan-vitrine-refrigeree-ocf-768x576.jpg 768w, https:\/\/www.ocf.fr\/wp-content\/uploads\/2020\/06\/olivier-bajard-66-perpignan-vitrine-refrigeree-ocf-1536x1152.jpg 1536w, https:\/\/www.ocf.fr\/wp-content\/uploads\/2020\/06\/olivier-bajard-66-perpignan-vitrine-refrigeree-ocf-2048x1536.jpg 2048w\" sizes=\"(max-width: 600px) 100vw, 600px\" \/>\t\t<\/div>\n\t\t\t\t<div class=\"elementor-portfolio-item__overlay\">\n\t\t\t\t<h3 class=\"elementor-portfolio-item__title\">\n\t\tOLIVIER BAJARD &#8211; PERPIGNAN (66)\t\t<\/h3>\n\t\t\t\t<\/div>\n\t\t\t\t<\/a>\n\t\t<\/article>\n\t\t\t\t<article class=\"elementor-portfolio-item elementor-post elementor-filter-54 post-4076 dt_portfolio type-dt_portfolio status-publish has-post-thumbnail hentry dt_portfolio_category-boucherie-fromagerie-traiteur-en\" role=\"listitem\">\n\t\t\t<a class=\"elementor-post__thumbnail__link\" href=\"https:\/\/www.ocf.fr\/en\/realisation\/boucherie-dandelion-paris-75\/\">\n\t\t\t\t<div class=\"elementor-portfolio-item__img elementor-post__thumbnail\">\n\t\t\t<img loading=\"lazy\" decoding=\"async\" width=\"600\" height=\"400\" src=\"https:\/\/www.ocf.fr\/wp-content\/uploads\/2020\/05\/boucherie-dandelion-75017-paris-vitrine-refrigeree-ocf-1-600x400.jpg\" class=\"attachment-medium size-medium wp-image-1876\" alt=\"Boucherie Dandelion - 75017 Paris - Vitrine r\u00e9frig\u00e9r\u00e9e OCF\" srcset=\"https:\/\/www.ocf.fr\/wp-content\/uploads\/2020\/05\/boucherie-dandelion-75017-paris-vitrine-refrigeree-ocf-1-600x400.jpg 600w, https:\/\/www.ocf.fr\/wp-content\/uploads\/2020\/05\/boucherie-dandelion-75017-paris-vitrine-refrigeree-ocf-1-768x512.jpg 768w, https:\/\/www.ocf.fr\/wp-content\/uploads\/2020\/05\/boucherie-dandelion-75017-paris-vitrine-refrigeree-ocf-1.jpg 1200w\" sizes=\"(max-width: 600px) 100vw, 600px\" \/>\t\t<\/div>\n\t\t\t\t<div class=\"elementor-portfolio-item__overlay\">\n\t\t\t\t<h3 class=\"elementor-portfolio-item__title\">\n\t\tBOUCHERIE DANDELION &#8211; PARIS (75)\t\t<\/h3>\n\t\t\t\t<\/div>\n\t\t\t\t<\/a>\n\t\t<\/article>\n\t\t\t\t<article class=\"elementor-portfolio-item elementor-post elementor-filter-53 post-4021 dt_portfolio type-dt_portfolio status-publish has-post-thumbnail hentry dt_portfolio_category-chocolaterie-patisserie-fine-en\" role=\"listitem\">\n\t\t\t<a class=\"elementor-post__thumbnail__link\" href=\"https:\/\/www.ocf.fr\/en\/realisation\/maison-serraj-casablanca-maroc\/\">\n\t\t\t\t<div class=\"elementor-portfolio-item__img elementor-post__thumbnail\">\n\t\t\t<img loading=\"lazy\" decoding=\"async\" width=\"600\" height=\"450\" src=\"https:\/\/www.ocf.fr\/wp-content\/uploads\/2020\/04\/serraj-casablanca-maroc-vitrine-refrigeree-ocf-1-600x450.jpg\" class=\"attachment-medium size-medium wp-image-3200\" alt=\"SERRAJ - Casablanca (Maroc) - Vitrine r\u00e9frig\u00e9r\u00e9e OCF\" srcset=\"https:\/\/www.ocf.fr\/wp-content\/uploads\/2020\/04\/serraj-casablanca-maroc-vitrine-refrigeree-ocf-1-600x450.jpg 600w, https:\/\/www.ocf.fr\/wp-content\/uploads\/2020\/04\/serraj-casablanca-maroc-vitrine-refrigeree-ocf-1-1200x900.jpg 1200w, https:\/\/www.ocf.fr\/wp-content\/uploads\/2020\/04\/serraj-casablanca-maroc-vitrine-refrigeree-ocf-1-768x576.jpg 768w, https:\/\/www.ocf.fr\/wp-content\/uploads\/2020\/04\/serraj-casablanca-maroc-vitrine-refrigeree-ocf-1-1536x1152.jpg 1536w, https:\/\/www.ocf.fr\/wp-content\/uploads\/2020\/04\/serraj-casablanca-maroc-vitrine-refrigeree-ocf-1-2048x1536.jpg 2048w\" sizes=\"(max-width: 600px) 100vw, 600px\" \/>\t\t<\/div>\n\t\t\t\t<div class=\"elementor-portfolio-item__overlay\">\n\t\t\t\t<h3 class=\"elementor-portfolio-item__title\">\n\t\tMAISON SERRAJ &#8211; CASABLANCA (MAROC)\t\t<\/h3>\n\t\t\t\t<\/div>\n\t\t\t\t<\/a>\n\t\t<\/article>\n\t\t\t\t<article class=\"elementor-portfolio-item elementor-post elementor-filter-53 post-4055 dt_portfolio type-dt_portfolio status-publish has-post-thumbnail hentry dt_portfolio_category-chocolaterie-patisserie-fine-en\" role=\"listitem\">\n\t\t\t<a class=\"elementor-post__thumbnail__link\" href=\"https:\/\/www.ocf.fr\/en\/realisation\/david-r-lyon-69\/\">\n\t\t\t\t<div class=\"elementor-portfolio-item__img elementor-post__thumbnail\">\n\t\t\t<img loading=\"lazy\" decoding=\"async\" width=\"600\" height=\"450\" src=\"https:\/\/www.ocf.fr\/wp-content\/uploads\/2020\/03\/david-r-69005-lyon-vitrine-refrigeree-ocf-1-600x450.jpg\" class=\"attachment-medium size-medium wp-image-2456\" alt=\"David R - Lyon (69005) - Vitrine r\u00e9frig\u00e9r\u00e9e OCF\" srcset=\"https:\/\/www.ocf.fr\/wp-content\/uploads\/2020\/03\/david-r-69005-lyon-vitrine-refrigeree-ocf-1-600x450.jpg 600w, https:\/\/www.ocf.fr\/wp-content\/uploads\/2020\/03\/david-r-69005-lyon-vitrine-refrigeree-ocf-1-1200x900.jpg 1200w, https:\/\/www.ocf.fr\/wp-content\/uploads\/2020\/03\/david-r-69005-lyon-vitrine-refrigeree-ocf-1-768x576.jpg 768w, https:\/\/www.ocf.fr\/wp-content\/uploads\/2020\/03\/david-r-69005-lyon-vitrine-refrigeree-ocf-1-1536x1152.jpg 1536w, https:\/\/www.ocf.fr\/wp-content\/uploads\/2020\/03\/david-r-69005-lyon-vitrine-refrigeree-ocf-1.jpg 1632w\" sizes=\"(max-width: 600px) 100vw, 600px\" \/>\t\t<\/div>\n\t\t\t\t<div class=\"elementor-portfolio-item__overlay\">\n\t\t\t\t<h3 class=\"elementor-portfolio-item__title\">\n\t\tDAVID R &#8211; LYON (69)\t\t<\/h3>\n\t\t\t\t<\/div>\n\t\t\t\t<\/a>\n\t\t<\/article>\n\t\t\t\t<article class=\"elementor-portfolio-item elementor-post elementor-filter-52 post-4058 dt_portfolio type-dt_portfolio status-publish has-post-thumbnail hentry dt_portfolio_category-bakery\" role=\"listitem\">\n\t\t\t<a class=\"elementor-post__thumbnail__link\" href=\"https:\/\/www.ocf.fr\/en\/realisation\/pain-de-sucre-paris-75\/\">\n\t\t\t\t<div class=\"elementor-portfolio-item__img elementor-post__thumbnail\">\n\t\t\t<img loading=\"lazy\" decoding=\"async\" width=\"600\" height=\"450\" src=\"https:\/\/www.ocf.fr\/wp-content\/uploads\/2020\/03\/pain-de-sucre-paris-75-vitrine-refrigeree-ocf-3-600x450.jpg\" class=\"attachment-medium size-medium wp-image-3513\" alt=\"PAIN DE SUCRE - PARIS 75 - Vitrine r\u00e9frig\u00e9r\u00e9e OCF\" srcset=\"https:\/\/www.ocf.fr\/wp-content\/uploads\/2020\/03\/pain-de-sucre-paris-75-vitrine-refrigeree-ocf-3-600x450.jpg 600w, https:\/\/www.ocf.fr\/wp-content\/uploads\/2020\/03\/pain-de-sucre-paris-75-vitrine-refrigeree-ocf-3-1200x900.jpg 1200w, https:\/\/www.ocf.fr\/wp-content\/uploads\/2020\/03\/pain-de-sucre-paris-75-vitrine-refrigeree-ocf-3-768x576.jpg 768w, https:\/\/www.ocf.fr\/wp-content\/uploads\/2020\/03\/pain-de-sucre-paris-75-vitrine-refrigeree-ocf-3-1536x1152.jpg 1536w, https:\/\/www.ocf.fr\/wp-content\/uploads\/2020\/03\/pain-de-sucre-paris-75-vitrine-refrigeree-ocf-3-2048x1536.jpg 2048w\" sizes=\"(max-width: 600px) 100vw, 600px\" \/>\t\t<\/div>\n\t\t\t\t<div class=\"elementor-portfolio-item__overlay\">\n\t\t\t\t<h3 class=\"elementor-portfolio-item__title\">\n\t\tPAIN DE SUCRE &#8211; PARIS (75)\t\t<\/h3>\n\t\t\t\t<\/div>\n\t\t\t\t<\/a>\n\t\t<\/article>\n\t\t\t\t<article class=\"elementor-portfolio-item elementor-post elementor-filter-53 post-4025 dt_portfolio type-dt_portfolio status-publish has-post-thumbnail hentry dt_portfolio_category-chocolaterie-patisserie-fine-en\" role=\"listitem\">\n\t\t\t<a class=\"elementor-post__thumbnail__link\" href=\"https:\/\/www.ocf.fr\/en\/realisation\/celine-atelier-gourmand-boulogne-billancourt-92\/\">\n\t\t\t\t<div class=\"elementor-portfolio-item__img elementor-post__thumbnail\">\n\t\t\t<img loading=\"lazy\" decoding=\"async\" width=\"600\" height=\"483\" src=\"https:\/\/www.ocf.fr\/wp-content\/uploads\/2020\/06\/celine-atelier-gourmand-92100-boulogne-billancourt-vitrine-refrigeree-ocf-1-1-600x483.jpg\" class=\"attachment-medium size-medium wp-image-2838\" alt=\"C\u00e9line Atelier Gourmand - Boulogne Billancourt (92) - Vitrine r\u00e9frig\u00e9r\u00e9e OCF\" srcset=\"https:\/\/www.ocf.fr\/wp-content\/uploads\/2020\/06\/celine-atelier-gourmand-92100-boulogne-billancourt-vitrine-refrigeree-ocf-1-1-600x483.jpg 600w, https:\/\/www.ocf.fr\/wp-content\/uploads\/2020\/06\/celine-atelier-gourmand-92100-boulogne-billancourt-vitrine-refrigeree-ocf-1-1-1200x965.jpg 1200w, https:\/\/www.ocf.fr\/wp-content\/uploads\/2020\/06\/celine-atelier-gourmand-92100-boulogne-billancourt-vitrine-refrigeree-ocf-1-1-768x618.jpg 768w, https:\/\/www.ocf.fr\/wp-content\/uploads\/2020\/06\/celine-atelier-gourmand-92100-boulogne-billancourt-vitrine-refrigeree-ocf-1-1.jpg 1512w\" sizes=\"(max-width: 600px) 100vw, 600px\" \/>\t\t<\/div>\n\t\t\t\t<div class=\"elementor-portfolio-item__overlay\">\n\t\t\t\t<h3 class=\"elementor-portfolio-item__title\">\n\t\tC\u00c9LINE ATELIER GOURMAND &#8211; BOULOGNE BILLANCOURT (92)\t\t<\/h3>\n\t\t\t\t<\/div>\n\t\t\t\t<\/a>\n\t\t<\/article>\n\t\t\t\t<article class=\"elementor-portfolio-item elementor-post elementor-filter-53 post-4079 dt_portfolio type-dt_portfolio status-publish has-post-thumbnail hentry dt_portfolio_category-chocolaterie-patisserie-fine-en\" role=\"listitem\">\n\t\t\t<a class=\"elementor-post__thumbnail__link\" href=\"https:\/\/www.ocf.fr\/en\/realisation\/henry-passion-chocolat-villefranche-12\/\">\n\t\t\t\t<div class=\"elementor-portfolio-item__img elementor-post__thumbnail\">\n\t\t\t<img loading=\"lazy\" decoding=\"async\" width=\"600\" height=\"450\" src=\"https:\/\/www.ocf.fr\/wp-content\/uploads\/2020\/03\/henry-passion-chocolat-12200-villefranche-de-rouergue-vitrine-refrigeree-ocf-1-600x450.jpg\" class=\"attachment-medium size-medium wp-image-2562\" alt=\"Henry Passion Chocolat -\" srcset=\"https:\/\/www.ocf.fr\/wp-content\/uploads\/2020\/03\/henry-passion-chocolat-12200-villefranche-de-rouergue-vitrine-refrigeree-ocf-1-600x450.jpg 600w, https:\/\/www.ocf.fr\/wp-content\/uploads\/2020\/03\/henry-passion-chocolat-12200-villefranche-de-rouergue-vitrine-refrigeree-ocf-1-1200x900.jpg 1200w, https:\/\/www.ocf.fr\/wp-content\/uploads\/2020\/03\/henry-passion-chocolat-12200-villefranche-de-rouergue-vitrine-refrigeree-ocf-1-768x576.jpg 768w, https:\/\/www.ocf.fr\/wp-content\/uploads\/2020\/03\/henry-passion-chocolat-12200-villefranche-de-rouergue-vitrine-refrigeree-ocf-1-1536x1152.jpg 1536w, https:\/\/www.ocf.fr\/wp-content\/uploads\/2020\/03\/henry-passion-chocolat-12200-villefranche-de-rouergue-vitrine-refrigeree-ocf-1-2048x1536.jpg 2048w\" sizes=\"(max-width: 600px) 100vw, 600px\" \/>\t\t<\/div>\n\t\t\t\t<div class=\"elementor-portfolio-item__overlay\">\n\t\t\t\t<h3 class=\"elementor-portfolio-item__title\">\n\t\tHENRY PASSION CHOCOLAT &#8211; VILLEFRANCHE (12)\t\t<\/h3>\n\t\t\t\t<\/div>\n\t\t\t\t<\/a>\n\t\t<\/article>\n\t\t\t\t<article class=\"elementor-portfolio-item elementor-post elementor-filter-53 post-4028 dt_portfolio type-dt_portfolio status-publish has-post-thumbnail hentry dt_portfolio_category-chocolaterie-patisserie-fine-en\" role=\"listitem\">\n\t\t\t<a class=\"elementor-post__thumbnail__link\" href=\"https:\/\/www.ocf.fr\/en\/realisation\/revillon-chocolatier-roanne-42\/\">\n\t\t\t\t<div class=\"elementor-portfolio-item__img elementor-post__thumbnail\">\n\t\t\t<img loading=\"lazy\" decoding=\"async\" width=\"600\" height=\"450\" src=\"https:\/\/www.ocf.fr\/wp-content\/uploads\/2020\/06\/revillon-chocolatier-42300-roanne-vitrine-refrigeree-ocf-1-600x450.jpg\" class=\"attachment-medium size-medium wp-image-2647\" alt=\"Revillon Chocolatier - 42300 Roanne - Vitrine r\u00e9frig\u00e9r\u00e9e OCF\" srcset=\"https:\/\/www.ocf.fr\/wp-content\/uploads\/2020\/06\/revillon-chocolatier-42300-roanne-vitrine-refrigeree-ocf-1-600x450.jpg 600w, https:\/\/www.ocf.fr\/wp-content\/uploads\/2020\/06\/revillon-chocolatier-42300-roanne-vitrine-refrigeree-ocf-1-1200x900.jpg 1200w, https:\/\/www.ocf.fr\/wp-content\/uploads\/2020\/06\/revillon-chocolatier-42300-roanne-vitrine-refrigeree-ocf-1-768x576.jpg 768w, https:\/\/www.ocf.fr\/wp-content\/uploads\/2020\/06\/revillon-chocolatier-42300-roanne-vitrine-refrigeree-ocf-1-1536x1152.jpg 1536w, https:\/\/www.ocf.fr\/wp-content\/uploads\/2020\/06\/revillon-chocolatier-42300-roanne-vitrine-refrigeree-ocf-1.jpg 2048w\" sizes=\"(max-width: 600px) 100vw, 600px\" \/>\t\t<\/div>\n\t\t\t\t<div class=\"elementor-portfolio-item__overlay\">\n\t\t\t\t<h3 class=\"elementor-portfolio-item__title\">\n\t\tREVILLON CHOCOLATIER &#8211; ROANNE (42)\t\t<\/h3>\n\t\t\t\t<\/div>\n\t\t\t\t<\/a>\n\t\t<\/article>\n\t\t\t\t<article class=\"elementor-portfolio-item elementor-post elementor-filter-53 post-4031 dt_portfolio type-dt_portfolio status-publish has-post-thumbnail hentry dt_portfolio_category-chocolaterie-patisserie-fine-en\" role=\"listitem\">\n\t\t\t<a class=\"elementor-post__thumbnail__link\" href=\"https:\/\/www.ocf.fr\/en\/realisation\/sebastien-bouillet-lyon-69\/\">\n\t\t\t\t<div class=\"elementor-portfolio-item__img elementor-post__thumbnail\">\n\t\t\t<img loading=\"lazy\" decoding=\"async\" width=\"600\" height=\"386\" src=\"https:\/\/www.ocf.fr\/wp-content\/uploads\/2020\/06\/sebastien-bouillet-69000-lyon-vitrine-refrigeree-ocf-1-600x386.jpg\" class=\"attachment-medium size-medium wp-image-2602\" alt=\"S\u00e9bastien Bouillet - Lyon (69) - Vitrine r\u00e9frig\u00e9r\u00e9e OCF\" srcset=\"https:\/\/www.ocf.fr\/wp-content\/uploads\/2020\/06\/sebastien-bouillet-69000-lyon-vitrine-refrigeree-ocf-1-600x386.jpg 600w, https:\/\/www.ocf.fr\/wp-content\/uploads\/2020\/06\/sebastien-bouillet-69000-lyon-vitrine-refrigeree-ocf-1-1200x772.jpg 1200w, https:\/\/www.ocf.fr\/wp-content\/uploads\/2020\/06\/sebastien-bouillet-69000-lyon-vitrine-refrigeree-ocf-1-768x494.jpg 768w, https:\/\/www.ocf.fr\/wp-content\/uploads\/2020\/06\/sebastien-bouillet-69000-lyon-vitrine-refrigeree-ocf-1.jpg 1520w\" sizes=\"(max-width: 600px) 100vw, 600px\" \/>\t\t<\/div>\n\t\t\t\t<div class=\"elementor-portfolio-item__overlay\">\n\t\t\t\t<h3 class=\"elementor-portfolio-item__title\">\n\t\tS\u00c9BASTIEN BOUILLET &#8211; LYON (69)\t\t<\/h3>\n\t\t\t\t<\/div>\n\t\t\t\t<\/a>\n\t\t<\/article>\n\t\t\t\t<article class=\"elementor-portfolio-item elementor-post elementor-filter-53 post-4034 dt_portfolio type-dt_portfolio status-publish has-post-thumbnail hentry dt_portfolio_category-chocolaterie-patisserie-fine-en\" role=\"listitem\">\n\t\t\t<a class=\"elementor-post__thumbnail__link\" href=\"https:\/\/www.ocf.fr\/en\/realisation\/madeleine-de-proust-casablanca-maroc\/\">\n\t\t\t\t<div class=\"elementor-portfolio-item__img elementor-post__thumbnail\">\n\t\t\t<img loading=\"lazy\" decoding=\"async\" width=\"600\" height=\"341\" src=\"https:\/\/www.ocf.fr\/wp-content\/uploads\/2020\/03\/madeleine-de-proust-casablanca-maroc-vitrine-refrigeree-ocf-1-600x341.jpg\" class=\"attachment-medium size-medium wp-image-2417\" alt=\"La Madeleine  de Proust - Casablanca (Maroc) - Vitrine r\u00e9frig\u00e9r\u00e9e OCF\" srcset=\"https:\/\/www.ocf.fr\/wp-content\/uploads\/2020\/03\/madeleine-de-proust-casablanca-maroc-vitrine-refrigeree-ocf-1-600x341.jpg 600w, https:\/\/www.ocf.fr\/wp-content\/uploads\/2020\/03\/madeleine-de-proust-casablanca-maroc-vitrine-refrigeree-ocf-1-768x436.jpg 768w, https:\/\/www.ocf.fr\/wp-content\/uploads\/2020\/03\/madeleine-de-proust-casablanca-maroc-vitrine-refrigeree-ocf-1.jpg 868w\" sizes=\"(max-width: 600px) 100vw, 600px\" \/>\t\t<\/div>\n\t\t\t\t<div class=\"elementor-portfolio-item__overlay\">\n\t\t\t\t<h3 class=\"elementor-portfolio-item__title\">\n\t\tMADELEINE DE PROUST &#8211; CASABLANCA (MAROC)\t\t<\/h3>\n\t\t\t\t<\/div>\n\t\t\t\t<\/a>\n\t\t<\/article>\n\t\t\t\t<article class=\"elementor-portfolio-item elementor-post elementor-filter-53 post-4037 dt_portfolio type-dt_portfolio status-publish has-post-thumbnail hentry dt_portfolio_category-chocolaterie-patisserie-fine-en\" role=\"listitem\">\n\t\t\t<a class=\"elementor-post__thumbnail__link\" href=\"https:\/\/www.ocf.fr\/en\/realisation\/westrose-montreal-canada\/\">\n\t\t\t\t<div class=\"elementor-portfolio-item__img elementor-post__thumbnail\">\n\t\t\t<img loading=\"lazy\" decoding=\"async\" width=\"600\" height=\"600\" src=\"https:\/\/www.ocf.fr\/wp-content\/uploads\/2020\/03\/westrose-montreal-vitrine-refrigeree-ocf-2-600x600.jpg\" class=\"attachment-medium size-medium wp-image-2429\" alt=\"Westrose - Montr\u00e9al (Canada) - Vitrine r\u00e9frig\u00e9r\u00e9e OCF\" srcset=\"https:\/\/www.ocf.fr\/wp-content\/uploads\/2020\/03\/westrose-montreal-vitrine-refrigeree-ocf-2-600x600.jpg 600w, https:\/\/www.ocf.fr\/wp-content\/uploads\/2020\/03\/westrose-montreal-vitrine-refrigeree-ocf-2-150x150.jpg 150w, https:\/\/www.ocf.fr\/wp-content\/uploads\/2020\/03\/westrose-montreal-vitrine-refrigeree-ocf-2.jpg 640w\" sizes=\"(max-width: 600px) 100vw, 600px\" \/>\t\t<\/div>\n\t\t\t\t<div class=\"elementor-portfolio-item__overlay\">\n\t\t\t\t<h3 class=\"elementor-portfolio-item__title\">\n\t\tWESTROSE &#8211; MONTREAL (CANADA)\t\t<\/h3>\n\t\t\t\t<\/div>\n\t\t\t\t<\/a>\n\t\t<\/article>\n\t\t\t\t<article class=\"elementor-portfolio-item elementor-post elementor-filter-53 post-4040 dt_portfolio type-dt_portfolio status-publish has-post-thumbnail hentry dt_portfolio_category-chocolaterie-patisserie-fine-en\" role=\"listitem\">\n\t\t\t<a class=\"elementor-post__thumbnail__link\" href=\"https:\/\/www.ocf.fr\/en\/realisation\/wright-casablanca-maroc\/\">\n\t\t\t\t<div class=\"elementor-portfolio-item__img elementor-post__thumbnail\">\n\t\t\t<img loading=\"lazy\" decoding=\"async\" width=\"600\" height=\"375\" src=\"https:\/\/www.ocf.fr\/wp-content\/uploads\/2020\/03\/wright-casablanca-maroc-vitrine-refrigeree-ocf-1-1-600x375.jpg\" class=\"attachment-medium size-medium wp-image-3381\" alt=\"\" srcset=\"https:\/\/www.ocf.fr\/wp-content\/uploads\/2020\/03\/wright-casablanca-maroc-vitrine-refrigeree-ocf-1-1-600x375.jpg 600w, https:\/\/www.ocf.fr\/wp-content\/uploads\/2020\/03\/wright-casablanca-maroc-vitrine-refrigeree-ocf-1-1-768x480.jpg 768w, https:\/\/www.ocf.fr\/wp-content\/uploads\/2020\/03\/wright-casablanca-maroc-vitrine-refrigeree-ocf-1-1.jpg 800w\" sizes=\"(max-width: 600px) 100vw, 600px\" \/>\t\t<\/div>\n\t\t\t\t<div class=\"elementor-portfolio-item__overlay\">\n\t\t\t\t<h3 class=\"elementor-portfolio-item__title\">\n\t\tWRIGHT CASABLANCA (MAROC)\t\t<\/h3>\n\t\t\t\t<\/div>\n\t\t\t\t<\/a>\n\t\t<\/article>\n\t\t\t\t<article class=\"elementor-portfolio-item elementor-post elementor-filter-53 post-4048 dt_portfolio type-dt_portfolio status-publish has-post-thumbnail hentry dt_portfolio_category-chocolaterie-patisserie-fine-en\" role=\"listitem\">\n\t\t\t<a class=\"elementor-post__thumbnail__link\" href=\"https:\/\/www.ocf.fr\/en\/realisation\/patisserie-michalak-paris-75\/\">\n\t\t\t\t<div class=\"elementor-portfolio-item__img elementor-post__thumbnail\">\n\t\t\t<img loading=\"lazy\" decoding=\"async\" width=\"600\" height=\"400\" src=\"https:\/\/www.ocf.fr\/wp-content\/uploads\/2020\/03\/Pa\u00a6e\u0301tisserie-Christophe-Michalak-Saint-Germain-des-pre\u00a6C\u0327s.-1-600x400.jpg\" class=\"attachment-medium size-medium wp-image-1450\" alt=\"\" srcset=\"https:\/\/www.ocf.fr\/wp-content\/uploads\/2020\/03\/Pa\u00a6e\u0301tisserie-Christophe-Michalak-Saint-Germain-des-pre\u00a6C\u0327s.-1-600x400.jpg 600w, https:\/\/www.ocf.fr\/wp-content\/uploads\/2020\/03\/Pa\u00a6e\u0301tisserie-Christophe-Michalak-Saint-Germain-des-pre\u00a6C\u0327s.-1-1200x800.jpg 1200w, https:\/\/www.ocf.fr\/wp-content\/uploads\/2020\/03\/Pa\u00a6e\u0301tisserie-Christophe-Michalak-Saint-Germain-des-pre\u00a6C\u0327s.-1-768x512.jpg 768w, https:\/\/www.ocf.fr\/wp-content\/uploads\/2020\/03\/Pa\u00a6e\u0301tisserie-Christophe-Michalak-Saint-Germain-des-pre\u00a6C\u0327s.-1-1536x1024.jpg 1536w, https:\/\/www.ocf.fr\/wp-content\/uploads\/2020\/03\/Pa\u00a6e\u0301tisserie-Christophe-Michalak-Saint-Germain-des-pre\u00a6C\u0327s.-1-2048x1365.jpg 2048w\" sizes=\"(max-width: 600px) 100vw, 600px\" \/>\t\t<\/div>\n\t\t\t\t<div class=\"elementor-portfolio-item__overlay\">\n\t\t\t\t<h3 class=\"elementor-portfolio-item__title\">\n\t\tPATISSERIE MICHALAK &#8211; PARIS (75)\t\t<\/h3>\n\t\t\t\t<\/div>\n\t\t\t\t<\/a>\n\t\t<\/article>\n\t\t\t\t<article class=\"elementor-portfolio-item elementor-post elementor-filter-53 post-4085 dt_portfolio type-dt_portfolio status-publish has-post-thumbnail hentry dt_portfolio_category-chocolaterie-patisserie-fine-en\" role=\"listitem\">\n\t\t\t<a class=\"elementor-post__thumbnail__link\" href=\"https:\/\/www.ocf.fr\/en\/realisation\/patisserie-gillmann-strasbourg-67\/\">\n\t\t\t\t<div class=\"elementor-portfolio-item__img elementor-post__thumbnail\">\n\t\t\t<img loading=\"lazy\" decoding=\"async\" width=\"600\" height=\"450\" src=\"https:\/\/www.ocf.fr\/wp-content\/uploads\/2020\/03\/patisserie-gillman-67-strasbourg-vitrine-refrigeree-ocf-4-600x450.jpg\" class=\"attachment-medium size-medium wp-image-3531\" alt=\"P\u00e2tisserie Gillman - Strasbourg (67) - Vitrine r\u00e9frig\u00e9r\u00e9e OCF\" srcset=\"https:\/\/www.ocf.fr\/wp-content\/uploads\/2020\/03\/patisserie-gillman-67-strasbourg-vitrine-refrigeree-ocf-4-600x450.jpg 600w, https:\/\/www.ocf.fr\/wp-content\/uploads\/2020\/03\/patisserie-gillman-67-strasbourg-vitrine-refrigeree-ocf-4-1200x900.jpg 1200w, https:\/\/www.ocf.fr\/wp-content\/uploads\/2020\/03\/patisserie-gillman-67-strasbourg-vitrine-refrigeree-ocf-4-768x576.jpg 768w, https:\/\/www.ocf.fr\/wp-content\/uploads\/2020\/03\/patisserie-gillman-67-strasbourg-vitrine-refrigeree-ocf-4-1536x1152.jpg 1536w, https:\/\/www.ocf.fr\/wp-content\/uploads\/2020\/03\/patisserie-gillman-67-strasbourg-vitrine-refrigeree-ocf-4.jpg 2016w\" sizes=\"(max-width: 600px) 100vw, 600px\" \/>\t\t<\/div>\n\t\t\t\t<div class=\"elementor-portfolio-item__overlay\">\n\t\t\t\t<h3 class=\"elementor-portfolio-item__title\">\n\t\tP\u00c2TISSERIE GILLMANN   STRASBOURG (67)\t\t<\/h3>\n\t\t\t\t<\/div>\n\t\t\t\t<\/a>\n\t\t<\/article>\n\t\t\t\t<article class=\"elementor-portfolio-item elementor-post elementor-filter-54 post-4091 dt_portfolio type-dt_portfolio status-publish has-post-thumbnail hentry dt_portfolio_category-boucherie-fromagerie-traiteur-en\" role=\"listitem\">\n\t\t\t<a class=\"elementor-post__thumbnail__link\" href=\"https:\/\/www.ocf.fr\/en\/realisation\/guy-lassaussaie-chasselay-69\/\">\n\t\t\t\t<div class=\"elementor-portfolio-item__img elementor-post__thumbnail\">\n\t\t\t<img loading=\"lazy\" decoding=\"async\" width=\"600\" height=\"450\" src=\"https:\/\/www.ocf.fr\/wp-content\/uploads\/2020\/03\/GUY-LASSAUSAIE-Chasselais-3-69-1-600x450.jpg\" class=\"attachment-medium size-medium wp-image-1495\" alt=\"\" srcset=\"https:\/\/www.ocf.fr\/wp-content\/uploads\/2020\/03\/GUY-LASSAUSAIE-Chasselais-3-69-1-600x450.jpg 600w, https:\/\/www.ocf.fr\/wp-content\/uploads\/2020\/03\/GUY-LASSAUSAIE-Chasselais-3-69-1-768x576.jpg 768w, https:\/\/www.ocf.fr\/wp-content\/uploads\/2020\/03\/GUY-LASSAUSAIE-Chasselais-3-69-1.jpg 960w\" sizes=\"(max-width: 600px) 100vw, 600px\" \/>\t\t<\/div>\n\t\t\t\t<div class=\"elementor-portfolio-item__overlay\">\n\t\t\t\t<h3 class=\"elementor-portfolio-item__title\">\n\t\tGUY LASSAUSSAIE &#8211; CHASSELAY (69)\t\t<\/h3>\n\t\t\t\t<\/div>\n\t\t\t\t<\/a>\n\t\t<\/article>\n\t\t\t\t<article class=\"elementor-portfolio-item elementor-post elementor-filter-52 post-4082 dt_portfolio type-dt_portfolio status-publish has-post-thumbnail hentry dt_portfolio_category-bakery\" role=\"listitem\">\n\t\t\t<a class=\"elementor-post__thumbnail__link\" href=\"https:\/\/www.ocf.fr\/en\/realisation\/la-manufacture-michel-belin-albi-81\/\">\n\t\t\t\t<div class=\"elementor-portfolio-item__img elementor-post__thumbnail\">\n\t\t\t<img loading=\"lazy\" decoding=\"async\" width=\"600\" height=\"450\" src=\"https:\/\/www.ocf.fr\/wp-content\/uploads\/2020\/03\/la-manufacture-michel-belin-81000-albi-vitrine-refrigeree-ocf-1-600x450.jpg\" class=\"attachment-medium size-medium wp-image-2374\" alt=\"La Manufacture Michel Belin - 81000 Albi - Vitrine r\u00e9frig\u00e9r\u00e9e OCF\" srcset=\"https:\/\/www.ocf.fr\/wp-content\/uploads\/2020\/03\/la-manufacture-michel-belin-81000-albi-vitrine-refrigeree-ocf-1-600x450.jpg 600w, https:\/\/www.ocf.fr\/wp-content\/uploads\/2020\/03\/la-manufacture-michel-belin-81000-albi-vitrine-refrigeree-ocf-1-768x576.jpg 768w, https:\/\/www.ocf.fr\/wp-content\/uploads\/2020\/03\/la-manufacture-michel-belin-81000-albi-vitrine-refrigeree-ocf-1.jpg 1200w\" sizes=\"(max-width: 600px) 100vw, 600px\" \/>\t\t<\/div>\n\t\t\t\t<div class=\"elementor-portfolio-item__overlay\">\n\t\t\t\t<h3 class=\"elementor-portfolio-item__title\">\n\t\tLA MANUFACTURE MICHEL BELIN &#8211; ALBI (81)\t\t<\/h3>\n\t\t\t\t<\/div>\n\t\t\t\t<\/a>\n\t\t<\/article>\n\t\t\t\t<article class=\"elementor-portfolio-item elementor-post elementor-filter-53 post-4052 dt_portfolio type-dt_portfolio status-publish has-post-thumbnail hentry dt_portfolio_category-chocolaterie-patisserie-fine-en\" role=\"listitem\">\n\t\t\t<a class=\"elementor-post__thumbnail__link\" href=\"https:\/\/www.ocf.fr\/en\/realisation\/vincent-guerlais-nantes-44\/\">\n\t\t\t\t<div class=\"elementor-portfolio-item__img elementor-post__thumbnail\">\n\t\t\t<img loading=\"lazy\" decoding=\"async\" width=\"600\" height=\"399\" src=\"https:\/\/www.ocf.fr\/wp-content\/uploads\/2020\/03\/vincent-guerlais-44000-nantes-vitrine-refrigeree-ocf-600x399.jpg\" class=\"attachment-medium size-medium wp-image-2472\" alt=\"Vincent Guerlais - Nantes (44) - Vitrine r\u00e9frig\u00e9r\u00e9e OCF\" srcset=\"https:\/\/www.ocf.fr\/wp-content\/uploads\/2020\/03\/vincent-guerlais-44000-nantes-vitrine-refrigeree-ocf-600x399.jpg 600w, https:\/\/www.ocf.fr\/wp-content\/uploads\/2020\/03\/vincent-guerlais-44000-nantes-vitrine-refrigeree-ocf-1200x799.jpg 1200w, https:\/\/www.ocf.fr\/wp-content\/uploads\/2020\/03\/vincent-guerlais-44000-nantes-vitrine-refrigeree-ocf-768x511.jpg 768w, https:\/\/www.ocf.fr\/wp-content\/uploads\/2020\/03\/vincent-guerlais-44000-nantes-vitrine-refrigeree-ocf-1536x1022.jpg 1536w, https:\/\/www.ocf.fr\/wp-content\/uploads\/2020\/03\/vincent-guerlais-44000-nantes-vitrine-refrigeree-ocf.jpg 2048w\" sizes=\"(max-width: 600px) 100vw, 600px\" \/>\t\t<\/div>\n\t\t\t\t<div class=\"elementor-portfolio-item__overlay\">\n\t\t\t\t<h3 class=\"elementor-portfolio-item__title\">\n\t\tVINCENT GUERLAIS &#8211; NANTES (44)\t\t<\/h3>\n\t\t\t\t<\/div>\n\t\t\t\t<\/a>\n\t\t<\/article>\n\t\t\t\t<article class=\"elementor-portfolio-item elementor-post elementor-filter-53 post-4107 dt_portfolio type-dt_portfolio status-publish has-post-thumbnail hentry dt_portfolio_category-chocolaterie-patisserie-fine-en\" role=\"listitem\">\n\t\t\t<a class=\"elementor-post__thumbnail__link\" href=\"https:\/\/www.ocf.fr\/en\/realisation\/sweet-fashion-house-hong-kong\/\">\n\t\t\t\t<div class=\"elementor-portfolio-item__img elementor-post__thumbnail\">\n\t\t\t<img loading=\"lazy\" decoding=\"async\" width=\"600\" height=\"574\" src=\"https:\/\/www.ocf.fr\/wp-content\/uploads\/2020\/03\/sweet-house-ritz-carlton-hong-kong-vitrine-refrigeree-ocf-600x574.jpg\" class=\"attachment-medium size-medium wp-image-3371\" alt=\"Sweet House Ritz Carlton -\" srcset=\"https:\/\/www.ocf.fr\/wp-content\/uploads\/2020\/03\/sweet-house-ritz-carlton-hong-kong-vitrine-refrigeree-ocf-600x574.jpg 600w, https:\/\/www.ocf.fr\/wp-content\/uploads\/2020\/03\/sweet-house-ritz-carlton-hong-kong-vitrine-refrigeree-ocf-768x735.jpg 768w, https:\/\/www.ocf.fr\/wp-content\/uploads\/2020\/03\/sweet-house-ritz-carlton-hong-kong-vitrine-refrigeree-ocf.jpg 1080w\" sizes=\"(max-width: 600px) 100vw, 600px\" \/>\t\t<\/div>\n\t\t\t\t<div class=\"elementor-portfolio-item__overlay\">\n\t\t\t\t<h3 class=\"elementor-portfolio-item__title\">\n\t\tSWEET FASHION HOUSE &#8211; HONG KONG\t\t<\/h3>\n\t\t\t\t<\/div>\n\t\t\t\t<\/a>\n\t\t<\/article>\n\t\t\t\t<article class=\"elementor-portfolio-item elementor-post elementor-filter-53 post-4110 dt_portfolio type-dt_portfolio status-publish has-post-thumbnail hentry dt_portfolio_category-chocolaterie-patisserie-fine-en\" role=\"listitem\">\n\t\t\t<a class=\"elementor-post__thumbnail__link\" href=\"https:\/\/www.ocf.fr\/en\/realisation\/maymana-marrackech-maroc\/\">\n\t\t\t\t<div class=\"elementor-portfolio-item__img elementor-post__thumbnail\">\n\t\t\t<img loading=\"lazy\" decoding=\"async\" width=\"450\" height=\"600\" src=\"https:\/\/www.ocf.fr\/wp-content\/uploads\/2020\/03\/maymana-marrackech-maroc-vitrine-refrigeree-ocf-1-450x600.jpg\" class=\"attachment-medium size-medium wp-image-2447\" alt=\"MaymanA (Maroc) - Vitrine r\u00e9frg\u00e9r\u00e9e OCF\" srcset=\"https:\/\/www.ocf.fr\/wp-content\/uploads\/2020\/03\/maymana-marrackech-maroc-vitrine-refrigeree-ocf-1-450x600.jpg 450w, https:\/\/www.ocf.fr\/wp-content\/uploads\/2020\/03\/maymana-marrackech-maroc-vitrine-refrigeree-ocf-1-900x1200.jpg 900w, https:\/\/www.ocf.fr\/wp-content\/uploads\/2020\/03\/maymana-marrackech-maroc-vitrine-refrigeree-ocf-1-768x1024.jpg 768w, https:\/\/www.ocf.fr\/wp-content\/uploads\/2020\/03\/maymana-marrackech-maroc-vitrine-refrigeree-ocf-1.jpg 960w\" sizes=\"(max-width: 450px) 100vw, 450px\" \/>\t\t<\/div>\n\t\t\t\t<div class=\"elementor-portfolio-item__overlay\">\n\t\t\t\t<h3 class=\"elementor-portfolio-item__title\">\n\t\tMAYMANA &#8211; MARRACKECH (MAROC)\t\t<\/h3>\n\t\t\t\t<\/div>\n\t\t\t\t<\/a>\n\t\t<\/article>\n\t\t\t\t<article class=\"elementor-portfolio-item elementor-post elementor-filter-53 post-4113 dt_portfolio type-dt_portfolio status-publish has-post-thumbnail hentry dt_portfolio_category-chocolaterie-patisserie-fine-en\" role=\"listitem\">\n\t\t\t<a class=\"elementor-post__thumbnail__link\" href=\"https:\/\/www.ocf.fr\/en\/realisation\/sweet-fashion-house-hotel-ritz-carlton-honk-kong\/\">\n\t\t\t\t<div class=\"elementor-portfolio-item__img elementor-post__thumbnail\">\n\t\t\t<img loading=\"lazy\" decoding=\"async\" width=\"600\" height=\"574\" src=\"https:\/\/www.ocf.fr\/wp-content\/uploads\/2020\/03\/sweet-house-ritz-carlton-hong-kong-vitrine-refrigeree-ocf-600x574.jpg\" class=\"attachment-medium size-medium wp-image-3371\" alt=\"Sweet House Ritz Carlton -\" srcset=\"https:\/\/www.ocf.fr\/wp-content\/uploads\/2020\/03\/sweet-house-ritz-carlton-hong-kong-vitrine-refrigeree-ocf-600x574.jpg 600w, https:\/\/www.ocf.fr\/wp-content\/uploads\/2020\/03\/sweet-house-ritz-carlton-hong-kong-vitrine-refrigeree-ocf-768x735.jpg 768w, https:\/\/www.ocf.fr\/wp-content\/uploads\/2020\/03\/sweet-house-ritz-carlton-hong-kong-vitrine-refrigeree-ocf.jpg 1080w\" sizes=\"(max-width: 600px) 100vw, 600px\" \/>\t\t<\/div>\n\t\t\t\t<div class=\"elementor-portfolio-item__overlay\">\n\t\t\t\t<h3 class=\"elementor-portfolio-item__title\">\n\t\tSWEET FASHION HOUSE  HOTEL RITZ CARLTON    HONK KONG\t\t<\/h3>\n\t\t\t\t<\/div>\n\t\t\t\t<\/a>\n\t\t<\/article>\n\t\t\t\t<article class=\"elementor-portfolio-item elementor-post elementor-filter-53 post-4116 dt_portfolio type-dt_portfolio status-publish has-post-thumbnail hentry dt_portfolio_category-chocolaterie-patisserie-fine-en\" role=\"listitem\">\n\t\t\t<a class=\"elementor-post__thumbnail__link\" href=\"https:\/\/www.ocf.fr\/en\/realisation\/christophe-michalak-st-germain-des-pres-75\/\">\n\t\t\t\t<div class=\"elementor-portfolio-item__img elementor-post__thumbnail\">\n\t\t\t<img loading=\"lazy\" decoding=\"async\" width=\"431\" height=\"600\" src=\"https:\/\/www.ocf.fr\/wp-content\/uploads\/2020\/03\/re\u0301alisation-1_michalak-431x600.jpg\" class=\"attachment-medium size-medium wp-image-1420\" alt=\"\" srcset=\"https:\/\/www.ocf.fr\/wp-content\/uploads\/2020\/03\/re\u0301alisation-1_michalak-431x600.jpg 431w, https:\/\/www.ocf.fr\/wp-content\/uploads\/2020\/03\/re\u0301alisation-1_michalak.jpg 600w\" sizes=\"(max-width: 431px) 100vw, 431px\" \/>\t\t<\/div>\n\t\t\t\t<div class=\"elementor-portfolio-item__overlay\">\n\t\t\t\t<h3 class=\"elementor-portfolio-item__title\">\n\t\tCHRISTOPHE MICHALAK  &#8211; ST GERMAIN DES PR\u00c9S (75)\t\t<\/h3>\n\t\t\t\t<\/div>\n\t\t\t\t<\/a>\n\t\t<\/article>\n\t\t\t\t<article class=\"elementor-portfolio-item elementor-post elementor-filter-54 post-4125 dt_portfolio type-dt_portfolio status-publish has-post-thumbnail hentry dt_portfolio_category-boucherie-fromagerie-traiteur-en\" role=\"listitem\">\n\t\t\t<a class=\"elementor-post__thumbnail__link\" href=\"https:\/\/www.ocf.fr\/en\/realisation\/la-cremerie-des-aravis-la-clusaz-74\/\">\n\t\t\t\t<div class=\"elementor-portfolio-item__img elementor-post__thumbnail\">\n\t\t\t<img loading=\"lazy\" decoding=\"async\" width=\"600\" height=\"400\" src=\"https:\/\/www.ocf.fr\/wp-content\/uploads\/2020\/03\/cremerie-des-aravis-la-clusaz-74-vitrine-refrigeree-ocf-2-600x400.jpg\" class=\"attachment-medium size-medium wp-image-3242\" alt=\"CREMERIE DES ARAVIS - LA CLUSAZ (74) - Vitrine r\u00e9frig\u00e9r\u00e9e OCF\" srcset=\"https:\/\/www.ocf.fr\/wp-content\/uploads\/2020\/03\/cremerie-des-aravis-la-clusaz-74-vitrine-refrigeree-ocf-2-600x400.jpg 600w, https:\/\/www.ocf.fr\/wp-content\/uploads\/2020\/03\/cremerie-des-aravis-la-clusaz-74-vitrine-refrigeree-ocf-2-1200x801.jpg 1200w, https:\/\/www.ocf.fr\/wp-content\/uploads\/2020\/03\/cremerie-des-aravis-la-clusaz-74-vitrine-refrigeree-ocf-2-768x512.jpg 768w, https:\/\/www.ocf.fr\/wp-content\/uploads\/2020\/03\/cremerie-des-aravis-la-clusaz-74-vitrine-refrigeree-ocf-2-1536x1025.jpg 1536w, https:\/\/www.ocf.fr\/wp-content\/uploads\/2020\/03\/cremerie-des-aravis-la-clusaz-74-vitrine-refrigeree-ocf-2-2048x1366.jpg 2048w\" sizes=\"(max-width: 600px) 100vw, 600px\" \/>\t\t<\/div>\n\t\t\t\t<div class=\"elementor-portfolio-item__overlay\">\n\t\t\t\t<h3 class=\"elementor-portfolio-item__title\">\n\t\tLA CR\u00c8MERIE DES ARAVIS &#8211; LA CLUSAZ (74)\t\t<\/h3>\n\t\t\t\t<\/div>\n\t\t\t\t<\/a>\n\t\t<\/article>\n\t\t\t\t<article class=\"elementor-portfolio-item elementor-post elementor-filter-53 post-4128 dt_portfolio type-dt_portfolio status-publish has-post-thumbnail hentry dt_portfolio_category-chocolaterie-patisserie-fine-en\" role=\"listitem\">\n\t\t\t<a class=\"elementor-post__thumbnail__link\" href=\"https:\/\/www.ocf.fr\/en\/realisation\/la-confiserie-riol-aurillac-15\/\">\n\t\t\t\t<div class=\"elementor-portfolio-item__img elementor-post__thumbnail\">\n\t\t\t<img loading=\"lazy\" decoding=\"async\" width=\"600\" height=\"450\" src=\"https:\/\/www.ocf.fr\/wp-content\/uploads\/2020\/03\/confiserie-riol-15-aurillac-vitrine-refrigeree-ocf-600x450.jpg\" class=\"attachment-medium size-medium wp-image-3552\" alt=\"Confiserie Riol - Aurillac (15) - Vitrine r\u00e9frig\u00e9r\u00e9e OCF\" srcset=\"https:\/\/www.ocf.fr\/wp-content\/uploads\/2020\/03\/confiserie-riol-15-aurillac-vitrine-refrigeree-ocf-600x450.jpg 600w, https:\/\/www.ocf.fr\/wp-content\/uploads\/2020\/03\/confiserie-riol-15-aurillac-vitrine-refrigeree-ocf-1200x900.jpg 1200w, https:\/\/www.ocf.fr\/wp-content\/uploads\/2020\/03\/confiserie-riol-15-aurillac-vitrine-refrigeree-ocf-768x576.jpg 768w, https:\/\/www.ocf.fr\/wp-content\/uploads\/2020\/03\/confiserie-riol-15-aurillac-vitrine-refrigeree-ocf-1536x1152.jpg 1536w, https:\/\/www.ocf.fr\/wp-content\/uploads\/2020\/03\/confiserie-riol-15-aurillac-vitrine-refrigeree-ocf-2048x1536.jpg 2048w\" sizes=\"(max-width: 600px) 100vw, 600px\" \/>\t\t<\/div>\n\t\t\t\t<div class=\"elementor-portfolio-item__overlay\">\n\t\t\t\t<h3 class=\"elementor-portfolio-item__title\">\n\t\tLA CONFISERIE RIOL &#8211; AURILLAC (15)\t\t<\/h3>\n\t\t\t\t<\/div>\n\t\t\t\t<\/a>\n\t\t<\/article>\n\t\t\t\t<article class=\"elementor-portfolio-item elementor-post elementor-filter-54 post-4131 dt_portfolio type-dt_portfolio status-publish has-post-thumbnail hentry dt_portfolio_category-boucherie-fromagerie-traiteur-en\" role=\"listitem\">\n\t\t\t<a class=\"elementor-post__thumbnail__link\" href=\"https:\/\/www.ocf.fr\/en\/realisation\/la-boucherie-hattier-auxerre-89\/\">\n\t\t\t\t<div class=\"elementor-portfolio-item__img elementor-post__thumbnail\">\n\t\t\t<img loading=\"lazy\" decoding=\"async\" width=\"600\" height=\"450\" src=\"https:\/\/www.ocf.fr\/wp-content\/uploads\/2020\/03\/realisation4_BOUCHERIE-HATTIER-AUXERRE-89.jpg\" class=\"attachment-medium size-medium wp-image-1422\" alt=\"Boucherie Hattier - 89000 Auxerre - Vitrine r\u00e9frig\u00e9r\u00e9e OCF\" \/>\t\t<\/div>\n\t\t\t\t<div class=\"elementor-portfolio-item__overlay\">\n\t\t\t\t<h3 class=\"elementor-portfolio-item__title\">\n\t\tLA BOUCHERIE HATTIER &#8211; AUXERRE (89)\t\t<\/h3>\n\t\t\t\t<\/div>\n\t\t\t\t<\/a>\n\t\t<\/article>\n\t\t\t\t<article class=\"elementor-portfolio-item elementor-post elementor-filter-54 post-4134 dt_portfolio type-dt_portfolio status-publish has-post-thumbnail hentry dt_portfolio_category-boucherie-fromagerie-traiteur-en\" role=\"listitem\">\n\t\t\t<a class=\"elementor-post__thumbnail__link\" href=\"https:\/\/www.ocf.fr\/en\/realisation\/autour-du-saumon-paris-75\/\">\n\t\t\t\t<div class=\"elementor-portfolio-item__img elementor-post__thumbnail\">\n\t\t\t<img loading=\"lazy\" decoding=\"async\" width=\"600\" height=\"450\" src=\"https:\/\/www.ocf.fr\/wp-content\/uploads\/2020\/05\/autour-du-saumon-75004-paris-vitrine-refrigeree-ocf-3-600x450.jpg\" class=\"attachment-medium size-medium wp-image-1874\" alt=\"Autour Du Saumon - 75004 Paris - Vitrine r\u00e9frig\u00e9r\u00e9e OCF\" srcset=\"https:\/\/www.ocf.fr\/wp-content\/uploads\/2020\/05\/autour-du-saumon-75004-paris-vitrine-refrigeree-ocf-3-600x450.jpg 600w, https:\/\/www.ocf.fr\/wp-content\/uploads\/2020\/05\/autour-du-saumon-75004-paris-vitrine-refrigeree-ocf-3-1200x900.jpg 1200w, https:\/\/www.ocf.fr\/wp-content\/uploads\/2020\/05\/autour-du-saumon-75004-paris-vitrine-refrigeree-ocf-3-768x576.jpg 768w, https:\/\/www.ocf.fr\/wp-content\/uploads\/2020\/05\/autour-du-saumon-75004-paris-vitrine-refrigeree-ocf-3.jpg 1280w\" sizes=\"(max-width: 600px) 100vw, 600px\" \/>\t\t<\/div>\n\t\t\t\t<div class=\"elementor-portfolio-item__overlay\">\n\t\t\t\t<h3 class=\"elementor-portfolio-item__title\">\n\t\tAUTOUR DU SAUMON &#8211; PARIS (75)\t\t<\/h3>\n\t\t\t\t<\/div>\n\t\t\t\t<\/a>\n\t\t<\/article>\n\t\t\t\t<article class=\"elementor-portfolio-item elementor-post elementor-filter-52 post-4137 dt_portfolio type-dt_portfolio status-publish has-post-thumbnail hentry dt_portfolio_category-bakery\" role=\"listitem\">\n\t\t\t<a class=\"elementor-post__thumbnail__link\" href=\"https:\/\/www.ocf.fr\/en\/realisation\/boulangerie-mouveaux-denguin-64\/\">\n\t\t\t\t<div class=\"elementor-portfolio-item__img elementor-post__thumbnail\">\n\t\t\t<img loading=\"lazy\" decoding=\"async\" width=\"600\" height=\"450\" src=\"https:\/\/www.ocf.fr\/wp-content\/uploads\/2020\/03\/boulangerie-mouveaux-denguin-64-vitrine-refrigeree-ocf-3-600x450.jpg\" class=\"attachment-medium size-medium wp-image-3323\" alt=\"Boulangerie Mouveaux - Denguin (64) - Vitrine r\u00e9frig\u00e9r\u00e9e OCF\" srcset=\"https:\/\/www.ocf.fr\/wp-content\/uploads\/2020\/03\/boulangerie-mouveaux-denguin-64-vitrine-refrigeree-ocf-3-600x450.jpg 600w, https:\/\/www.ocf.fr\/wp-content\/uploads\/2020\/03\/boulangerie-mouveaux-denguin-64-vitrine-refrigeree-ocf-3-1200x900.jpg 1200w, https:\/\/www.ocf.fr\/wp-content\/uploads\/2020\/03\/boulangerie-mouveaux-denguin-64-vitrine-refrigeree-ocf-3-768x576.jpg 768w, https:\/\/www.ocf.fr\/wp-content\/uploads\/2020\/03\/boulangerie-mouveaux-denguin-64-vitrine-refrigeree-ocf-3-1536x1152.jpg 1536w, https:\/\/www.ocf.fr\/wp-content\/uploads\/2020\/03\/boulangerie-mouveaux-denguin-64-vitrine-refrigeree-ocf-3-2048x1536.jpg 2048w\" sizes=\"(max-width: 600px) 100vw, 600px\" \/>\t\t<\/div>\n\t\t\t\t<div class=\"elementor-portfolio-item__overlay\">\n\t\t\t\t<h3 class=\"elementor-portfolio-item__title\">\n\t\tBOULANGERIE MOUVEAUX &#8211; DENGUIN (64)\t\t<\/h3>\n\t\t\t\t<\/div>\n\t\t\t\t<\/a>\n\t\t<\/article>\n\t\t\t\t<article class=\"elementor-portfolio-item elementor-post elementor-filter-53 post-4140 dt_portfolio type-dt_portfolio status-publish has-post-thumbnail hentry dt_portfolio_category-chocolaterie-patisserie-fine-en\" role=\"listitem\">\n\t\t\t<a class=\"elementor-post__thumbnail__link\" href=\"https:\/\/www.ocf.fr\/en\/realisation\/patisserie-meert-lille-59\/\">\n\t\t\t\t<div class=\"elementor-portfolio-item__img elementor-post__thumbnail\">\n\t\t\t<img loading=\"lazy\" decoding=\"async\" width=\"600\" height=\"450\" src=\"https:\/\/www.ocf.fr\/wp-content\/uploads\/2020\/03\/patisserie-meert-bruxelles-belgique-vitrine-refrigeree-ocf-1-600x450.jpg\" class=\"attachment-medium size-medium wp-image-3573\" alt=\"P\u00e2tisserie M\u00e9ert - Bruxelles (Belgique) - Vitrine r\u00e9frig\u00e9r\u00e9e OCF\" srcset=\"https:\/\/www.ocf.fr\/wp-content\/uploads\/2020\/03\/patisserie-meert-bruxelles-belgique-vitrine-refrigeree-ocf-1-600x450.jpg 600w, https:\/\/www.ocf.fr\/wp-content\/uploads\/2020\/03\/patisserie-meert-bruxelles-belgique-vitrine-refrigeree-ocf-1-1200x900.jpg 1200w, https:\/\/www.ocf.fr\/wp-content\/uploads\/2020\/03\/patisserie-meert-bruxelles-belgique-vitrine-refrigeree-ocf-1-768x576.jpg 768w, https:\/\/www.ocf.fr\/wp-content\/uploads\/2020\/03\/patisserie-meert-bruxelles-belgique-vitrine-refrigeree-ocf-1.jpg 1280w\" sizes=\"(max-width: 600px) 100vw, 600px\" \/>\t\t<\/div>\n\t\t\t\t<div class=\"elementor-portfolio-item__overlay\">\n\t\t\t\t<h3 class=\"elementor-portfolio-item__title\">\n\t\tP\u00c2TISSERIE M\u00c9ERT &#8211; LILLE (59)\t\t<\/h3>\n\t\t\t\t<\/div>\n\t\t\t\t<\/a>\n\t\t<\/article>\n\t\t\t\t<article class=\"elementor-portfolio-item elementor-post elementor-filter-52 post-4143 dt_portfolio type-dt_portfolio status-publish has-post-thumbnail hentry dt_portfolio_category-bakery\" role=\"listitem\">\n\t\t\t<a class=\"elementor-post__thumbnail__link\" href=\"https:\/\/www.ocf.fr\/en\/realisation\/les-metives-loudun-86\/\">\n\t\t\t\t<div class=\"elementor-portfolio-item__img elementor-post__thumbnail\">\n\t\t\t<img loading=\"lazy\" decoding=\"async\" width=\"450\" height=\"600\" src=\"https:\/\/www.ocf.fr\/wp-content\/uploads\/2020\/03\/les-metives-loudun-86-vitrine-refrigeree-ocf-1-450x600.jpg\" class=\"attachment-medium size-medium wp-image-3536\" alt=\"Les M\u00e9tives - Loudun (86) - Vitrine r\u00e9frig\u00e9r\u00e9e OCF\" srcset=\"https:\/\/www.ocf.fr\/wp-content\/uploads\/2020\/03\/les-metives-loudun-86-vitrine-refrigeree-ocf-1-450x600.jpg 450w, https:\/\/www.ocf.fr\/wp-content\/uploads\/2020\/03\/les-metives-loudun-86-vitrine-refrigeree-ocf-1.jpg 480w\" sizes=\"(max-width: 450px) 100vw, 450px\" \/>\t\t<\/div>\n\t\t\t\t<div class=\"elementor-portfolio-item__overlay\">\n\t\t\t\t<h3 class=\"elementor-portfolio-item__title\">\n\t\tLES M\u00c9TIVES &#8211; LOUDUN (86)\t\t<\/h3>\n\t\t\t\t<\/div>\n\t\t\t\t<\/a>\n\t\t<\/article>\n\t\t\t\t<article class=\"elementor-portfolio-item elementor-post elementor-filter-52 post-4146 dt_portfolio type-dt_portfolio status-publish has-post-thumbnail hentry dt_portfolio_category-bakery\" role=\"listitem\">\n\t\t\t<a class=\"elementor-post__thumbnail__link\" href=\"https:\/\/www.ocf.fr\/en\/realisation\/la-baccara-limoges-87\/\">\n\t\t\t\t<div class=\"elementor-portfolio-item__img elementor-post__thumbnail\">\n\t\t\t<img loading=\"lazy\" decoding=\"async\" width=\"600\" height=\"370\" src=\"https:\/\/www.ocf.fr\/wp-content\/uploads\/2020\/03\/vitrine-refrigeree-le-baccara-limoges-ocf-600x370.jpg\" class=\"attachment-medium size-medium wp-image-1435\" alt=\"\" srcset=\"https:\/\/www.ocf.fr\/wp-content\/uploads\/2020\/03\/vitrine-refrigeree-le-baccara-limoges-ocf-600x370.jpg 600w, https:\/\/www.ocf.fr\/wp-content\/uploads\/2020\/03\/vitrine-refrigeree-le-baccara-limoges-ocf-1200x739.jpg 1200w, https:\/\/www.ocf.fr\/wp-content\/uploads\/2020\/03\/vitrine-refrigeree-le-baccara-limoges-ocf-768x473.jpg 768w, https:\/\/www.ocf.fr\/wp-content\/uploads\/2020\/03\/vitrine-refrigeree-le-baccara-limoges-ocf-1536x946.jpg 1536w, https:\/\/www.ocf.fr\/wp-content\/uploads\/2020\/03\/vitrine-refrigeree-le-baccara-limoges-ocf-2048x1262.jpg 2048w\" sizes=\"(max-width: 600px) 100vw, 600px\" \/>\t\t<\/div>\n\t\t\t\t<div class=\"elementor-portfolio-item__overlay\">\n\t\t\t\t<h3 class=\"elementor-portfolio-item__title\">\n\t\tLA BACCARA &#8211; LIMOGES (87)\t\t<\/h3>\n\t\t\t\t<\/div>\n\t\t\t\t<\/a>\n\t\t<\/article>\n\t\t\t\t<article class=\"elementor-portfolio-item elementor-post elementor-filter-52 post-4150 dt_portfolio type-dt_portfolio status-publish has-post-thumbnail hentry dt_portfolio_category-bakery\" role=\"listitem\">\n\t\t\t<a class=\"elementor-post__thumbnail__link\" href=\"https:\/\/www.ocf.fr\/en\/realisation\/le-fournil-de-baghera-merignac-33\/\">\n\t\t\t\t<div class=\"elementor-portfolio-item__img elementor-post__thumbnail\">\n\t\t\t<img loading=\"lazy\" decoding=\"async\" width=\"600\" height=\"450\" src=\"https:\/\/www.ocf.fr\/wp-content\/uploads\/2020\/03\/le-fournil-de-baghera-merignac-33700-vitrine-refrigeree-ocf-1-600x450.jpg\" class=\"attachment-medium size-medium wp-image-3332\" alt=\"Le Fournil de Baghera - Merignac (33) - Vitrine r\u00e9frig\u00e9r\u00e9e OCF\" srcset=\"https:\/\/www.ocf.fr\/wp-content\/uploads\/2020\/03\/le-fournil-de-baghera-merignac-33700-vitrine-refrigeree-ocf-1-600x450.jpg 600w, https:\/\/www.ocf.fr\/wp-content\/uploads\/2020\/03\/le-fournil-de-baghera-merignac-33700-vitrine-refrigeree-ocf-1-1200x900.jpg 1200w, https:\/\/www.ocf.fr\/wp-content\/uploads\/2020\/03\/le-fournil-de-baghera-merignac-33700-vitrine-refrigeree-ocf-1-768x576.jpg 768w, https:\/\/www.ocf.fr\/wp-content\/uploads\/2020\/03\/le-fournil-de-baghera-merignac-33700-vitrine-refrigeree-ocf-1-1536x1152.jpg 1536w, https:\/\/www.ocf.fr\/wp-content\/uploads\/2020\/03\/le-fournil-de-baghera-merignac-33700-vitrine-refrigeree-ocf-1-2048x1536.jpg 2048w\" sizes=\"(max-width: 600px) 100vw, 600px\" \/>\t\t<\/div>\n\t\t\t\t<div class=\"elementor-portfolio-item__overlay\">\n\t\t\t\t<h3 class=\"elementor-portfolio-item__title\">\n\t\tLE FOURNIL DE BAGHERA &#8211; MERIGNAC (33)\t\t<\/h3>\n\t\t\t\t<\/div>\n\t\t\t\t<\/a>\n\t\t<\/article>\n\t\t\t\t<article class=\"elementor-portfolio-item elementor-post elementor-filter-52 post-4153 dt_portfolio type-dt_portfolio status-publish has-post-thumbnail hentry dt_portfolio_category-bakery\" role=\"listitem\">\n\t\t\t<a class=\"elementor-post__thumbnail__link\" href=\"https:\/\/www.ocf.fr\/en\/realisation\/feuillette-tours-37\/\">\n\t\t\t\t<div class=\"elementor-portfolio-item__img elementor-post__thumbnail\">\n\t\t\t<img loading=\"lazy\" decoding=\"async\" width=\"600\" height=\"450\" src=\"https:\/\/www.ocf.fr\/wp-content\/uploads\/2020\/03\/feuillette-tours-37-vitrine-refrigeree-ocf-600x450.jpg\" class=\"attachment-medium size-medium wp-image-3301\" alt=\"Feuillette - Tours (37) - Vitrine r\u00e9frig\u00e9r\u00e9e OCF\" srcset=\"https:\/\/www.ocf.fr\/wp-content\/uploads\/2020\/03\/feuillette-tours-37-vitrine-refrigeree-ocf-600x450.jpg 600w, https:\/\/www.ocf.fr\/wp-content\/uploads\/2020\/03\/feuillette-tours-37-vitrine-refrigeree-ocf-1200x900.jpg 1200w, https:\/\/www.ocf.fr\/wp-content\/uploads\/2020\/03\/feuillette-tours-37-vitrine-refrigeree-ocf-768x576.jpg 768w, https:\/\/www.ocf.fr\/wp-content\/uploads\/2020\/03\/feuillette-tours-37-vitrine-refrigeree-ocf-1536x1152.jpg 1536w, https:\/\/www.ocf.fr\/wp-content\/uploads\/2020\/03\/feuillette-tours-37-vitrine-refrigeree-ocf-2048x1536.jpg 2048w\" sizes=\"(max-width: 600px) 100vw, 600px\" \/>\t\t<\/div>\n\t\t\t\t<div class=\"elementor-portfolio-item__overlay\">\n\t\t\t\t<h3 class=\"elementor-portfolio-item__title\">\n\t\tFEUILLETTE &#8211; TOURS (37)\t\t<\/h3>\n\t\t\t\t<\/div>\n\t\t\t\t<\/a>\n\t\t<\/article>\n\t\t\t\t<article class=\"elementor-portfolio-item elementor-post elementor-filter-54 post-4156 dt_portfolio type-dt_portfolio status-publish has-post-thumbnail hentry dt_portfolio_category-boucherie-fromagerie-traiteur-en\" role=\"listitem\">\n\t\t\t<a class=\"elementor-post__thumbnail__link\" href=\"https:\/\/www.ocf.fr\/en\/realisation\/chez-tran-dijon-21\/\">\n\t\t\t\t<div class=\"elementor-portfolio-item__img elementor-post__thumbnail\">\n\t\t\t<img loading=\"lazy\" decoding=\"async\" width=\"600\" height=\"450\" src=\"https:\/\/www.ocf.fr\/wp-content\/uploads\/2020\/03\/vitrine-refrigeree-chez-tran-dijon-ocf-600x450.jpg\" class=\"attachment-medium size-medium wp-image-1442\" alt=\"Chez Tran - 21000 Dijon - Vitrine r\u00e9frig\u00e9r\u00e9e OCF\" srcset=\"https:\/\/www.ocf.fr\/wp-content\/uploads\/2020\/03\/vitrine-refrigeree-chez-tran-dijon-ocf-600x450.jpg 600w, https:\/\/www.ocf.fr\/wp-content\/uploads\/2020\/03\/vitrine-refrigeree-chez-tran-dijon-ocf.jpg 640w\" sizes=\"(max-width: 600px) 100vw, 600px\" \/>\t\t<\/div>\n\t\t\t\t<div class=\"elementor-portfolio-item__overlay\">\n\t\t\t\t<h3 class=\"elementor-portfolio-item__title\">\n\t\tCHEZ TRAN &#8211; DIJON (21)\t\t<\/h3>\n\t\t\t\t<\/div>\n\t\t\t\t<\/a>\n\t\t<\/article>\n\t\t\t\t<article class=\"elementor-portfolio-item elementor-post elementor-filter-53 post-4159 dt_portfolio type-dt_portfolio status-publish has-post-thumbnail hentry dt_portfolio_category-chocolaterie-patisserie-fine-en\" role=\"listitem\">\n\t\t\t<a class=\"elementor-post__thumbnail__link\" href=\"https:\/\/www.ocf.fr\/en\/realisation\/la-biscuiterie-de-montmartre-paris-75\/\">\n\t\t\t\t<div class=\"elementor-portfolio-item__img elementor-post__thumbnail\">\n\t\t\t<img loading=\"lazy\" decoding=\"async\" width=\"600\" height=\"450\" src=\"https:\/\/www.ocf.fr\/wp-content\/uploads\/2020\/03\/vitrine-refrigeree-biscuiterie-montmartre-2-paris-ocf-600x450.jpg\" class=\"attachment-medium size-medium wp-image-3582\" alt=\"Biscuiterie de Montmartre - Paris (75) - Vitrine r\u00e9frig\u00e9r\u00e9e OCF\" srcset=\"https:\/\/www.ocf.fr\/wp-content\/uploads\/2020\/03\/vitrine-refrigeree-biscuiterie-montmartre-2-paris-ocf-600x450.jpg 600w, https:\/\/www.ocf.fr\/wp-content\/uploads\/2020\/03\/vitrine-refrigeree-biscuiterie-montmartre-2-paris-ocf-1200x900.jpg 1200w, https:\/\/www.ocf.fr\/wp-content\/uploads\/2020\/03\/vitrine-refrigeree-biscuiterie-montmartre-2-paris-ocf-768x576.jpg 768w, https:\/\/www.ocf.fr\/wp-content\/uploads\/2020\/03\/vitrine-refrigeree-biscuiterie-montmartre-2-paris-ocf-1536x1152.jpg 1536w, https:\/\/www.ocf.fr\/wp-content\/uploads\/2020\/03\/vitrine-refrigeree-biscuiterie-montmartre-2-paris-ocf.jpg 1632w\" sizes=\"(max-width: 600px) 100vw, 600px\" \/>\t\t<\/div>\n\t\t\t\t<div class=\"elementor-portfolio-item__overlay\">\n\t\t\t\t<h3 class=\"elementor-portfolio-item__title\">\n\t\tLA BISCUITERIE DE MONTMARTRE &#8211; PARIS (75)\t\t<\/h3>\n\t\t\t\t<\/div>\n\t\t\t\t<\/a>\n\t\t<\/article>\n\t\t\t\t<article class=\"elementor-portfolio-item elementor-post elementor-filter-54 post-4162 dt_portfolio type-dt_portfolio status-publish has-post-thumbnail hentry dt_portfolio_category-boucherie-fromagerie-traiteur-en\" role=\"listitem\">\n\t\t\t<a class=\"elementor-post__thumbnail__link\" href=\"https:\/\/www.ocf.fr\/en\/realisation\/aux-saveurs-beziers-34\/\">\n\t\t\t\t<div class=\"elementor-portfolio-item__img elementor-post__thumbnail\">\n\t\t\t<img loading=\"lazy\" decoding=\"async\" width=\"600\" height=\"450\" src=\"https:\/\/www.ocf.fr\/wp-content\/uploads\/2020\/03\/aux-saveurs-34500-beziers-vitrine-refrigeree-ocf-2-600x450.jpg\" class=\"attachment-medium size-medium wp-image-3590\" alt=\"Aux saveurs - Beziers (34) -Vitrine r\u00e9frig\u00e9r\u00e9e OCF\" srcset=\"https:\/\/www.ocf.fr\/wp-content\/uploads\/2020\/03\/aux-saveurs-34500-beziers-vitrine-refrigeree-ocf-2-600x450.jpg 600w, https:\/\/www.ocf.fr\/wp-content\/uploads\/2020\/03\/aux-saveurs-34500-beziers-vitrine-refrigeree-ocf-2-1200x900.jpg 1200w, https:\/\/www.ocf.fr\/wp-content\/uploads\/2020\/03\/aux-saveurs-34500-beziers-vitrine-refrigeree-ocf-2-768x576.jpg 768w, https:\/\/www.ocf.fr\/wp-content\/uploads\/2020\/03\/aux-saveurs-34500-beziers-vitrine-refrigeree-ocf-2.jpg 1280w\" sizes=\"(max-width: 600px) 100vw, 600px\" \/>\t\t<\/div>\n\t\t\t\t<div class=\"elementor-portfolio-item__overlay\">\n\t\t\t\t<h3 class=\"elementor-portfolio-item__title\">\n\t\tAUX SAVEURS &#8211; BEZIERS (34)\t\t<\/h3>\n\t\t\t\t<\/div>\n\t\t\t\t<\/a>\n\t\t<\/article>\n\t\t\t\t<article class=\"elementor-portfolio-item elementor-post elementor-filter-53 post-4171 dt_portfolio type-dt_portfolio status-publish has-post-thumbnail hentry dt_portfolio_category-chocolaterie-patisserie-fine-en\" role=\"listitem\">\n\t\t\t<a class=\"elementor-post__thumbnail__link\" href=\"https:\/\/www.ocf.fr\/en\/realisation\/muse-inspirations-gourmandes-andorre\/\">\n\t\t\t\t<div class=\"elementor-portfolio-item__img elementor-post__thumbnail\">\n\t\t\t<img loading=\"lazy\" decoding=\"async\" width=\"600\" height=\"450\" src=\"https:\/\/www.ocf.fr\/wp-content\/uploads\/2020\/03\/muse-inspirations-gourmandes-andorre-vitrine-refrigeree-ocf-1-600x450.jpg\" class=\"attachment-medium size-medium wp-image-2886\" alt=\"Muse inspirations gourmandes - Andorre - Vitrine r\u00e9frig\u00e9r\u00e9e OCF\" srcset=\"https:\/\/www.ocf.fr\/wp-content\/uploads\/2020\/03\/muse-inspirations-gourmandes-andorre-vitrine-refrigeree-ocf-1-600x450.jpg 600w, https:\/\/www.ocf.fr\/wp-content\/uploads\/2020\/03\/muse-inspirations-gourmandes-andorre-vitrine-refrigeree-ocf-1-1200x900.jpg 1200w, https:\/\/www.ocf.fr\/wp-content\/uploads\/2020\/03\/muse-inspirations-gourmandes-andorre-vitrine-refrigeree-ocf-1-768x576.jpg 768w, https:\/\/www.ocf.fr\/wp-content\/uploads\/2020\/03\/muse-inspirations-gourmandes-andorre-vitrine-refrigeree-ocf-1-1536x1152.jpg 1536w, https:\/\/www.ocf.fr\/wp-content\/uploads\/2020\/03\/muse-inspirations-gourmandes-andorre-vitrine-refrigeree-ocf-1.jpg 2048w\" sizes=\"(max-width: 600px) 100vw, 600px\" \/>\t\t<\/div>\n\t\t\t\t<div class=\"elementor-portfolio-item__overlay\">\n\t\t\t\t<h3 class=\"elementor-portfolio-item__title\">\n\t\tMUSE INSPIRATIONS GOURMANDES &#8211; ANDORRE\t\t<\/h3>\n\t\t\t\t<\/div>\n\t\t\t\t<\/a>\n\t\t<\/article>\n\t\t\t\t<article class=\"elementor-portfolio-item elementor-post elementor-filter-53 post-4168 dt_portfolio type-dt_portfolio status-publish has-post-thumbnail hentry dt_portfolio_category-chocolaterie-patisserie-fine-en\" role=\"listitem\">\n\t\t\t<a class=\"elementor-post__thumbnail__link\" href=\"https:\/\/www.ocf.fr\/en\/realisation\/mandion-gourmandises-anglet-64\/\">\n\t\t\t\t<div class=\"elementor-portfolio-item__img elementor-post__thumbnail\">\n\t\t\t<img loading=\"lazy\" decoding=\"async\" width=\"600\" height=\"450\" src=\"https:\/\/www.ocf.fr\/wp-content\/uploads\/2020\/06\/mandion-gourmandises-64600-anglet-vitrine-refrigeree-ocf-1-600x450.jpg\" class=\"attachment-medium size-medium wp-image-2891\" alt=\"Mandion Gourmandises - Anglet (64600) - Vitrine r\u00e9frig\u00e9r\u00e9e OCF\" srcset=\"https:\/\/www.ocf.fr\/wp-content\/uploads\/2020\/06\/mandion-gourmandises-64600-anglet-vitrine-refrigeree-ocf-1-600x450.jpg 600w, https:\/\/www.ocf.fr\/wp-content\/uploads\/2020\/06\/mandion-gourmandises-64600-anglet-vitrine-refrigeree-ocf-1-1200x900.jpg 1200w, https:\/\/www.ocf.fr\/wp-content\/uploads\/2020\/06\/mandion-gourmandises-64600-anglet-vitrine-refrigeree-ocf-1-768x576.jpg 768w, https:\/\/www.ocf.fr\/wp-content\/uploads\/2020\/06\/mandion-gourmandises-64600-anglet-vitrine-refrigeree-ocf-1-1536x1152.jpg 1536w, https:\/\/www.ocf.fr\/wp-content\/uploads\/2020\/06\/mandion-gourmandises-64600-anglet-vitrine-refrigeree-ocf-1.jpg 2048w\" sizes=\"(max-width: 600px) 100vw, 600px\" \/>\t\t<\/div>\n\t\t\t\t<div class=\"elementor-portfolio-item__overlay\">\n\t\t\t\t<h3 class=\"elementor-portfolio-item__title\">\n\t\tMANDION GOURMANDISES ANGLET (64)\t\t<\/h3>\n\t\t\t\t<\/div>\n\t\t\t\t<\/a>\n\t\t<\/article>\n\t\t\t\t<article class=\"elementor-portfolio-item elementor-post elementor-filter-53 post-4174 dt_portfolio type-dt_portfolio status-publish has-post-thumbnail hentry dt_portfolio_category-chocolaterie-patisserie-fine-en\" role=\"listitem\">\n\t\t\t<a class=\"elementor-post__thumbnail__link\" href=\"https:\/\/www.ocf.fr\/en\/realisation\/patisserie-francis-rambouillet-78\/\">\n\t\t\t\t<div class=\"elementor-portfolio-item__img elementor-post__thumbnail\">\n\t\t\t<img loading=\"lazy\" decoding=\"async\" width=\"600\" height=\"400\" src=\"https:\/\/www.ocf.fr\/wp-content\/uploads\/2020\/03\/patisserie-francis-78120-rambouillet-vitrine-refrigeree-ocf-1-600x400.jpg\" class=\"attachment-medium size-medium wp-image-2871\" alt=\"P\u00e2tisserie Fran\u00e7is - Rambouillet (78120) - Vitrine r\u00e9frig\u00e9r\u00e9e OCF\" srcset=\"https:\/\/www.ocf.fr\/wp-content\/uploads\/2020\/03\/patisserie-francis-78120-rambouillet-vitrine-refrigeree-ocf-1-600x400.jpg 600w, https:\/\/www.ocf.fr\/wp-content\/uploads\/2020\/03\/patisserie-francis-78120-rambouillet-vitrine-refrigeree-ocf-1-1200x800.jpg 1200w, https:\/\/www.ocf.fr\/wp-content\/uploads\/2020\/03\/patisserie-francis-78120-rambouillet-vitrine-refrigeree-ocf-1-768x512.jpg 768w, https:\/\/www.ocf.fr\/wp-content\/uploads\/2020\/03\/patisserie-francis-78120-rambouillet-vitrine-refrigeree-ocf-1-1536x1024.jpg 1536w, https:\/\/www.ocf.fr\/wp-content\/uploads\/2020\/03\/patisserie-francis-78120-rambouillet-vitrine-refrigeree-ocf-1.jpg 2048w\" sizes=\"(max-width: 600px) 100vw, 600px\" \/>\t\t<\/div>\n\t\t\t\t<div class=\"elementor-portfolio-item__overlay\">\n\t\t\t\t<h3 class=\"elementor-portfolio-item__title\">\n\t\tPATISSERIE FRANCIS &#8211; RAMBOUILLET (78)\t\t<\/h3>\n\t\t\t\t<\/div>\n\t\t\t\t<\/a>\n\t\t<\/article>\n\t\t\t\t<article class=\"elementor-portfolio-item elementor-post elementor-filter-53 post-4177 dt_portfolio type-dt_portfolio status-publish has-post-thumbnail hentry dt_portfolio_category-chocolaterie-patisserie-fine-en\" role=\"listitem\">\n\t\t\t<a class=\"elementor-post__thumbnail__link\" href=\"https:\/\/www.ocf.fr\/en\/realisation\/gateaux-et-chocolats-antoine-fornara-toulouse-31\/\">\n\t\t\t\t<div class=\"elementor-portfolio-item__img elementor-post__thumbnail\">\n\t\t\t<img loading=\"lazy\" decoding=\"async\" width=\"600\" height=\"450\" src=\"https:\/\/www.ocf.fr\/wp-content\/uploads\/2020\/03\/gateaux-et-chocolats-31000-toulouse-vitrine-refrigeree-ocf-1-600x450.jpg\" class=\"attachment-medium size-medium wp-image-2829\" alt=\"Gateaux et Chocolats - Toulouse (31) - Vitrine r\u00e9frig\u00e9r\u00e9e OCF\" srcset=\"https:\/\/www.ocf.fr\/wp-content\/uploads\/2020\/03\/gateaux-et-chocolats-31000-toulouse-vitrine-refrigeree-ocf-1-600x450.jpg 600w, https:\/\/www.ocf.fr\/wp-content\/uploads\/2020\/03\/gateaux-et-chocolats-31000-toulouse-vitrine-refrigeree-ocf-1-1200x900.jpg 1200w, https:\/\/www.ocf.fr\/wp-content\/uploads\/2020\/03\/gateaux-et-chocolats-31000-toulouse-vitrine-refrigeree-ocf-1-768x576.jpg 768w, https:\/\/www.ocf.fr\/wp-content\/uploads\/2020\/03\/gateaux-et-chocolats-31000-toulouse-vitrine-refrigeree-ocf-1-1536x1152.jpg 1536w, https:\/\/www.ocf.fr\/wp-content\/uploads\/2020\/03\/gateaux-et-chocolats-31000-toulouse-vitrine-refrigeree-ocf-1.jpg 2048w\" sizes=\"(max-width: 600px) 100vw, 600px\" \/>\t\t<\/div>\n\t\t\t\t<div class=\"elementor-portfolio-item__overlay\">\n\t\t\t\t<h3 class=\"elementor-portfolio-item__title\">\n\t\tGATEAUX ET CHOCOLATS ANTOINE FORNARA- TOULOUSE (31)\t\t<\/h3>\n\t\t\t\t<\/div>\n\t\t\t\t<\/a>\n\t\t<\/article>\n\t\t\t\t<article class=\"elementor-portfolio-item elementor-post elementor-filter-53 post-4180 dt_portfolio type-dt_portfolio status-publish has-post-thumbnail hentry dt_portfolio_category-chocolaterie-patisserie-fine-en\" role=\"listitem\">\n\t\t\t<a class=\"elementor-post__thumbnail__link\" href=\"https:\/\/www.ocf.fr\/en\/realisation\/laurent-duchene-paris-75\/\">\n\t\t\t\t<div class=\"elementor-portfolio-item__img elementor-post__thumbnail\">\n\t\t\t<img loading=\"lazy\" decoding=\"async\" width=\"600\" height=\"450\" src=\"https:\/\/www.ocf.fr\/wp-content\/uploads\/2020\/06\/laurent-duchene-75000-paris-vitrine-refrigeree-ocf-1-600x450.jpg\" class=\"attachment-medium size-medium wp-image-2820\" alt=\"Laurent DUCHENE - Paris (75) - Vitrine r\u00e9frig\u00e9r\u00e9e OCF\" srcset=\"https:\/\/www.ocf.fr\/wp-content\/uploads\/2020\/06\/laurent-duchene-75000-paris-vitrine-refrigeree-ocf-1-600x450.jpg 600w, https:\/\/www.ocf.fr\/wp-content\/uploads\/2020\/06\/laurent-duchene-75000-paris-vitrine-refrigeree-ocf-1-1200x900.jpg 1200w, https:\/\/www.ocf.fr\/wp-content\/uploads\/2020\/06\/laurent-duchene-75000-paris-vitrine-refrigeree-ocf-1-768x576.jpg 768w, https:\/\/www.ocf.fr\/wp-content\/uploads\/2020\/06\/laurent-duchene-75000-paris-vitrine-refrigeree-ocf-1-1536x1152.jpg 1536w, https:\/\/www.ocf.fr\/wp-content\/uploads\/2020\/06\/laurent-duchene-75000-paris-vitrine-refrigeree-ocf-1.jpg 2048w\" sizes=\"(max-width: 600px) 100vw, 600px\" \/>\t\t<\/div>\n\t\t\t\t<div class=\"elementor-portfolio-item__overlay\">\n\t\t\t\t<h3 class=\"elementor-portfolio-item__title\">\n\t\tLAURENT DUCHENE &#8211; PARIS (75)\t\t<\/h3>\n\t\t\t\t<\/div>\n\t\t\t\t<\/a>\n\t\t<\/article>\n\t\t\t\t<article class=\"elementor-portfolio-item elementor-post elementor-filter-53 post-4183 dt_portfolio type-dt_portfolio status-publish has-post-thumbnail hentry dt_portfolio_category-chocolaterie-patisserie-fine-en\" role=\"listitem\">\n\t\t\t<a class=\"elementor-post__thumbnail__link\" href=\"https:\/\/www.ocf.fr\/en\/realisation\/pothonier-le-cannet-des-maures-83\/\">\n\t\t\t\t<div class=\"elementor-portfolio-item__img elementor-post__thumbnail\">\n\t\t\t<img loading=\"lazy\" decoding=\"async\" width=\"600\" height=\"450\" src=\"https:\/\/www.ocf.fr\/wp-content\/uploads\/2020\/06\/pothonier-83340-le-cannet-des-maures-vitrine-refrigeree-ocf-600x450.jpg\" class=\"attachment-medium size-medium wp-image-2708\" alt=\"Pothonier - Le Cannet des Maures (83) - Vitrine r\u00e9frig\u00e9r\u00e9e OCF\" srcset=\"https:\/\/www.ocf.fr\/wp-content\/uploads\/2020\/06\/pothonier-83340-le-cannet-des-maures-vitrine-refrigeree-ocf-600x450.jpg 600w, https:\/\/www.ocf.fr\/wp-content\/uploads\/2020\/06\/pothonier-83340-le-cannet-des-maures-vitrine-refrigeree-ocf-1200x900.jpg 1200w, https:\/\/www.ocf.fr\/wp-content\/uploads\/2020\/06\/pothonier-83340-le-cannet-des-maures-vitrine-refrigeree-ocf-768x576.jpg 768w, https:\/\/www.ocf.fr\/wp-content\/uploads\/2020\/06\/pothonier-83340-le-cannet-des-maures-vitrine-refrigeree-ocf-1536x1152.jpg 1536w, https:\/\/www.ocf.fr\/wp-content\/uploads\/2020\/06\/pothonier-83340-le-cannet-des-maures-vitrine-refrigeree-ocf-2048x1536.jpg 2048w\" sizes=\"(max-width: 600px) 100vw, 600px\" \/>\t\t<\/div>\n\t\t\t\t<div class=\"elementor-portfolio-item__overlay\">\n\t\t\t\t<h3 class=\"elementor-portfolio-item__title\">\n\t\tPOTHONIER &#8211; LE CANNET DES MAURES (83)\t\t<\/h3>\n\t\t\t\t<\/div>\n\t\t\t\t<\/a>\n\t\t<\/article>\n\t\t\t\t<article class=\"elementor-portfolio-item elementor-post elementor-filter-53 post-4186 dt_portfolio type-dt_portfolio status-publish has-post-thumbnail hentry dt_portfolio_category-chocolaterie-patisserie-fine-en\" role=\"listitem\">\n\t\t\t<a class=\"elementor-post__thumbnail__link\" href=\"https:\/\/www.ocf.fr\/en\/realisation\/amadeus-patisserie-toronto-canada\/\">\n\t\t\t\t<div class=\"elementor-portfolio-item__img elementor-post__thumbnail\">\n\t\t\t<img loading=\"lazy\" decoding=\"async\" width=\"600\" height=\"450\" src=\"https:\/\/www.ocf.fr\/wp-content\/uploads\/2020\/06\/amadeus-patisserie-toronto-canada-vitrine-refrigeree-ocf-1-600x450.jpg\" class=\"attachment-medium size-medium wp-image-2683\" alt=\"Amadeus Patisserie - Toronto (Canada) - Vitrine r\u00e9frig\u00e9r\u00e9e OCF\" srcset=\"https:\/\/www.ocf.fr\/wp-content\/uploads\/2020\/06\/amadeus-patisserie-toronto-canada-vitrine-refrigeree-ocf-1-600x450.jpg 600w, https:\/\/www.ocf.fr\/wp-content\/uploads\/2020\/06\/amadeus-patisserie-toronto-canada-vitrine-refrigeree-ocf-1-1200x900.jpg 1200w, https:\/\/www.ocf.fr\/wp-content\/uploads\/2020\/06\/amadeus-patisserie-toronto-canada-vitrine-refrigeree-ocf-1-768x576.jpg 768w, https:\/\/www.ocf.fr\/wp-content\/uploads\/2020\/06\/amadeus-patisserie-toronto-canada-vitrine-refrigeree-ocf-1-1536x1152.jpg 1536w, https:\/\/www.ocf.fr\/wp-content\/uploads\/2020\/06\/amadeus-patisserie-toronto-canada-vitrine-refrigeree-ocf-1.jpg 2016w\" sizes=\"(max-width: 600px) 100vw, 600px\" \/>\t\t<\/div>\n\t\t\t\t<div class=\"elementor-portfolio-item__overlay\">\n\t\t\t\t<h3 class=\"elementor-portfolio-item__title\">\n\t\tAMADEUS PATISSERIE &#8211; TORONTO (CANADA)\t\t<\/h3>\n\t\t\t\t<\/div>\n\t\t\t\t<\/a>\n\t\t<\/article>\n\t\t\t\t<article class=\"elementor-portfolio-item elementor-post elementor-filter-53 post-4189 dt_portfolio type-dt_portfolio status-publish has-post-thumbnail hentry dt_portfolio_category-chocolaterie-patisserie-fine-en\" role=\"listitem\">\n\t\t\t<a class=\"elementor-post__thumbnail__link\" href=\"https:\/\/www.ocf.fr\/en\/realisation\/maison-alexis-casablanca-maroc\/\">\n\t\t\t\t<div class=\"elementor-portfolio-item__img elementor-post__thumbnail\">\n\t\t\t<img loading=\"lazy\" decoding=\"async\" width=\"600\" height=\"450\" src=\"https:\/\/www.ocf.fr\/wp-content\/uploads\/2020\/06\/maison-alexis-casablanca-maroc-vitrine-refrigeree-ocf-1-600x450.jpg\" class=\"attachment-medium size-medium wp-image-2666\" alt=\"Maison Alexis - Casablanca (Maroc) - Vitrine refrig\u00e9r\u00e9e OCF\" srcset=\"https:\/\/www.ocf.fr\/wp-content\/uploads\/2020\/06\/maison-alexis-casablanca-maroc-vitrine-refrigeree-ocf-1-600x450.jpg 600w, https:\/\/www.ocf.fr\/wp-content\/uploads\/2020\/06\/maison-alexis-casablanca-maroc-vitrine-refrigeree-ocf-1-1200x900.jpg 1200w, https:\/\/www.ocf.fr\/wp-content\/uploads\/2020\/06\/maison-alexis-casablanca-maroc-vitrine-refrigeree-ocf-1-768x576.jpg 768w, https:\/\/www.ocf.fr\/wp-content\/uploads\/2020\/06\/maison-alexis-casablanca-maroc-vitrine-refrigeree-ocf-1-1536x1152.jpg 1536w, https:\/\/www.ocf.fr\/wp-content\/uploads\/2020\/06\/maison-alexis-casablanca-maroc-vitrine-refrigeree-ocf-1.jpg 2048w\" sizes=\"(max-width: 600px) 100vw, 600px\" \/>\t\t<\/div>\n\t\t\t\t<div class=\"elementor-portfolio-item__overlay\">\n\t\t\t\t<h3 class=\"elementor-portfolio-item__title\">\n\t\tMAISON ALEXIS &#8211; CASABLANCA (MAROC)\t\t<\/h3>\n\t\t\t\t<\/div>\n\t\t\t\t<\/a>\n\t\t<\/article>\n\t\t\t\t<article class=\"elementor-portfolio-item elementor-post elementor-filter-53 post-4192 dt_portfolio type-dt_portfolio status-publish has-post-thumbnail hentry dt_portfolio_category-chocolaterie-patisserie-fine-en\" role=\"listitem\">\n\t\t\t<a class=\"elementor-post__thumbnail__link\" href=\"https:\/\/www.ocf.fr\/en\/realisation\/chocolaterie-gonzales-jacou-34\/\">\n\t\t\t\t<div class=\"elementor-portfolio-item__img elementor-post__thumbnail\">\n\t\t\t<img loading=\"lazy\" decoding=\"async\" width=\"600\" height=\"450\" src=\"https:\/\/www.ocf.fr\/wp-content\/uploads\/2020\/06\/chocolatier-gonzales-34830-jacou-vitrine-refrigeree-ocf-1-600x450.jpg\" class=\"attachment-medium size-medium wp-image-2640\" alt=\"Chocolaterie Gonzales - 34830 Jacou - Vitrine r\u00e9frig\u00e9r\u00e9e OCF\" srcset=\"https:\/\/www.ocf.fr\/wp-content\/uploads\/2020\/06\/chocolatier-gonzales-34830-jacou-vitrine-refrigeree-ocf-1-600x450.jpg 600w, https:\/\/www.ocf.fr\/wp-content\/uploads\/2020\/06\/chocolatier-gonzales-34830-jacou-vitrine-refrigeree-ocf-1-1200x900.jpg 1200w, https:\/\/www.ocf.fr\/wp-content\/uploads\/2020\/06\/chocolatier-gonzales-34830-jacou-vitrine-refrigeree-ocf-1-768x576.jpg 768w, https:\/\/www.ocf.fr\/wp-content\/uploads\/2020\/06\/chocolatier-gonzales-34830-jacou-vitrine-refrigeree-ocf-1-1536x1152.jpg 1536w, https:\/\/www.ocf.fr\/wp-content\/uploads\/2020\/06\/chocolatier-gonzales-34830-jacou-vitrine-refrigeree-ocf-1.jpg 2048w\" sizes=\"(max-width: 600px) 100vw, 600px\" \/>\t\t<\/div>\n\t\t\t\t<div class=\"elementor-portfolio-item__overlay\">\n\t\t\t\t<h3 class=\"elementor-portfolio-item__title\">\n\t\tCHOCOLATERIE GONZALES &#8211; JACOU (34)\t\t<\/h3>\n\t\t\t\t<\/div>\n\t\t\t\t<\/a>\n\t\t<\/article>\n\t\t\t\t<article class=\"elementor-portfolio-item elementor-post elementor-filter-53 post-4195 dt_portfolio type-dt_portfolio status-publish has-post-thumbnail hentry dt_portfolio_category-chocolaterie-patisserie-fine-en\" role=\"listitem\">\n\t\t\t<a class=\"elementor-post__thumbnail__link\" href=\"https:\/\/www.ocf.fr\/en\/realisation\/pierre-herme-marrackech-maroc\/\">\n\t\t\t\t<div class=\"elementor-portfolio-item__img elementor-post__thumbnail\">\n\t\t\t<img loading=\"lazy\" decoding=\"async\" width=\"600\" height=\"450\" src=\"https:\/\/www.ocf.fr\/wp-content\/uploads\/2020\/06\/pierre-herme-hotel-la-mamounia-marrackech-maroc-vitrine-refrigeree-ocf-1-600x450.jpg\" class=\"attachment-medium size-medium wp-image-2609\" alt=\"Pierre Herm\u00e9 - Marrackech (Maroc) - Vitrine r\u00e9frig\u00e9r\u00e9e OCF\" srcset=\"https:\/\/www.ocf.fr\/wp-content\/uploads\/2020\/06\/pierre-herme-hotel-la-mamounia-marrackech-maroc-vitrine-refrigeree-ocf-1-600x450.jpg 600w, https:\/\/www.ocf.fr\/wp-content\/uploads\/2020\/06\/pierre-herme-hotel-la-mamounia-marrackech-maroc-vitrine-refrigeree-ocf-1-1200x900.jpg 1200w, https:\/\/www.ocf.fr\/wp-content\/uploads\/2020\/06\/pierre-herme-hotel-la-mamounia-marrackech-maroc-vitrine-refrigeree-ocf-1-768x576.jpg 768w, https:\/\/www.ocf.fr\/wp-content\/uploads\/2020\/06\/pierre-herme-hotel-la-mamounia-marrackech-maroc-vitrine-refrigeree-ocf-1-1536x1152.jpg 1536w, https:\/\/www.ocf.fr\/wp-content\/uploads\/2020\/06\/pierre-herme-hotel-la-mamounia-marrackech-maroc-vitrine-refrigeree-ocf-1.jpg 2048w\" sizes=\"(max-width: 600px) 100vw, 600px\" \/>\t\t<\/div>\n\t\t\t\t<div class=\"elementor-portfolio-item__overlay\">\n\t\t\t\t<h3 class=\"elementor-portfolio-item__title\">\n\t\tPIERRE HERM\u00c9 &#8211; MARRACKECH (MAROC)\t\t<\/h3>\n\t\t\t\t<\/div>\n\t\t\t\t<\/a>\n\t\t<\/article>\n\t\t\t\t<article class=\"elementor-portfolio-item elementor-post elementor-filter-53 post-4198 dt_portfolio type-dt_portfolio status-publish has-post-thumbnail hentry dt_portfolio_category-chocolaterie-patisserie-fine-en\" role=\"listitem\">\n\t\t\t<a class=\"elementor-post__thumbnail__link\" href=\"https:\/\/www.ocf.fr\/en\/realisation\/favarger-geneve-suisse\/\">\n\t\t\t\t<div class=\"elementor-portfolio-item__img elementor-post__thumbnail\">\n\t\t\t<img loading=\"lazy\" decoding=\"async\" width=\"600\" height=\"450\" src=\"https:\/\/www.ocf.fr\/wp-content\/uploads\/2020\/06\/favarger-geneve-suisse-vitrine-refrigeree-ocf-2-1-600x450.jpg\" class=\"attachment-medium size-medium wp-image-2593\" alt=\"Favarger - Gen\u00e8ve (Suisse) - Vitrine r\u00e9frig\u00e9r\u00e9e OCF\" srcset=\"https:\/\/www.ocf.fr\/wp-content\/uploads\/2020\/06\/favarger-geneve-suisse-vitrine-refrigeree-ocf-2-1-600x450.jpg 600w, https:\/\/www.ocf.fr\/wp-content\/uploads\/2020\/06\/favarger-geneve-suisse-vitrine-refrigeree-ocf-2-1-1200x900.jpg 1200w, https:\/\/www.ocf.fr\/wp-content\/uploads\/2020\/06\/favarger-geneve-suisse-vitrine-refrigeree-ocf-2-1-768x576.jpg 768w, https:\/\/www.ocf.fr\/wp-content\/uploads\/2020\/06\/favarger-geneve-suisse-vitrine-refrigeree-ocf-2-1-1536x1152.jpg 1536w, https:\/\/www.ocf.fr\/wp-content\/uploads\/2020\/06\/favarger-geneve-suisse-vitrine-refrigeree-ocf-2-1.jpg 2048w\" sizes=\"(max-width: 600px) 100vw, 600px\" \/>\t\t<\/div>\n\t\t\t\t<div class=\"elementor-portfolio-item__overlay\">\n\t\t\t\t<h3 class=\"elementor-portfolio-item__title\">\n\t\tFAVARGER &#8211; GEN\u00c8VE (SUISSE)\t\t<\/h3>\n\t\t\t\t<\/div>\n\t\t\t\t<\/a>\n\t\t<\/article>\n\t\t\t\t<article class=\"elementor-portfolio-item elementor-post elementor-filter-52 post-4201 dt_portfolio type-dt_portfolio status-publish has-post-thumbnail hentry dt_portfolio_category-bakery\" role=\"listitem\">\n\t\t\t<a class=\"elementor-post__thumbnail__link\" href=\"https:\/\/www.ocf.fr\/en\/realisation\/les-3-fees-casablanca-maroc\/\">\n\t\t\t\t<div class=\"elementor-portfolio-item__img elementor-post__thumbnail\">\n\t\t\t<img loading=\"lazy\" decoding=\"async\" width=\"600\" height=\"450\" src=\"https:\/\/www.ocf.fr\/wp-content\/uploads\/2020\/06\/les-3-fees-casablanca-maroc-vitrine-refrigeree-ocf-1-600x450.jpg\" class=\"attachment-medium size-medium wp-image-2531\" alt=\"Les 3 f\u00e9es - Casablanca (Maroc) - Vitrine r\u00e9frig\u00e9r\u00e9e OCF\" srcset=\"https:\/\/www.ocf.fr\/wp-content\/uploads\/2020\/06\/les-3-fees-casablanca-maroc-vitrine-refrigeree-ocf-1-600x450.jpg 600w, https:\/\/www.ocf.fr\/wp-content\/uploads\/2020\/06\/les-3-fees-casablanca-maroc-vitrine-refrigeree-ocf-1-768x576.jpg 768w, https:\/\/www.ocf.fr\/wp-content\/uploads\/2020\/06\/les-3-fees-casablanca-maroc-vitrine-refrigeree-ocf-1.jpg 1200w\" sizes=\"(max-width: 600px) 100vw, 600px\" \/>\t\t<\/div>\n\t\t\t\t<div class=\"elementor-portfolio-item__overlay\">\n\t\t\t\t<h3 class=\"elementor-portfolio-item__title\">\n\t\tLES 3 F\u00c9ES &#8211; CASABLANCA (MAROC)\t\t<\/h3>\n\t\t\t\t<\/div>\n\t\t\t\t<\/a>\n\t\t<\/article>\n\t\t\t\t<article class=\"elementor-portfolio-item elementor-post elementor-filter-52 post-4204 dt_portfolio type-dt_portfolio status-publish has-post-thumbnail hentry dt_portfolio_category-bakery\" role=\"listitem\">\n\t\t\t<a class=\"elementor-post__thumbnail__link\" href=\"https:\/\/www.ocf.fr\/en\/realisation\/maison-samson-cabrieres-davignon-84\/\">\n\t\t\t\t<div class=\"elementor-portfolio-item__img elementor-post__thumbnail\">\n\t\t\t<img loading=\"lazy\" decoding=\"async\" width=\"600\" height=\"450\" src=\"https:\/\/www.ocf.fr\/wp-content\/uploads\/2020\/04\/maison-samson-84220-cabrieres-d-avignon-vitrine-ocf-1-600x450.jpg\" class=\"attachment-medium size-medium wp-image-2515\" alt=\"Maison Samson - Cabri\u00e8res d&#039;Avignon (84) - Vitrine r\u00e9frig\u00e9r\u00e9e OCF\" srcset=\"https:\/\/www.ocf.fr\/wp-content\/uploads\/2020\/04\/maison-samson-84220-cabrieres-d-avignon-vitrine-ocf-1-600x450.jpg 600w, https:\/\/www.ocf.fr\/wp-content\/uploads\/2020\/04\/maison-samson-84220-cabrieres-d-avignon-vitrine-ocf-1-768x576.jpg 768w, https:\/\/www.ocf.fr\/wp-content\/uploads\/2020\/04\/maison-samson-84220-cabrieres-d-avignon-vitrine-ocf-1.jpg 1200w\" sizes=\"(max-width: 600px) 100vw, 600px\" \/>\t\t<\/div>\n\t\t\t\t<div class=\"elementor-portfolio-item__overlay\">\n\t\t\t\t<h3 class=\"elementor-portfolio-item__title\">\n\t\tMAISON SAMSON &#8211; CABRI\u00c8RES D&#8217;AVIGNON (84)\t\t<\/h3>\n\t\t\t\t<\/div>\n\t\t\t\t<\/a>\n\t\t<\/article>\n\t\t\t\t<article class=\"elementor-portfolio-item elementor-post elementor-filter-52 post-4207 dt_portfolio type-dt_portfolio status-publish has-post-thumbnail hentry dt_portfolio_category-bakery\" role=\"listitem\">\n\t\t\t<a class=\"elementor-post__thumbnail__link\" href=\"https:\/\/www.ocf.fr\/en\/realisation\/maison-reibel-evian-les-bains-74\/\">\n\t\t\t\t<div class=\"elementor-portfolio-item__img elementor-post__thumbnail\">\n\t\t\t<img loading=\"lazy\" decoding=\"async\" width=\"600\" height=\"450\" src=\"https:\/\/www.ocf.fr\/wp-content\/uploads\/2020\/03\/maison-reibel-74500-evian-les-bains-vitrine-refrigeree-ocf-2-600x450.jpg\" class=\"attachment-medium size-medium wp-image-2502\" alt=\"Maison REIBEL - Evian-Les-Bains (74) - Vitrine r\u00e9frig\u00e9r\u00e9e OCF\" srcset=\"https:\/\/www.ocf.fr\/wp-content\/uploads\/2020\/03\/maison-reibel-74500-evian-les-bains-vitrine-refrigeree-ocf-2-600x450.jpg 600w, https:\/\/www.ocf.fr\/wp-content\/uploads\/2020\/03\/maison-reibel-74500-evian-les-bains-vitrine-refrigeree-ocf-2-768x576.jpg 768w, https:\/\/www.ocf.fr\/wp-content\/uploads\/2020\/03\/maison-reibel-74500-evian-les-bains-vitrine-refrigeree-ocf-2.jpg 1200w\" sizes=\"(max-width: 600px) 100vw, 600px\" \/>\t\t<\/div>\n\t\t\t\t<div class=\"elementor-portfolio-item__overlay\">\n\t\t\t\t<h3 class=\"elementor-portfolio-item__title\">\n\t\tMAISON REIBEL &#8211; \u00c9VIAN LES BAINS (74)\t\t<\/h3>\n\t\t\t\t<\/div>\n\t\t\t\t<\/a>\n\t\t<\/article>\n\t\t\t\t<article class=\"elementor-portfolio-item elementor-post elementor-filter-52 post-4210 dt_portfolio type-dt_portfolio status-publish has-post-thumbnail hentry dt_portfolio_category-bakery\" role=\"listitem\">\n\t\t\t<a class=\"elementor-post__thumbnail__link\" href=\"https:\/\/www.ocf.fr\/en\/realisation\/patisserie-a-litalienne-tanger-maroc\/\">\n\t\t\t\t<div class=\"elementor-portfolio-item__img elementor-post__thumbnail\">\n\t\t\t<img loading=\"lazy\" decoding=\"async\" width=\"600\" height=\"337\" src=\"https:\/\/www.ocf.fr\/wp-content\/uploads\/2020\/03\/patisserie-a-l-italienne-tanger-maroc-vitrine-refrigeree-ocf-1-600x337.jpg\" class=\"attachment-medium size-medium wp-image-2483\" alt=\"P\u00e2tisserie \u00e0 l&#039;italienne - Tanger (Maroc) - Vitrine r\u00e9frig\u00e9r\u00e9e OCF\" srcset=\"https:\/\/www.ocf.fr\/wp-content\/uploads\/2020\/03\/patisserie-a-l-italienne-tanger-maroc-vitrine-refrigeree-ocf-1-600x337.jpg 600w, https:\/\/www.ocf.fr\/wp-content\/uploads\/2020\/03\/patisserie-a-l-italienne-tanger-maroc-vitrine-refrigeree-ocf-1-1200x675.jpg 1200w, https:\/\/www.ocf.fr\/wp-content\/uploads\/2020\/03\/patisserie-a-l-italienne-tanger-maroc-vitrine-refrigeree-ocf-1-768x432.jpg 768w, https:\/\/www.ocf.fr\/wp-content\/uploads\/2020\/03\/patisserie-a-l-italienne-tanger-maroc-vitrine-refrigeree-ocf-1.jpg 1334w\" sizes=\"(max-width: 600px) 100vw, 600px\" \/>\t\t<\/div>\n\t\t\t\t<div class=\"elementor-portfolio-item__overlay\">\n\t\t\t\t<h3 class=\"elementor-portfolio-item__title\">\n\t\tP\u00c2TISSERIE \u00c0 L&#8217;ITALIENNE &#8211; TANGER (MAROC)\t\t<\/h3>\n\t\t\t\t<\/div>\n\t\t\t\t<\/a>\n\t\t<\/article>\n\t\t\t\t<article class=\"elementor-portfolio-item elementor-post elementor-filter-54 post-4213 dt_portfolio type-dt_portfolio status-publish has-post-thumbnail hentry dt_portfolio_category-boucherie-fromagerie-traiteur-en\" role=\"listitem\">\n\t\t\t<a class=\"elementor-post__thumbnail__link\" href=\"https:\/\/www.ocf.fr\/en\/realisation\/boucherie-reault-chailles-41\/\">\n\t\t\t\t<div class=\"elementor-portfolio-item__img elementor-post__thumbnail\">\n\t\t\t<img loading=\"lazy\" decoding=\"async\" width=\"600\" height=\"450\" src=\"https:\/\/www.ocf.fr\/wp-content\/uploads\/2020\/02\/boucherie-reault-41120-chailles-vitrine-refrigeree-ocf-13-600x450.jpg\" class=\"attachment-medium size-medium wp-image-3051\" alt=\"Boucherie Reault - Chailles (41) - Vitrine r\u00e9frig\u00e9r\u00e9e OCF\" srcset=\"https:\/\/www.ocf.fr\/wp-content\/uploads\/2020\/02\/boucherie-reault-41120-chailles-vitrine-refrigeree-ocf-13-600x450.jpg 600w, https:\/\/www.ocf.fr\/wp-content\/uploads\/2020\/02\/boucherie-reault-41120-chailles-vitrine-refrigeree-ocf-13-768x576.jpg 768w, https:\/\/www.ocf.fr\/wp-content\/uploads\/2020\/02\/boucherie-reault-41120-chailles-vitrine-refrigeree-ocf-13.jpg 1200w\" sizes=\"(max-width: 600px) 100vw, 600px\" \/>\t\t<\/div>\n\t\t\t\t<div class=\"elementor-portfolio-item__overlay\">\n\t\t\t\t<h3 class=\"elementor-portfolio-item__title\">\n\t\tBOUCHERIE REAULT &#8211; CHAILLES (41)\t\t<\/h3>\n\t\t\t\t<\/div>\n\t\t\t\t<\/a>\n\t\t<\/article>\n\t\t\t\t<article class=\"elementor-portfolio-item elementor-post elementor-filter-53 post-4216 dt_portfolio type-dt_portfolio status-publish has-post-thumbnail hentry dt_portfolio_category-chocolaterie-patisserie-fine-en\" role=\"listitem\">\n\t\t\t<a class=\"elementor-post__thumbnail__link\" href=\"https:\/\/www.ocf.fr\/en\/realisation\/demoiselle-casablanca-maroc\/\">\n\t\t\t\t<div class=\"elementor-portfolio-item__img elementor-post__thumbnail\">\n\t\t\t<img loading=\"lazy\" decoding=\"async\" width=\"600\" height=\"450\" src=\"https:\/\/www.ocf.fr\/wp-content\/uploads\/2020\/02\/demoiselle-casablanca-maroc-vitrine-refrigeree-ocf-2-600x450.jpg\" class=\"attachment-medium size-medium wp-image-2940\" alt=\"Demoiselle - Casablanca (Maroc) - Vitrine r\u00e9frig\u00e9r\u00e9e OCF\" srcset=\"https:\/\/www.ocf.fr\/wp-content\/uploads\/2020\/02\/demoiselle-casablanca-maroc-vitrine-refrigeree-ocf-2-600x450.jpg 600w, https:\/\/www.ocf.fr\/wp-content\/uploads\/2020\/02\/demoiselle-casablanca-maroc-vitrine-refrigeree-ocf-2-1200x900.jpg 1200w, https:\/\/www.ocf.fr\/wp-content\/uploads\/2020\/02\/demoiselle-casablanca-maroc-vitrine-refrigeree-ocf-2-768x576.jpg 768w, https:\/\/www.ocf.fr\/wp-content\/uploads\/2020\/02\/demoiselle-casablanca-maroc-vitrine-refrigeree-ocf-2-1536x1152.jpg 1536w, https:\/\/www.ocf.fr\/wp-content\/uploads\/2020\/02\/demoiselle-casablanca-maroc-vitrine-refrigeree-ocf-2.jpg 2016w\" sizes=\"(max-width: 600px) 100vw, 600px\" \/>\t\t<\/div>\n\t\t\t\t<div class=\"elementor-portfolio-item__overlay\">\n\t\t\t\t<h3 class=\"elementor-portfolio-item__title\">\n\t\tDEMOISELLE &#8211; CASABLANCA (MAROC)\t\t<\/h3>\n\t\t\t\t<\/div>\n\t\t\t\t<\/a>\n\t\t<\/article>\n\t\t\t\t<article class=\"elementor-portfolio-item elementor-post elementor-filter-53 post-4221 dt_portfolio type-dt_portfolio status-publish has-post-thumbnail hentry dt_portfolio_category-chocolaterie-patisserie-fine-en\" role=\"listitem\">\n\t\t\t<a class=\"elementor-post__thumbnail__link\" href=\"https:\/\/www.ocf.fr\/en\/realisation\/maitre-choux-londres-grande-bretagne\/\">\n\t\t\t\t<div class=\"elementor-portfolio-item__img elementor-post__thumbnail\">\n\t\t\t<img loading=\"lazy\" decoding=\"async\" width=\"600\" height=\"450\" src=\"https:\/\/www.ocf.fr\/wp-content\/uploads\/2020\/06\/maitre-choux-londres-grande-bretagne-vitrine-refrigeree-ocf-1-600x450.jpg\" class=\"attachment-medium size-medium wp-image-2915\" alt=\"Ma\u00eetre choux - Londres (Grande Bretagne) - Vitrine r\u00e9frig\u00e9r\u00e9e OCF\" srcset=\"https:\/\/www.ocf.fr\/wp-content\/uploads\/2020\/06\/maitre-choux-londres-grande-bretagne-vitrine-refrigeree-ocf-1-600x450.jpg 600w, https:\/\/www.ocf.fr\/wp-content\/uploads\/2020\/06\/maitre-choux-londres-grande-bretagne-vitrine-refrigeree-ocf-1-1200x900.jpg 1200w, https:\/\/www.ocf.fr\/wp-content\/uploads\/2020\/06\/maitre-choux-londres-grande-bretagne-vitrine-refrigeree-ocf-1-768x576.jpg 768w, https:\/\/www.ocf.fr\/wp-content\/uploads\/2020\/06\/maitre-choux-londres-grande-bretagne-vitrine-refrigeree-ocf-1-1536x1152.jpg 1536w, https:\/\/www.ocf.fr\/wp-content\/uploads\/2020\/06\/maitre-choux-londres-grande-bretagne-vitrine-refrigeree-ocf-1.jpg 2016w\" sizes=\"(max-width: 600px) 100vw, 600px\" \/>\t\t<\/div>\n\t\t\t\t<div class=\"elementor-portfolio-item__overlay\">\n\t\t\t\t<h3 class=\"elementor-portfolio-item__title\">\n\t\tMA\u00ceTRE CHOUX &#8211; LONDRES (GRANDE-BRETAGNE)\t\t<\/h3>\n\t\t\t\t<\/div>\n\t\t\t\t<\/a>\n\t\t<\/article>\n\t\t\t\t<article class=\"elementor-portfolio-item elementor-post elementor-filter-53 post-4224 dt_portfolio type-dt_portfolio status-publish has-post-thumbnail hentry dt_portfolio_category-chocolaterie-patisserie-fine-en\" role=\"listitem\">\n\t\t\t<a class=\"elementor-post__thumbnail__link\" href=\"https:\/\/www.ocf.fr\/en\/realisation\/patisserie-marc-morel-epernay-51\/\">\n\t\t\t\t<div class=\"elementor-portfolio-item__img elementor-post__thumbnail\">\n\t\t\t<img loading=\"lazy\" decoding=\"async\" width=\"600\" height=\"400\" src=\"https:\/\/www.ocf.fr\/wp-content\/uploads\/2020\/02\/patisserie-morel-epernay-51-vitrine-refrigeree-ocf-2-600x400.jpg\" class=\"attachment-medium size-medium wp-image-3365\" alt=\"P\u00e2tisserie Morel - Epernay (51) - Vitrine r\u00e9frig\u00e9r\u00e9e OCF\" srcset=\"https:\/\/www.ocf.fr\/wp-content\/uploads\/2020\/02\/patisserie-morel-epernay-51-vitrine-refrigeree-ocf-2-600x400.jpg 600w, https:\/\/www.ocf.fr\/wp-content\/uploads\/2020\/02\/patisserie-morel-epernay-51-vitrine-refrigeree-ocf-2-1200x800.jpg 1200w, https:\/\/www.ocf.fr\/wp-content\/uploads\/2020\/02\/patisserie-morel-epernay-51-vitrine-refrigeree-ocf-2-768x512.jpg 768w, https:\/\/www.ocf.fr\/wp-content\/uploads\/2020\/02\/patisserie-morel-epernay-51-vitrine-refrigeree-ocf-2-1536x1024.jpg 1536w, https:\/\/www.ocf.fr\/wp-content\/uploads\/2020\/02\/patisserie-morel-epernay-51-vitrine-refrigeree-ocf-2-2048x1365.jpg 2048w\" sizes=\"(max-width: 600px) 100vw, 600px\" \/>\t\t<\/div>\n\t\t\t\t<div class=\"elementor-portfolio-item__overlay\">\n\t\t\t\t<h3 class=\"elementor-portfolio-item__title\">\n\t\tP\u00c2TISSERIE MARC MOREL- EPERNAY (51)\t\t<\/h3>\n\t\t\t\t<\/div>\n\t\t\t\t<\/a>\n\t\t<\/article>\n\t\t\t\t<article class=\"elementor-portfolio-item elementor-post elementor-filter-53 post-4227 dt_portfolio type-dt_portfolio status-publish has-post-thumbnail hentry dt_portfolio_category-chocolaterie-patisserie-fine-en\" role=\"listitem\">\n\t\t\t<a class=\"elementor-post__thumbnail__link\" href=\"https:\/\/www.ocf.fr\/en\/realisation\/luckscheiter-ludwigsbourg-allemagne\/\">\n\t\t\t\t<div class=\"elementor-portfolio-item__img elementor-post__thumbnail\">\n\t\t\t<img loading=\"lazy\" decoding=\"async\" width=\"600\" height=\"450\" src=\"https:\/\/www.ocf.fr\/wp-content\/uploads\/2020\/06\/luckscheiter-ludwigsbourg-allemagne-vitrine-refrigeree-ocf-1-600x450.jpg\" class=\"attachment-medium size-medium wp-image-2900\" alt=\"Luckscheiter - Ludwigsbourg (Allemagne) - Vitrine r\u00e9frig\u00e9r\u00e9e OCF\" srcset=\"https:\/\/www.ocf.fr\/wp-content\/uploads\/2020\/06\/luckscheiter-ludwigsbourg-allemagne-vitrine-refrigeree-ocf-1-600x450.jpg 600w, https:\/\/www.ocf.fr\/wp-content\/uploads\/2020\/06\/luckscheiter-ludwigsbourg-allemagne-vitrine-refrigeree-ocf-1-1200x900.jpg 1200w, https:\/\/www.ocf.fr\/wp-content\/uploads\/2020\/06\/luckscheiter-ludwigsbourg-allemagne-vitrine-refrigeree-ocf-1-768x576.jpg 768w, https:\/\/www.ocf.fr\/wp-content\/uploads\/2020\/06\/luckscheiter-ludwigsbourg-allemagne-vitrine-refrigeree-ocf-1-1536x1152.jpg 1536w, https:\/\/www.ocf.fr\/wp-content\/uploads\/2020\/06\/luckscheiter-ludwigsbourg-allemagne-vitrine-refrigeree-ocf-1.jpg 2048w\" sizes=\"(max-width: 600px) 100vw, 600px\" \/>\t\t<\/div>\n\t\t\t\t<div class=\"elementor-portfolio-item__overlay\">\n\t\t\t\t<h3 class=\"elementor-portfolio-item__title\">\n\t\tLUCKSCHEITER &#8211; LUDWIGSBOURG (ALLEMAGNE)\t\t<\/h3>\n\t\t\t\t<\/div>\n\t\t\t\t<\/a>\n\t\t<\/article>\n\t\t\t\t<article class=\"elementor-portfolio-item elementor-post elementor-filter-53 post-4230 dt_portfolio type-dt_portfolio status-publish has-post-thumbnail hentry dt_portfolio_category-chocolaterie-patisserie-fine-en\" role=\"listitem\">\n\t\t\t<a class=\"elementor-post__thumbnail__link\" href=\"https:\/\/www.ocf.fr\/en\/realisation\/chocolaterie-coupel-rennes-35\/\">\n\t\t\t\t<div class=\"elementor-portfolio-item__img elementor-post__thumbnail\">\n\t\t\t<img loading=\"lazy\" decoding=\"async\" width=\"600\" height=\"364\" src=\"https:\/\/www.ocf.fr\/wp-content\/uploads\/2020\/02\/coupel-chocolaterie-35000-rennes-vitrine-refrigeree-ocf-1-600x364.jpg\" class=\"attachment-medium size-medium wp-image-2878\" alt=\"Chocolaterie Coupel - Rennes (35) - Vitrine r\u00e9frig\u00e9r\u00e9e OCF\" srcset=\"https:\/\/www.ocf.fr\/wp-content\/uploads\/2020\/02\/coupel-chocolaterie-35000-rennes-vitrine-refrigeree-ocf-1-600x364.jpg 600w, https:\/\/www.ocf.fr\/wp-content\/uploads\/2020\/02\/coupel-chocolaterie-35000-rennes-vitrine-refrigeree-ocf-1-768x466.jpg 768w, https:\/\/www.ocf.fr\/wp-content\/uploads\/2020\/02\/coupel-chocolaterie-35000-rennes-vitrine-refrigeree-ocf-1.jpg 1200w\" sizes=\"(max-width: 600px) 100vw, 600px\" \/>\t\t<\/div>\n\t\t\t\t<div class=\"elementor-portfolio-item__overlay\">\n\t\t\t\t<h3 class=\"elementor-portfolio-item__title\">\n\t\tCHOCOLATERIE COUPEL &#8211; RENNES (35)\t\t<\/h3>\n\t\t\t\t<\/div>\n\t\t\t\t<\/a>\n\t\t<\/article>\n\t\t\t\t<article class=\"elementor-portfolio-item elementor-post elementor-filter-53 post-4233 dt_portfolio type-dt_portfolio status-publish has-post-thumbnail hentry dt_portfolio_category-chocolaterie-patisserie-fine-en\" role=\"listitem\">\n\t\t\t<a class=\"elementor-post__thumbnail__link\" href=\"https:\/\/www.ocf.fr\/en\/realisation\/maison-h-douala-cameroun\/\">\n\t\t\t\t<div class=\"elementor-portfolio-item__img elementor-post__thumbnail\">\n\t\t\t<img loading=\"lazy\" decoding=\"async\" width=\"600\" height=\"450\" src=\"https:\/\/www.ocf.fr\/wp-content\/uploads\/2020\/02\/maison-h-douala-cameroun-vitrine-refrigeree-ocf-2-600x450.jpg\" class=\"attachment-medium size-medium wp-image-2859\" alt=\"Maison H - Douala (Cameroun) - Vitrine r\u00e9frig\u00e9r\u00e9e OCF\" srcset=\"https:\/\/www.ocf.fr\/wp-content\/uploads\/2020\/02\/maison-h-douala-cameroun-vitrine-refrigeree-ocf-2-600x450.jpg 600w, https:\/\/www.ocf.fr\/wp-content\/uploads\/2020\/02\/maison-h-douala-cameroun-vitrine-refrigeree-ocf-2-1200x900.jpg 1200w, https:\/\/www.ocf.fr\/wp-content\/uploads\/2020\/02\/maison-h-douala-cameroun-vitrine-refrigeree-ocf-2-768x576.jpg 768w, https:\/\/www.ocf.fr\/wp-content\/uploads\/2020\/02\/maison-h-douala-cameroun-vitrine-refrigeree-ocf-2-1536x1152.jpg 1536w, https:\/\/www.ocf.fr\/wp-content\/uploads\/2020\/02\/maison-h-douala-cameroun-vitrine-refrigeree-ocf-2.jpg 1600w\" sizes=\"(max-width: 600px) 100vw, 600px\" \/>\t\t<\/div>\n\t\t\t\t<div class=\"elementor-portfolio-item__overlay\">\n\t\t\t\t<h3 class=\"elementor-portfolio-item__title\">\n\t\tMAISON H &#8211; DOUALA (CAMEROUN)\t\t<\/h3>\n\t\t\t\t<\/div>\n\t\t\t\t<\/a>\n\t\t<\/article>\n\t\t\t\t<article class=\"elementor-portfolio-item elementor-post elementor-filter-53 post-4237 dt_portfolio type-dt_portfolio status-publish has-post-thumbnail hentry dt_portfolio_category-chocolaterie-patisserie-fine-en\" role=\"listitem\">\n\t\t\t<a class=\"elementor-post__thumbnail__link\" href=\"https:\/\/www.ocf.fr\/en\/realisation\/maison-jouvaud-lisles-sur-la-sorgue-84\/\">\n\t\t\t\t<div class=\"elementor-portfolio-item__img elementor-post__thumbnail\">\n\t\t\t<img loading=\"lazy\" decoding=\"async\" width=\"600\" height=\"450\" src=\"https:\/\/www.ocf.fr\/wp-content\/uploads\/2020\/02\/maison-jouvaud-84800-l-isles-sur-la-sorgue-vitrine-refrigeree-ocf-1-600x450.jpg\" class=\"attachment-medium size-medium wp-image-2846\" alt=\"MAISON JOUVAUD - L&#039;ISLES SUR SORGUE (84) -\" srcset=\"https:\/\/www.ocf.fr\/wp-content\/uploads\/2020\/02\/maison-jouvaud-84800-l-isles-sur-la-sorgue-vitrine-refrigeree-ocf-1-600x450.jpg 600w, https:\/\/www.ocf.fr\/wp-content\/uploads\/2020\/02\/maison-jouvaud-84800-l-isles-sur-la-sorgue-vitrine-refrigeree-ocf-1-1200x900.jpg 1200w, https:\/\/www.ocf.fr\/wp-content\/uploads\/2020\/02\/maison-jouvaud-84800-l-isles-sur-la-sorgue-vitrine-refrigeree-ocf-1-768x576.jpg 768w, https:\/\/www.ocf.fr\/wp-content\/uploads\/2020\/02\/maison-jouvaud-84800-l-isles-sur-la-sorgue-vitrine-refrigeree-ocf-1-1536x1152.jpg 1536w, https:\/\/www.ocf.fr\/wp-content\/uploads\/2020\/02\/maison-jouvaud-84800-l-isles-sur-la-sorgue-vitrine-refrigeree-ocf-1.jpg 2048w\" sizes=\"(max-width: 600px) 100vw, 600px\" \/>\t\t<\/div>\n\t\t\t\t<div class=\"elementor-portfolio-item__overlay\">\n\t\t\t\t<h3 class=\"elementor-portfolio-item__title\">\n\t\tMAISON JOUVAUD &#8211; L&#8217;ISLES SUR LA SORGUE (84)\t\t<\/h3>\n\t\t\t\t<\/div>\n\t\t\t\t<\/a>\n\t\t<\/article>\n\t\t\t\t<article class=\"elementor-portfolio-item elementor-post elementor-filter-53 post-4240 dt_portfolio type-dt_portfolio status-publish has-post-thumbnail hentry dt_portfolio_category-chocolaterie-patisserie-fine-en\" role=\"listitem\">\n\t\t\t<a class=\"elementor-post__thumbnail__link\" href=\"https:\/\/www.ocf.fr\/en\/realisation\/le-petit-poucet-amiens-80\/\">\n\t\t\t\t<div class=\"elementor-portfolio-item__img elementor-post__thumbnail\">\n\t\t\t<img loading=\"lazy\" decoding=\"async\" width=\"600\" height=\"450\" src=\"https:\/\/www.ocf.fr\/wp-content\/uploads\/2020\/06\/le-petit-poucet-80000-amiens-vitrine-refrigeree-ocf-1-600x450.jpg\" class=\"attachment-medium size-medium wp-image-2718\" alt=\"Le Petit Poucet - Amiens (80) - Vitrine r\u00e9frig\u00e9r\u00e9e OCF\" srcset=\"https:\/\/www.ocf.fr\/wp-content\/uploads\/2020\/06\/le-petit-poucet-80000-amiens-vitrine-refrigeree-ocf-1-600x450.jpg 600w, https:\/\/www.ocf.fr\/wp-content\/uploads\/2020\/06\/le-petit-poucet-80000-amiens-vitrine-refrigeree-ocf-1-1200x900.jpg 1200w, https:\/\/www.ocf.fr\/wp-content\/uploads\/2020\/06\/le-petit-poucet-80000-amiens-vitrine-refrigeree-ocf-1-768x576.jpg 768w, https:\/\/www.ocf.fr\/wp-content\/uploads\/2020\/06\/le-petit-poucet-80000-amiens-vitrine-refrigeree-ocf-1-1536x1152.jpg 1536w, https:\/\/www.ocf.fr\/wp-content\/uploads\/2020\/06\/le-petit-poucet-80000-amiens-vitrine-refrigeree-ocf-1.jpg 2048w\" sizes=\"(max-width: 600px) 100vw, 600px\" \/>\t\t<\/div>\n\t\t\t\t<div class=\"elementor-portfolio-item__overlay\">\n\t\t\t\t<h3 class=\"elementor-portfolio-item__title\">\n\t\tLE PETIT POUCET &#8211; AMIENS (80)\t\t<\/h3>\n\t\t\t\t<\/div>\n\t\t\t\t<\/a>\n\t\t<\/article>\n\t\t\t\t<article class=\"elementor-portfolio-item elementor-post elementor-filter-53 post-4243 dt_portfolio type-dt_portfolio status-publish has-post-thumbnail hentry dt_portfolio_category-chocolaterie-patisserie-fine-en\" role=\"listitem\">\n\t\t\t<a class=\"elementor-post__thumbnail__link\" href=\"https:\/\/www.ocf.fr\/en\/realisation\/christian-camprini-cannes-06\/\">\n\t\t\t\t<div class=\"elementor-portfolio-item__img elementor-post__thumbnail\">\n\t\t\t<img loading=\"lazy\" decoding=\"async\" width=\"600\" height=\"450\" src=\"https:\/\/www.ocf.fr\/wp-content\/uploads\/2020\/06\/christian-camprini-06400-cannes-vitrine-refrigeree-ocf-1-600x450.jpg\" class=\"attachment-medium size-medium wp-image-2696\" alt=\"Christian Camprini - Cannes (06400) - Vitrine r\u00e9frig\u00e9r\u00e9e OCF\" srcset=\"https:\/\/www.ocf.fr\/wp-content\/uploads\/2020\/06\/christian-camprini-06400-cannes-vitrine-refrigeree-ocf-1-600x450.jpg 600w, https:\/\/www.ocf.fr\/wp-content\/uploads\/2020\/06\/christian-camprini-06400-cannes-vitrine-refrigeree-ocf-1-1200x900.jpg 1200w, https:\/\/www.ocf.fr\/wp-content\/uploads\/2020\/06\/christian-camprini-06400-cannes-vitrine-refrigeree-ocf-1-768x576.jpg 768w, https:\/\/www.ocf.fr\/wp-content\/uploads\/2020\/06\/christian-camprini-06400-cannes-vitrine-refrigeree-ocf-1-1536x1152.jpg 1536w, https:\/\/www.ocf.fr\/wp-content\/uploads\/2020\/06\/christian-camprini-06400-cannes-vitrine-refrigeree-ocf-1.jpg 2048w\" sizes=\"(max-width: 600px) 100vw, 600px\" \/>\t\t<\/div>\n\t\t\t\t<div class=\"elementor-portfolio-item__overlay\">\n\t\t\t\t<h3 class=\"elementor-portfolio-item__title\">\n\t\tCHRISTIAN CAMPRINI &#8211; CANNES (06)\t\t<\/h3>\n\t\t\t\t<\/div>\n\t\t\t\t<\/a>\n\t\t<\/article>\n\t\t\t\t<article class=\"elementor-portfolio-item elementor-post elementor-filter-53 post-4246 dt_portfolio type-dt_portfolio status-publish has-post-thumbnail hentry dt_portfolio_category-chocolaterie-patisserie-fine-en\" role=\"listitem\">\n\t\t\t<a class=\"elementor-post__thumbnail__link\" href=\"https:\/\/www.ocf.fr\/en\/realisation\/grand-opera-intendance-bordeaux-33\/\">\n\t\t\t\t<div class=\"elementor-portfolio-item__img elementor-post__thumbnail\">\n\t\t\t<img loading=\"lazy\" decoding=\"async\" width=\"600\" height=\"450\" src=\"https:\/\/www.ocf.fr\/wp-content\/uploads\/2020\/06\/grand-opera-intendance-33000-bordeaux-vitrine-refrigeree-ocf-2-600x450.jpg\" class=\"attachment-medium size-medium wp-image-2675\" alt=\"Grand Op\u00e9ra Intendance Bordeaux (33000) - Vitrine r\u00e9frig\u00e9r\u00e9e OCF\" srcset=\"https:\/\/www.ocf.fr\/wp-content\/uploads\/2020\/06\/grand-opera-intendance-33000-bordeaux-vitrine-refrigeree-ocf-2-600x450.jpg 600w, https:\/\/www.ocf.fr\/wp-content\/uploads\/2020\/06\/grand-opera-intendance-33000-bordeaux-vitrine-refrigeree-ocf-2-1200x900.jpg 1200w, https:\/\/www.ocf.fr\/wp-content\/uploads\/2020\/06\/grand-opera-intendance-33000-bordeaux-vitrine-refrigeree-ocf-2-768x576.jpg 768w, https:\/\/www.ocf.fr\/wp-content\/uploads\/2020\/06\/grand-opera-intendance-33000-bordeaux-vitrine-refrigeree-ocf-2.jpg 1280w\" sizes=\"(max-width: 600px) 100vw, 600px\" \/>\t\t<\/div>\n\t\t\t\t<div class=\"elementor-portfolio-item__overlay\">\n\t\t\t\t<h3 class=\"elementor-portfolio-item__title\">\n\t\tGRAND OP\u00c9RA INTENDANCE &#8211; BORDEAUX (33)\t\t<\/h3>\n\t\t\t\t<\/div>\n\t\t\t\t<\/a>\n\t\t<\/article>\n\t\t\t\t<article class=\"elementor-portfolio-item elementor-post elementor-filter-53 post-4249 dt_portfolio type-dt_portfolio status-publish has-post-thumbnail hentry dt_portfolio_category-chocolaterie-patisserie-fine-en\" role=\"listitem\">\n\t\t\t<a class=\"elementor-post__thumbnail__link\" href=\"https:\/\/www.ocf.fr\/en\/realisation\/eric-vergne-montbeliard-25\/\">\n\t\t\t\t<div class=\"elementor-portfolio-item__img elementor-post__thumbnail\">\n\t\t\t<img loading=\"lazy\" decoding=\"async\" width=\"600\" height=\"337\" src=\"https:\/\/www.ocf.fr\/wp-content\/uploads\/2020\/06\/patisserie-chocolaterie-eric-vergne-25200-montbeliard-vitrine-refrigeree-ocf-1-600x337.jpg\" class=\"attachment-medium size-medium wp-image-2634\" alt=\"P\u00e2tisserie Chocolaterie Eric Vergne - Montbeliard (25200) - Vitrine r\u00e9frig\u00e9r\u00e9e OCF\" srcset=\"https:\/\/www.ocf.fr\/wp-content\/uploads\/2020\/06\/patisserie-chocolaterie-eric-vergne-25200-montbeliard-vitrine-refrigeree-ocf-1-600x337.jpg 600w, https:\/\/www.ocf.fr\/wp-content\/uploads\/2020\/06\/patisserie-chocolaterie-eric-vergne-25200-montbeliard-vitrine-refrigeree-ocf-1-1200x675.jpg 1200w, https:\/\/www.ocf.fr\/wp-content\/uploads\/2020\/06\/patisserie-chocolaterie-eric-vergne-25200-montbeliard-vitrine-refrigeree-ocf-1-768x432.jpg 768w, https:\/\/www.ocf.fr\/wp-content\/uploads\/2020\/06\/patisserie-chocolaterie-eric-vergne-25200-montbeliard-vitrine-refrigeree-ocf-1.jpg 1366w\" sizes=\"(max-width: 600px) 100vw, 600px\" \/>\t\t<\/div>\n\t\t\t\t<div class=\"elementor-portfolio-item__overlay\">\n\t\t\t\t<h3 class=\"elementor-portfolio-item__title\">\n\t\t\u00c9RIC VERGNE &#8211; MONTBELIARD (25)\t\t<\/h3>\n\t\t\t\t<\/div>\n\t\t\t\t<\/a>\n\t\t<\/article>\n\t\t\t\t<article class=\"elementor-portfolio-item elementor-post elementor-filter-53 post-4252 dt_portfolio type-dt_portfolio status-publish has-post-thumbnail hentry dt_portfolio_category-chocolaterie-patisserie-fine-en\" role=\"listitem\">\n\t\t\t<a class=\"elementor-post__thumbnail__link\" href=\"https:\/\/www.ocf.fr\/en\/realisation\/christophe-roussel-la-baule-44\/\">\n\t\t\t\t<div class=\"elementor-portfolio-item__img elementor-post__thumbnail\">\n\t\t\t<img loading=\"lazy\" decoding=\"async\" width=\"600\" height=\"397\" src=\"https:\/\/www.ocf.fr\/wp-content\/uploads\/2020\/06\/christophe-roussel-44500-la-baule-vitrine-refrigeree-ocf-1-600x397.jpg\" class=\"attachment-medium size-medium wp-image-2623\" alt=\"Christophe ROUSSEL - La Baule (44) - Vitrine r\u00e9frig\u00e9r\u00e9e OCF\" srcset=\"https:\/\/www.ocf.fr\/wp-content\/uploads\/2020\/06\/christophe-roussel-44500-la-baule-vitrine-refrigeree-ocf-1-600x397.jpg 600w, https:\/\/www.ocf.fr\/wp-content\/uploads\/2020\/06\/christophe-roussel-44500-la-baule-vitrine-refrigeree-ocf-1-1200x795.jpg 1200w, https:\/\/www.ocf.fr\/wp-content\/uploads\/2020\/06\/christophe-roussel-44500-la-baule-vitrine-refrigeree-ocf-1-768x509.jpg 768w, https:\/\/www.ocf.fr\/wp-content\/uploads\/2020\/06\/christophe-roussel-44500-la-baule-vitrine-refrigeree-ocf-1-1536x1017.jpg 1536w, https:\/\/www.ocf.fr\/wp-content\/uploads\/2020\/06\/christophe-roussel-44500-la-baule-vitrine-refrigeree-ocf-1.jpg 2048w\" sizes=\"(max-width: 600px) 100vw, 600px\" \/>\t\t<\/div>\n\t\t\t\t<div class=\"elementor-portfolio-item__overlay\">\n\t\t\t\t<h3 class=\"elementor-portfolio-item__title\">\n\t\tCHRISTOPHE ROUSSEL &#8211; LA BAULE (44)\t\t<\/h3>\n\t\t\t\t<\/div>\n\t\t\t\t<\/a>\n\t\t<\/article>\n\t\t\t\t<article class=\"elementor-portfolio-item elementor-post elementor-filter-52 post-4255 dt_portfolio type-dt_portfolio status-publish has-post-thumbnail hentry dt_portfolio_category-bakery\" role=\"listitem\">\n\t\t\t<a class=\"elementor-post__thumbnail__link\" href=\"https:\/\/www.ocf.fr\/en\/realisation\/patisserie-des-lacs-salles-curan-12\/\">\n\t\t\t\t<div class=\"elementor-portfolio-item__img elementor-post__thumbnail\">\n\t\t\t<img loading=\"lazy\" decoding=\"async\" width=\"600\" height=\"450\" src=\"https:\/\/www.ocf.fr\/wp-content\/uploads\/2020\/02\/patisserie-des-lacs-12410-salles-curan-vitrine-refrigeree-ocf-1-600x450.jpg\" class=\"attachment-medium size-medium wp-image-2539\" alt=\"P\u00e2tisserie des Lacs - 12410 Salles Curan - Vitrine r\u00e9rig\u00e9r\u00e9e OCF\" srcset=\"https:\/\/www.ocf.fr\/wp-content\/uploads\/2020\/02\/patisserie-des-lacs-12410-salles-curan-vitrine-refrigeree-ocf-1-600x450.jpg 600w, https:\/\/www.ocf.fr\/wp-content\/uploads\/2020\/02\/patisserie-des-lacs-12410-salles-curan-vitrine-refrigeree-ocf-1-768x576.jpg 768w, https:\/\/www.ocf.fr\/wp-content\/uploads\/2020\/02\/patisserie-des-lacs-12410-salles-curan-vitrine-refrigeree-ocf-1.jpg 1200w\" sizes=\"(max-width: 600px) 100vw, 600px\" \/>\t\t<\/div>\n\t\t\t\t<div class=\"elementor-portfolio-item__overlay\">\n\t\t\t\t<h3 class=\"elementor-portfolio-item__title\">\n\t\tP\u00c2TISSERIE DES LACS &#8211; SALLES CURAN (12)\t\t<\/h3>\n\t\t\t\t<\/div>\n\t\t\t\t<\/a>\n\t\t<\/article>\n\t\t\t\t<article class=\"elementor-portfolio-item elementor-post elementor-filter-52 post-4258 dt_portfolio type-dt_portfolio status-publish has-post-thumbnail hentry dt_portfolio_category-bakery\" role=\"listitem\">\n\t\t\t<a class=\"elementor-post__thumbnail__link\" href=\"https:\/\/www.ocf.fr\/en\/realisation\/dupont-avec-un-the-deauville-14\/\">\n\t\t\t\t<div class=\"elementor-portfolio-item__img elementor-post__thumbnail\">\n\t\t\t<img loading=\"lazy\" decoding=\"async\" width=\"600\" height=\"262\" src=\"https:\/\/www.ocf.fr\/wp-content\/uploads\/2020\/02\/dupont-avec-un-the-14800-deauville-vitrine-refrigeree-ocf-1-600x262.jpg\" class=\"attachment-medium size-medium wp-image-2492\" alt=\"Dupont avec un th\u00e9 - Deauville (14) - Vitrine r\u00e9frig\u00e9r\u00e9e OCF\" srcset=\"https:\/\/www.ocf.fr\/wp-content\/uploads\/2020\/02\/dupont-avec-un-the-14800-deauville-vitrine-refrigeree-ocf-1-600x262.jpg 600w, https:\/\/www.ocf.fr\/wp-content\/uploads\/2020\/02\/dupont-avec-un-the-14800-deauville-vitrine-refrigeree-ocf-1-1200x523.jpg 1200w, https:\/\/www.ocf.fr\/wp-content\/uploads\/2020\/02\/dupont-avec-un-the-14800-deauville-vitrine-refrigeree-ocf-1-768x335.jpg 768w, https:\/\/www.ocf.fr\/wp-content\/uploads\/2020\/02\/dupont-avec-un-the-14800-deauville-vitrine-refrigeree-ocf-1-1536x670.jpg 1536w, https:\/\/www.ocf.fr\/wp-content\/uploads\/2020\/02\/dupont-avec-un-the-14800-deauville-vitrine-refrigeree-ocf-1.jpg 1816w\" sizes=\"(max-width: 600px) 100vw, 600px\" \/>\t\t<\/div>\n\t\t\t\t<div class=\"elementor-portfolio-item__overlay\">\n\t\t\t\t<h3 class=\"elementor-portfolio-item__title\">\n\t\tDUPONT AVEC UN TH\u00c9 &#8211; DEAUVILLE (14)\t\t<\/h3>\n\t\t\t\t<\/div>\n\t\t\t\t<\/a>\n\t\t<\/article>\n\t\t\t\t<article class=\"elementor-portfolio-item elementor-post elementor-filter-53 post-4261 dt_portfolio type-dt_portfolio status-publish has-post-thumbnail hentry dt_portfolio_category-chocolaterie-patisserie-fine-en\" role=\"listitem\">\n\t\t\t<a class=\"elementor-post__thumbnail__link\" href=\"https:\/\/www.ocf.fr\/en\/realisation\/patisserie-chocolaterie-claude-helfter-guebwiller-68\/\">\n\t\t\t\t<div class=\"elementor-portfolio-item__img elementor-post__thumbnail\">\n\t\t\t<img loading=\"lazy\" decoding=\"async\" width=\"600\" height=\"450\" src=\"https:\/\/www.ocf.fr\/wp-content\/uploads\/2020\/06\/patisserie-chocolaterie-claude-helfter-68100-mulhouse-vitrine-refrigeree-ocf-600x450.jpg\" class=\"attachment-medium size-medium wp-image-3018\" alt=\"P\u00e2tisserie Claude Helfter - Mulhouse (68) - Vitrine r\u00e9friger\u00e9e OCF\" srcset=\"https:\/\/www.ocf.fr\/wp-content\/uploads\/2020\/06\/patisserie-chocolaterie-claude-helfter-68100-mulhouse-vitrine-refrigeree-ocf-600x450.jpg 600w, https:\/\/www.ocf.fr\/wp-content\/uploads\/2020\/06\/patisserie-chocolaterie-claude-helfter-68100-mulhouse-vitrine-refrigeree-ocf-768x576.jpg 768w, https:\/\/www.ocf.fr\/wp-content\/uploads\/2020\/06\/patisserie-chocolaterie-claude-helfter-68100-mulhouse-vitrine-refrigeree-ocf.jpg 1200w\" sizes=\"(max-width: 600px) 100vw, 600px\" \/>\t\t<\/div>\n\t\t\t\t<div class=\"elementor-portfolio-item__overlay\">\n\t\t\t\t<h3 class=\"elementor-portfolio-item__title\">\n\t\tPATISSERIE CHOCOLATERIE CLAUDE HELFTER &#8211; GUEBWILLER (68)\t\t<\/h3>\n\t\t\t\t<\/div>\n\t\t\t\t<\/a>\n\t\t<\/article>\n\t\t\t\t<article class=\"elementor-portfolio-item elementor-post elementor-filter-53 post-4264 dt_portfolio type-dt_portfolio status-publish has-post-thumbnail hentry dt_portfolio_category-chocolaterie-patisserie-fine-en\" role=\"listitem\">\n\t\t\t<a class=\"elementor-post__thumbnail__link\" href=\"https:\/\/www.ocf.fr\/en\/realisation\/la-maison-du-chocolat-paris-75\/\">\n\t\t\t\t<div class=\"elementor-portfolio-item__img elementor-post__thumbnail\">\n\t\t\t<img loading=\"lazy\" decoding=\"async\" width=\"600\" height=\"450\" src=\"https:\/\/www.ocf.fr\/wp-content\/uploads\/2020\/01\/la-maison-du-chocolat-75000-paris-vitrine-refrigeree-ocf-1-600x450.jpg\" class=\"attachment-medium size-medium wp-image-3007\" alt=\"La Maison Du Chocolat - Paris (75) - Vitrine r\u00e9frig\u00e9r\u00e9e OCF\" srcset=\"https:\/\/www.ocf.fr\/wp-content\/uploads\/2020\/01\/la-maison-du-chocolat-75000-paris-vitrine-refrigeree-ocf-1-600x450.jpg 600w, https:\/\/www.ocf.fr\/wp-content\/uploads\/2020\/01\/la-maison-du-chocolat-75000-paris-vitrine-refrigeree-ocf-1-1200x900.jpg 1200w, https:\/\/www.ocf.fr\/wp-content\/uploads\/2020\/01\/la-maison-du-chocolat-75000-paris-vitrine-refrigeree-ocf-1-768x576.jpg 768w, https:\/\/www.ocf.fr\/wp-content\/uploads\/2020\/01\/la-maison-du-chocolat-75000-paris-vitrine-refrigeree-ocf-1-1536x1152.jpg 1536w, https:\/\/www.ocf.fr\/wp-content\/uploads\/2020\/01\/la-maison-du-chocolat-75000-paris-vitrine-refrigeree-ocf-1-2048x1536.jpg 2048w\" sizes=\"(max-width: 600px) 100vw, 600px\" \/>\t\t<\/div>\n\t\t\t\t<div class=\"elementor-portfolio-item__overlay\">\n\t\t\t\t<h3 class=\"elementor-portfolio-item__title\">\n\t\tLA MAISON DU CHOCOLAT &#8211; PARIS (75)\t\t<\/h3>\n\t\t\t\t<\/div>\n\t\t\t\t<\/a>\n\t\t<\/article>\n\t\t\t\t<article class=\"elementor-portfolio-item elementor-post elementor-filter-53 post-4267 dt_portfolio type-dt_portfolio status-publish has-post-thumbnail hentry dt_portfolio_category-chocolaterie-patisserie-fine-en\" role=\"listitem\">\n\t\t\t<a class=\"elementor-post__thumbnail__link\" href=\"https:\/\/www.ocf.fr\/en\/realisation\/josephine-caen-14\/\">\n\t\t\t\t<div class=\"elementor-portfolio-item__img elementor-post__thumbnail\">\n\t\t\t<img loading=\"lazy\" decoding=\"async\" width=\"450\" height=\"600\" src=\"https:\/\/www.ocf.fr\/wp-content\/uploads\/2020\/07\/josephine-14000-caen-vitrine-refrigeree-ocf-1-450x600.jpg\" class=\"attachment-medium size-medium wp-image-3656\" alt=\"\" srcset=\"https:\/\/www.ocf.fr\/wp-content\/uploads\/2020\/07\/josephine-14000-caen-vitrine-refrigeree-ocf-1-450x600.jpg 450w, https:\/\/www.ocf.fr\/wp-content\/uploads\/2020\/07\/josephine-14000-caen-vitrine-refrigeree-ocf-1-900x1200.jpg 900w, https:\/\/www.ocf.fr\/wp-content\/uploads\/2020\/07\/josephine-14000-caen-vitrine-refrigeree-ocf-1-768x1024.jpg 768w, https:\/\/www.ocf.fr\/wp-content\/uploads\/2020\/07\/josephine-14000-caen-vitrine-refrigeree-ocf-1-1152x1536.jpg 1152w, https:\/\/www.ocf.fr\/wp-content\/uploads\/2020\/07\/josephine-14000-caen-vitrine-refrigeree-ocf-1.jpg 1536w\" sizes=\"(max-width: 450px) 100vw, 450px\" \/>\t\t<\/div>\n\t\t\t\t<div class=\"elementor-portfolio-item__overlay\">\n\t\t\t\t<h3 class=\"elementor-portfolio-item__title\">\n\t\tJOS\u00c9PHINE &#8211; CAEN (14)\t\t<\/h3>\n\t\t\t\t<\/div>\n\t\t\t\t<\/a>\n\t\t<\/article>\n\t\t\t\t<article class=\"elementor-portfolio-item elementor-post elementor-filter-52 post-4270 dt_portfolio type-dt_portfolio status-publish has-post-thumbnail hentry dt_portfolio_category-bakery\" role=\"listitem\">\n\t\t\t<a class=\"elementor-post__thumbnail__link\" href=\"https:\/\/www.ocf.fr\/en\/realisation\/pupier-richmari-veauche-42\/\">\n\t\t\t\t<div class=\"elementor-portfolio-item__img elementor-post__thumbnail\">\n\t\t\t<img loading=\"lazy\" decoding=\"async\" width=\"600\" height=\"450\" src=\"https:\/\/www.ocf.fr\/wp-content\/uploads\/2020\/06\/boulangerie-patisserie-pupier-richmari-42340-veauche-vitrine-refrigeree-ocf-600x450.jpg\" class=\"attachment-medium size-medium wp-image-2523\" alt=\"Pupier Richmari - 42340 Veauche - Vitrine r\u00e9frig\u00e9r\u00e9e OCF\" srcset=\"https:\/\/www.ocf.fr\/wp-content\/uploads\/2020\/06\/boulangerie-patisserie-pupier-richmari-42340-veauche-vitrine-refrigeree-ocf-600x450.jpg 600w, https:\/\/www.ocf.fr\/wp-content\/uploads\/2020\/06\/boulangerie-patisserie-pupier-richmari-42340-veauche-vitrine-refrigeree-ocf-768x576.jpg 768w, https:\/\/www.ocf.fr\/wp-content\/uploads\/2020\/06\/boulangerie-patisserie-pupier-richmari-42340-veauche-vitrine-refrigeree-ocf.jpg 1200w\" sizes=\"(max-width: 600px) 100vw, 600px\" \/>\t\t<\/div>\n\t\t\t\t<div class=\"elementor-portfolio-item__overlay\">\n\t\t\t\t<h3 class=\"elementor-portfolio-item__title\">\n\t\tPUPIER RICHMARI &#8211; VEAUCHE (42)\t\t<\/h3>\n\t\t\t\t<\/div>\n\t\t\t\t<\/a>\n\t\t<\/article>\n\t\t\t\t<article class=\"elementor-portfolio-item elementor-post elementor-filter-54 post-4274 dt_portfolio type-dt_portfolio status-publish has-post-thumbnail hentry dt_portfolio_category-boucherie-fromagerie-traiteur-en\" role=\"listitem\">\n\t\t\t<a class=\"elementor-post__thumbnail__link\" href=\"https:\/\/www.ocf.fr\/en\/realisation\/boucherie-farque-pontarlier-25\/\">\n\t\t\t\t<div class=\"elementor-portfolio-item__img elementor-post__thumbnail\">\n\t\t\t<img loading=\"lazy\" decoding=\"async\" width=\"600\" height=\"450\" src=\"https:\/\/www.ocf.fr\/wp-content\/uploads\/2020\/05\/boucherie-farques-25300-pontarlier-vitrine-refrigeree-ocf-1-600x450.jpg\" class=\"attachment-medium size-medium wp-image-1914\" alt=\"Boucherie Farque -25300 Pontarlier - Vitrine r\u00e9frig\u00e9r\u00e9e OCF\" srcset=\"https:\/\/www.ocf.fr\/wp-content\/uploads\/2020\/05\/boucherie-farques-25300-pontarlier-vitrine-refrigeree-ocf-1-600x450.jpg 600w, https:\/\/www.ocf.fr\/wp-content\/uploads\/2020\/05\/boucherie-farques-25300-pontarlier-vitrine-refrigeree-ocf-1-1200x900.jpg 1200w, https:\/\/www.ocf.fr\/wp-content\/uploads\/2020\/05\/boucherie-farques-25300-pontarlier-vitrine-refrigeree-ocf-1-768x576.jpg 768w, https:\/\/www.ocf.fr\/wp-content\/uploads\/2020\/05\/boucherie-farques-25300-pontarlier-vitrine-refrigeree-ocf-1-1536x1152.jpg 1536w, https:\/\/www.ocf.fr\/wp-content\/uploads\/2020\/05\/boucherie-farques-25300-pontarlier-vitrine-refrigeree-ocf-1.jpg 1632w\" sizes=\"(max-width: 600px) 100vw, 600px\" \/>\t\t<\/div>\n\t\t\t\t<div class=\"elementor-portfolio-item__overlay\">\n\t\t\t\t<h3 class=\"elementor-portfolio-item__title\">\n\t\tBOUCHERIE FARQUE &#8211; PONTARLIER (25)\t\t<\/h3>\n\t\t\t\t<\/div>\n\t\t\t\t<\/a>\n\t\t<\/article>\n\t\t\t\t<\/div>\n\t\t\t\t\t\t<\/div>\n\t\t\t\t<\/div>\n\t\t\t\t<div class=\"elementor-element elementor-element-942ebd0 elementor-widget elementor-widget-spacer\" data-id=\"942ebd0\" data-element_type=\"widget\" data-e-type=\"widget\" data-widget_type=\"spacer.default\">\n\t\t\t\t<div class=\"elementor-widget-container\">\n\t\t\t\t\t\t\t<div class=\"elementor-spacer\">\n\t\t\t<div class=\"elementor-spacer-inner\"><\/div>\n\t\t<\/div>\n\t\t\t\t\t\t<\/div>\n\t\t\t\t<\/div>\n\t\t\t\t\t<\/div>\n\t\t<\/div>\n\t\t\t\t\t<\/div>\n\t\t<\/section>\n\t\t\t\t<\/div>\n\t\t","protected":false},"excerpt":{"rendered":"<p>High quality, hand-made products Located in Pontarlier, Farque is a butcher and delicatessen shop offering locally farmed beef, veal and lamb.The charcuterie is famous for its specialty: Rillettes Comtoises (awarded a gold medal in 2014).More info\u00a0 Icomoon-the7-font-the7-plus-06 Tell us about your project CONTACT US Discover other projects SEE MORE PROJECTS<\/p>\n","protected":false},"author":1,"featured_media":0,"parent":0,"menu_order":0,"comment_status":"closed","ping_status":"closed","template":"","meta":{"footnotes":""},"class_list":["post-4446","page","type-page","status-publish","hentry"],"yoast_head":"<!-- This site is optimized with the Yoast SEO plugin v27.5 - https:\/\/yoast.com\/product\/yoast-seo-wordpress\/ -->\n<title>More projects - OCF<\/title>\n<meta name=\"robots\" content=\"index, follow, max-snippet:-1, max-image-preview:large, max-video-preview:-1\" \/>\n<link rel=\"canonical\" href=\"https:\/\/www.ocf.fr\/en\/more-projects\/\" \/>\n<meta property=\"og:locale\" content=\"en_US\" \/>\n<meta property=\"og:type\" content=\"article\" \/>\n<meta property=\"og:title\" content=\"More projects - OCF\" \/>\n<meta property=\"og:url\" content=\"https:\/\/www.ocf.fr\/en\/more-projects\/\" \/>\n<meta property=\"og:site_name\" content=\"OCF\" \/>\n<meta property=\"article:modified_time\" content=\"2025-01-10T13:31:43+00:00\" \/>\n<meta name=\"twitter:card\" content=\"summary_large_image\" \/>\n<script type=\"application\/ld+json\" class=\"yoast-schema-graph\">{\"@context\":\"https:\\\/\\\/schema.org\",\"@graph\":[{\"@type\":\"WebPage\",\"@id\":\"https:\\\/\\\/www.ocf.fr\\\/en\\\/more-projects\\\/\",\"url\":\"https:\\\/\\\/www.ocf.fr\\\/en\\\/more-projects\\\/\",\"name\":\"More projects - OCF\",\"isPartOf\":{\"@id\":\"https:\\\/\\\/www.ocf.fr\\\/en\\\/#website\"},\"datePublished\":\"2020-11-10T14:30:58+00:00\",\"dateModified\":\"2025-01-10T13:31:43+00:00\",\"breadcrumb\":{\"@id\":\"https:\\\/\\\/www.ocf.fr\\\/en\\\/more-projects\\\/#breadcrumb\"},\"inLanguage\":\"en-US\",\"potentialAction\":[{\"@type\":\"ReadAction\",\"target\":[\"https:\\\/\\\/www.ocf.fr\\\/en\\\/more-projects\\\/\"]}]},{\"@type\":\"BreadcrumbList\",\"@id\":\"https:\\\/\\\/www.ocf.fr\\\/en\\\/more-projects\\\/#breadcrumb\",\"itemListElement\":[{\"@type\":\"ListItem\",\"position\":1,\"name\":\"Accueil\",\"item\":\"https:\\\/\\\/www.ocf.fr\\\/en\\\/\"},{\"@type\":\"ListItem\",\"position\":2,\"name\":\"More projects\"}]},{\"@type\":\"WebSite\",\"@id\":\"https:\\\/\\\/www.ocf.fr\\\/en\\\/#website\",\"url\":\"https:\\\/\\\/www.ocf.fr\\\/en\\\/\",\"name\":\"OCF\",\"description\":\"\",\"publisher\":{\"@id\":\"https:\\\/\\\/www.ocf.fr\\\/en\\\/#organization\"},\"potentialAction\":[{\"@type\":\"SearchAction\",\"target\":{\"@type\":\"EntryPoint\",\"urlTemplate\":\"https:\\\/\\\/www.ocf.fr\\\/en\\\/?s={search_term_string}\"},\"query-input\":{\"@type\":\"PropertyValueSpecification\",\"valueRequired\":true,\"valueName\":\"search_term_string\"}}],\"inLanguage\":\"en-US\"},{\"@type\":\"Organization\",\"@id\":\"https:\\\/\\\/www.ocf.fr\\\/en\\\/#organization\",\"name\":\"OCF\",\"url\":\"https:\\\/\\\/www.ocf.fr\\\/en\\\/\",\"logo\":{\"@type\":\"ImageObject\",\"inLanguage\":\"en-US\",\"@id\":\"https:\\\/\\\/www.ocf.fr\\\/en\\\/#\\\/schema\\\/logo\\\/image\\\/\",\"url\":\"https:\\\/\\\/www.ocf.fr\\\/wp-content\\\/uploads\\\/2020\\\/03\\\/logo_header_footer.png\",\"contentUrl\":\"https:\\\/\\\/www.ocf.fr\\\/wp-content\\\/uploads\\\/2020\\\/03\\\/logo_header_footer.png\",\"width\":247,\"height\":74,\"caption\":\"OCF\"},\"image\":{\"@id\":\"https:\\\/\\\/www.ocf.fr\\\/en\\\/#\\\/schema\\\/logo\\\/image\\\/\"}}]}<\/script>\n<!-- \/ Yoast SEO plugin. -->","yoast_head_json":{"title":"More projects - OCF","robots":{"index":"index","follow":"follow","max-snippet":"max-snippet:-1","max-image-preview":"max-image-preview:large","max-video-preview":"max-video-preview:-1"},"canonical":"https:\/\/www.ocf.fr\/en\/more-projects\/","og_locale":"en_US","og_type":"article","og_title":"More projects - OCF","og_url":"https:\/\/www.ocf.fr\/en\/more-projects\/","og_site_name":"OCF","article_modified_time":"2025-01-10T13:31:43+00:00","twitter_card":"summary_large_image","schema":{"@context":"https:\/\/schema.org","@graph":[{"@type":"WebPage","@id":"https:\/\/www.ocf.fr\/en\/more-projects\/","url":"https:\/\/www.ocf.fr\/en\/more-projects\/","name":"More projects - OCF","isPartOf":{"@id":"https:\/\/www.ocf.fr\/en\/#website"},"datePublished":"2020-11-10T14:30:58+00:00","dateModified":"2025-01-10T13:31:43+00:00","breadcrumb":{"@id":"https:\/\/www.ocf.fr\/en\/more-projects\/#breadcrumb"},"inLanguage":"en-US","potentialAction":[{"@type":"ReadAction","target":["https:\/\/www.ocf.fr\/en\/more-projects\/"]}]},{"@type":"BreadcrumbList","@id":"https:\/\/www.ocf.fr\/en\/more-projects\/#breadcrumb","itemListElement":[{"@type":"ListItem","position":1,"name":"Accueil","item":"https:\/\/www.ocf.fr\/en\/"},{"@type":"ListItem","position":2,"name":"More projects"}]},{"@type":"WebSite","@id":"https:\/\/www.ocf.fr\/en\/#website","url":"https:\/\/www.ocf.fr\/en\/","name":"OCF","description":"","publisher":{"@id":"https:\/\/www.ocf.fr\/en\/#organization"},"potentialAction":[{"@type":"SearchAction","target":{"@type":"EntryPoint","urlTemplate":"https:\/\/www.ocf.fr\/en\/?s={search_term_string}"},"query-input":{"@type":"PropertyValueSpecification","valueRequired":true,"valueName":"search_term_string"}}],"inLanguage":"en-US"},{"@type":"Organization","@id":"https:\/\/www.ocf.fr\/en\/#organization","name":"OCF","url":"https:\/\/www.ocf.fr\/en\/","logo":{"@type":"ImageObject","inLanguage":"en-US","@id":"https:\/\/www.ocf.fr\/en\/#\/schema\/logo\/image\/","url":"https:\/\/www.ocf.fr\/wp-content\/uploads\/2020\/03\/logo_header_footer.png","contentUrl":"https:\/\/www.ocf.fr\/wp-content\/uploads\/2020\/03\/logo_header_footer.png","width":247,"height":74,"caption":"OCF"},"image":{"@id":"https:\/\/www.ocf.fr\/en\/#\/schema\/logo\/image\/"}}]}},"_links":{"self":[{"href":"https:\/\/www.ocf.fr\/en\/wp-json\/wp\/v2\/pages\/4446","targetHints":{"allow":["GET"]}}],"collection":[{"href":"https:\/\/www.ocf.fr\/en\/wp-json\/wp\/v2\/pages"}],"about":[{"href":"https:\/\/www.ocf.fr\/en\/wp-json\/wp\/v2\/types\/page"}],"author":[{"embeddable":true,"href":"https:\/\/www.ocf.fr\/en\/wp-json\/wp\/v2\/users\/1"}],"replies":[{"embeddable":true,"href":"https:\/\/www.ocf.fr\/en\/wp-json\/wp\/v2\/comments?post=4446"}],"version-history":[{"count":2,"href":"https:\/\/www.ocf.fr\/en\/wp-json\/wp\/v2\/pages\/4446\/revisions"}],"predecessor-version":[{"id":4449,"href":"https:\/\/www.ocf.fr\/en\/wp-json\/wp\/v2\/pages\/4446\/revisions\/4449"}],"wp:attachment":[{"href":"https:\/\/www.ocf.fr\/en\/wp-json\/wp\/v2\/media?parent=4446"}],"curies":[{"name":"wp","href":"https:\/\/api.w.org\/{rel}","templated":true}]}}